{"id":2463,"date":"2017-06-05T14:55:34","date_gmt":"2017-06-05T13:55:34","guid":{"rendered":"https:\/\/monzon.salesianos.edu\/tiempolibre\/?page_id=2463"},"modified":"2018-01-19T10:09:04","modified_gmt":"2018-01-19T09:09:04","slug":"historia","status":"publish","type":"page","link":"https:\/\/monzon.salesianos.edu\/tiempolibre\/historia\/","title":{"rendered":"Historia"},"content":{"rendered":"<div id=\"fb-root\"><\/div>\n<p>[et_pb_section fb_built=\u00bb1&#8243; fullwidth=\u00bbon\u00bb _builder_version=\u00bb3.0.47&#8243;][et_pb_fullwidth_header title=\u00bbNuestra historia\u00bb title_font_color=\u00bb#ffffff\u00bb module_class=\u00bbpagina-imagen-cabecera\u00bb _builder_version=\u00bb3.0.76&#8243; title_font_size=\u00bb40px\u00bb title_text_color=\u00bb#ffffff\u00bb background_image=\u00bbhttps:\/\/inspectoria.salesianos.edu\/wp-content\/uploads\/2017\/09\/ImagenPAGINA.jpg\u00bb background_size=\u00bbinitial\u00bb background_position=\u00bbtop_left\u00bb background_repeat=\u00bbrepeat\u00bb max_width_tablet=\u00bb50px\u00bb background_url=\u00bbhttps:\/\/alicante.salesianos.edu\/colegio\/wp-content\/uploads\/sites\/2\/2017\/04\/Archivo_008.jpeg\u00bb][\/et_pb_fullwidth_header][\/et_pb_section][et_pb_section fb_built=\u00bb1&#8243; background_color=\u00bb#f7f7f7&#8243; module_class=\u00bbpagina-seccion-contenido\u00bb _builder_version=\u00bb3.0.69&#8243; custom_padding=\u00bb0px|0px|54px|0px\u00bb][et_pb_row custom_padding=\u00bb25px|||\u00bb custom_margin=\u00bb25px|||\u00bb parallax_method_1=\u00bboff\u00bb module_class=\u00bbpagina-texto\u00bb _builder_version=\u00bb3.0.69&#8243; background_size=\u00bbinitial\u00bb background_position=\u00bbtop_left\u00bb background_repeat=\u00bbrepeat\u00bb][et_pb_column type=\u00bb4_4&#8243; _builder_version=\u00bb3.0.47&#8243; parallax=\u00bboff\u00bb parallax_method=\u00bboff\u00bb][et_pb_text _builder_version=\u00bb3.0.69&#8243; background_size=\u00bbinitial\u00bb background_position=\u00bbtop_left\u00bb background_repeat=\u00bbrepeat\u00bb]<\/p>\n<h1>M\u00e1s de 100 a\u00f1os de historia<\/h1>\n<p>[\/et_pb_text][et_pb_text _builder_version=\u00bb3.0.94&#8243;]<\/p>\n<p style=\"text-align: justify;\">Cuando en los a\u00f1os 50 Monz\u00f3n empieza su proceso de industrializaci\u00f3n, algunas empresas se instalan en la ciudad. Entre ellas va a destacar por su volumen Hidro-Nitro Espa\u00f1ola, fundada por D. Jos\u00e9 Mar\u00eda Pe\u00f1aranda y Barea. Esta sociedad, adem\u00e1s de montar su f\u00e1brica, va a construir viviendas para sus trabajadores \u2013casi todos venidos de fuera-, y una escuela de ense\u00f1anza elemental y de formaci\u00f3n profesional para los hijos de los obreros, que se abrir\u00e1 al resto de la localidad. Para dirigir esta escuela, el se\u00f1or Pe\u00f1aranda llama a los salesianos, congregaci\u00f3n religiosa dedicada a la educaci\u00f3n y con mucha experiencia en la formaci\u00f3n profesional. \u00c9stos llegan a Monz\u00f3n en 1952, e inmediatamente abrir\u00e1n y gestionar\u00e1n lo que hoy conocemos como Colegio Santo Domingo Savio o simplemente\u00a0 \u201csalesianos\u201d.<\/p>\n<p style=\"text-align: justify;\">Comienza con ense\u00f1anza elemental y cursos de formaci\u00f3n profesional. En 1957 es reconocida como Escuela de Oficial\u00eda Mec\u00e1nica y posteriormente El\u00e9ctrica. Con ello, fue la primera escuela de la provincia de Huesca que imparti\u00f3 Formaci\u00f3n Profesional. Tambi\u00e9n ha habido ense\u00f1anzas de Bachillerato Elemental y de\u00a0 EGB.<\/p>\n<p style=\"text-align: justify;\">En 1973, la titularidad y propiedad de la escuela pasan definitivamente a la congregaci\u00f3n salesiana, si bien, manteniendo una especial relaci\u00f3n con Hidro-Nitro Espa\u00f1ola S.A.<\/p>\n<p style=\"text-align: justify;\">A partir del curso 93-94 van desapareciendo las unidades de Primaria, de las que se ocupar\u00e1 el colegio Santa Ana, en virtud de un convenio por el cual salesianos se ocupar\u00e1 de la secundaria y Santa Ana ser\u00e1 un centro adscrito. Tambi\u00e9n ser\u00e1 centro adscrito el Colegio Minte.<\/p>\n<p style=\"text-align: justify;\">En la actualidad, hay aproximadamente 600 alumnos, repartidos en ESO, Bachillerato, Grados Medios de las ramas Administrativa, El\u00e9ctrica y Mec\u00e1nica, Grados Superiores de las dos primeras y un Programa de Iniciaci\u00f3n Profesional de soldadura.<\/p>\n<p style=\"text-align: justify;\">La escuela intenta permanecer atenta a la innovaci\u00f3n pedag\u00f3gica que\u00a0 nuestra sociedad requiere, y, as\u00ed participa en diversos programas europeos: intercambios, ayudantes ling\u00fc\u00edsticos,\u00a0 portfolio europeo de las lenguas \u2026 , en otros promovidos por nuestro gobierno auton\u00f3mico: Plan de Convivencia, Desarrollo Sostenible y Escuela: Agenda 21 Escolar en Arag\u00f3n, eTwining (nuevas tecnolog\u00edas) y en otros que organiza la Comarca con fondos estatales: apr\u00e9ndeme (refuerzo escolar y ling\u00fc\u00edstico para reci\u00e9n llegados) o europeos: Leonardo (estancias de alumnos durante 3 semanas en otros pa\u00edses para reforzar el ingl\u00e9s).<\/p>\n<p style=\"text-align: justify;\">Menci\u00f3n aparte merece el teatro, que mueve en la comunidad educativa a m\u00e1s de 50 personas de los distintos sectores (alumnos, profesores, padres, personal de administraci\u00f3n y servicios) y que sale del centro a representar con frecuencia.<\/p>\n<p style=\"text-align: justify;\">El colegio est\u00e1 trabajando tambi\u00e9n, con otros colegios salesianos, para la obtenci\u00f3n de la Certificaci\u00f3n de Calidad, lo cual nos ayuda a entrar en una din\u00e1mica de mejora continuada.<\/p>\n<p style=\"text-align: justify;\">En el recinto escolar hay una iglesia p\u00fablica con misa dominical y algunas otras celebraciones religiosas m\u00e1s puntuales.<br \/>\nComo puede observarse hay muchas cosas nuevas, pero en l\u00ednea de continuidad con los a\u00f1os 50, sigue habiendo un grupo de personas que cree profundamente en lo importante de la educaci\u00f3n y en el acompa\u00f1amiento de todos los chicos y chicas que vienen a la escuela en su proceso de maduraci\u00f3n, de formaci\u00f3n y de autonom\u00eda.<\/p>\n<p style=\"text-align: justify;\">Decir, por \u00faltimo, que la escuela est\u00e1 abierta a todos, teniendo como peculiaridad que es una escuela fundamentada en valores cristianos y en la tradici\u00f3n salesiana de San Juan Bosco. Esto da cohesi\u00f3n a nuestro proyecto educativo y nos hace avanzar en el servicio a los adolescentes y j\u00f3venes de nuestra ciudad.<\/p>\n<p>[\/et_pb_text][\/et_pb_column][\/et_pb_row][et_pb_row _builder_version=\u00bb3.0.69&#8243; background_size=\u00bbinitial\u00bb background_position=\u00bbtop_left\u00bb background_repeat=\u00bbrepeat\u00bb][et_pb_column type=\u00bb1_4&#8243; _builder_version=\u00bb3.0.47&#8243; parallax=\u00bboff\u00bb parallax_method=\u00bbon\u00bb][et_pb_blurb use_icon=\u00bbon\u00bb font_icon=\u00bb%%129%%\u00bb use_icon_font_size=\u00bbon\u00bb icon_font_size=\u00bb120px\u00bb disabled_on=\u00bbon|on|off\u00bb _builder_version=\u00bb3.0.76&#8243;][\/et_pb_blurb][\/et_pb_column][et_pb_column type=\u00bb3_4&#8243; _builder_version=\u00bb3.0.47&#8243; parallax=\u00bboff\u00bb parallax_method=\u00bbon\u00bb][et_pb_video_slider show_thumbnails=\u00bboff\u00bb controls_color=\u00bblight\u00bb _builder_version=\u00bb3.0.94&#8243;][et_pb_video_slider_item src=\u00bbhttps:\/\/www.youtube.com\/watch?v=hr5H9ZUIFzc\u00bb image_src=\u00bb\/\/i.ytimg.com\/vi\/UU8-f4rSQ5s\/hqdefault.jpg\u00bb _builder_version=\u00bb3.0.94&#8243; show_image_overlay=\u00bboff\u00bb][\/et_pb_video_slider_item][\/et_pb_video_slider][\/et_pb_column][\/et_pb_row][et_pb_row _builder_version=\u00bb3.0.69&#8243; background_size=\u00bbinitial\u00bb background_position=\u00bbtop_left\u00bb background_repeat=\u00bbrepeat\u00bb][et_pb_column type=\u00bb2_3&#8243; _builder_version=\u00bb3.0.47&#8243; parallax=\u00bboff\u00bb parallax_method=\u00bbon\u00bb][et_pb_gallery gallery_ids=\u00bb3200,3201,3203,3204,3205,3206,3207,3208,3209&#8243; gallery_orderby=\u00bbrand\u00bb gallery_captions=\u00bb,,,,,,,,\u00bb fullwidth=\u00bbon\u00bb background_layout=\u00bbdark\u00bb hover_icon=\u00bb%%51%%\u00bb _builder_version=\u00bb3.0.69&#8243; title_font_size=\u00bb7px\u00bb auto=\u00bbon\u00bb][\/et_pb_gallery][\/et_pb_column][et_pb_column type=\u00bb1_3&#8243; _builder_version=\u00bb3.0.47&#8243; parallax=\u00bboff\u00bb parallax_method=\u00bbon\u00bb][et_pb_blurb use_icon=\u00bbon\u00bb font_icon=\u00bb%%100%%\u00bb use_icon_font_size=\u00bbon\u00bb icon_font_size=\u00bb120px\u00bb disabled_on=\u00bbon|on|off\u00bb _builder_version=\u00bb3.0.76&#8243;][\/et_pb_blurb][\/et_pb_column][\/et_pb_row][et_pb_row custom_padding=\u00bb0px|0px|23.96875px|0px\u00bb custom_margin=\u00bb0px|||\u00bb admin_label=\u00bbPREGUNTAS FRECUNTES\u00bb _builder_version=\u00bb3.0.64&#8243;][et_pb_column type=\u00bb4_4&#8243; _builder_version=\u00bb3.0.47&#8243; parallax=\u00bboff\u00bb parallax_method=\u00bbon\u00bb][et_pb_text background_layout=\u00bbdark\u00bb _builder_version=\u00bb3.0.76&#8243; text_font=\u00bb||||\u00bb text_font_size=\u00bb21px\u00bb text_line_height=\u00bb1em\u00bb header_font=\u00bb||||\u00bb header_font_size=\u00bb44px\u00bb background_color=\u00bb#e02b20&#8243; custom_margin=\u00bb25px|||\u00bb custom_padding=\u00bb20px||10px|\u00bb]<\/p>\n<h2>\u00a0 \u00a0 CRONOLOG\u00cdA<\/h2>\n<p>[\/et_pb_text][et_pb_accordion _builder_version=\u00bb3.0.76&#8243; toggle_font=\u00bbLato Light||||\u00bb toggle_font_size=\u00bb30px\u00bb toggle_text_color=\u00bb#dc001b\u00bb border_width_all=\u00bb0px\u00bb border_color_all=\u00bb#e5e5e5&#8243; border_style_all=\u00bbsolid\u00bb use_border_color=\u00bbon\u00bb border_color=\u00bb#e5e5e5&#8243; border_width=\u00bb0px\u00bb border_style=\u00bbsolid\u00bb][et_pb_accordion_item title=\u00bb1952 &#8211; 1975&#8243; open=\u00bboff\u00bb _builder_version=\u00bb3.0.76&#8243; title_text_shadow_horizontal_length=\u00bb0em\u00bb title_text_shadow_vertical_length=\u00bb0em\u00bb title_text_shadow_blur_strength=\u00bb0em\u00bb body_text_shadow_horizontal_length=\u00bb0em\u00bb body_text_shadow_vertical_length=\u00bb0em\u00bb body_text_shadow_blur_strength=\u00bb0em\u00bb]Lorem ipsum dolor sit amet, consectetur adipiscing elit. Quisque ut aliquam nunc. Pellentesque ut metus sem. Sed ut tincidunt nibh, blandit maximus lectus. Proin varius justo quis felis mollis, nec porta orci tristique. Curabitur pharetra condimentum finibus. Quisque venenatis efficitur enim. Integer sapien augue, pulvinar nec dignissim faucibus, dictum non massa. Aenean sodales nunc ex, eu fermentum tortor consequat at. Donec vel erat vel diam laoreet tempor ut ut sem. Proin imperdiet volutpat orci in suscipit. In hac habitasse platea dictumst. In quis ipsum nec ligula dictum fermentum. Donec eleifend sem eu porta blandit.<br \/>\n[\/et_pb_accordion_item][et_pb_accordion_item title=\u00bb1976 &#8211; 1988&#8243; _builder_version=\u00bb3.0.76&#8243; title_text_shadow_horizontal_length=\u00bb0em\u00bb title_text_shadow_vertical_length=\u00bb0em\u00bb title_text_shadow_blur_strength=\u00bb0em\u00bb body_text_shadow_horizontal_length=\u00bb0em\u00bb body_text_shadow_vertical_length=\u00bb0em\u00bb body_text_shadow_blur_strength=\u00bb0em\u00bb open=\u00bboff\u00bb]Lorem ipsum dolor sit amet, consectetur adipiscing elit. Quisque ut aliquam nunc. Pellentesque ut metus sem. Sed ut tincidunt nibh, blandit maximus lectus. Proin varius justo quis felis mollis, nec porta orci tristique. Curabitur pharetra condimentum finibus. Quisque venenatis efficitur enim. Integer sapien augue, pulvinar nec dignissim faucibus, dictum non massa. Aenean sodales nunc ex, eu fermentum tortor consequat at. Donec vel erat vel diam laoreet tempor ut ut sem. Proin imperdiet volutpat orci in suscipit. In hac habitasse platea dictumst. In quis ipsum nec ligula dictum fermentum. Donec eleifend sem eu porta blandit.<br \/>\n[\/et_pb_accordion_item][et_pb_accordion_item title=\u00bb1989 &#8211; Actualidad\u00bb _builder_version=\u00bb3.0.76&#8243; title_text_shadow_horizontal_length=\u00bb0em\u00bb title_text_shadow_vertical_length=\u00bb0em\u00bb title_text_shadow_blur_strength=\u00bb0em\u00bb body_text_shadow_horizontal_length=\u00bb0em\u00bb body_text_shadow_vertical_length=\u00bb0em\u00bb body_text_shadow_blur_strength=\u00bb0em\u00bb open=\u00bbon\u00bb]Lorem ipsum dolor sit amet, consectetur adipiscing elit. Quisque ut aliquam nunc. Pellentesque ut metus sem. Sed ut tincidunt nibh, blandit maximus lectus. Proin varius justo quis felis mollis, nec porta orci tristique. Curabitur pharetra condimentum finibus. Quisque venenatis efficitur enim. Integer sapien augue, pulvinar nec dignissim faucibus, dictum non massa. Aenean sodales nunc ex, eu fermentum tortor consequat at. Donec vel erat vel diam laoreet tempor ut ut sem. Proin imperdiet volutpat orci in suscipit. In hac habitasse platea dictumst. In quis ipsum nec ligula dictum fermentum. Donec eleifend sem eu porta blandit.<br \/>\n[\/et_pb_accordion_item][\/et_pb_accordion][\/et_pb_column][\/et_pb_row][\/et_pb_section]<\/p>\n","protected":false},"excerpt":{"rendered":"<p>M\u00e1s de 100 a\u00f1os de historia Cuando en los a\u00f1os 50 Monz\u00f3n empieza su proceso de industrializaci\u00f3n, algunas empresas se instalan en la ciudad. Entre ellas va a destacar por su volumen Hidro-Nitro Espa\u00f1ola, fundada por D. Jos\u00e9 Mar\u00eda Pe\u00f1aranda y Barea. Esta sociedad, adem\u00e1s de montar su f\u00e1brica, va a construir viviendas para sus [&hellip;]<\/p>\n","protected":false},"author":3,"featured_media":0,"parent":0,"menu_order":0,"comment_status":"closed","ping_status":"closed","template":"","meta":{"_et_pb_use_builder":"on","_et_pb_old_content":"","_et_gb_content_width":"","footnotes":""},"class_list":["post-2463","page","type-page","status-publish","hentry"],"yoast_head":"<!-- This site is optimized with the Yoast SEO plugin v28.4 - https:\/\/yoast.com\/product\/yoast-seo-wordpress\/ -->\n<title>Historia - Tiempo Libre<\/title>\n<meta name=\"robots\" content=\"index, follow, max-snippet:-1, max-image-preview:large, max-video-preview:-1\" \/>\n<link rel=\"canonical\" href=\"https:\/\/monzon.salesianos.edu\/tiempolibre\/historia\/\" \/>\n<meta property=\"og:locale\" content=\"es_ES\" \/>\n<meta property=\"og:type\" content=\"article\" \/>\n<meta property=\"og:title\" content=\"Historia - Tiempo Libre\" \/>\n<meta property=\"og:description\" content=\"M\u00e1s de 100 a\u00f1os de historia Cuando en los a\u00f1os 50 Monz\u00f3n empieza su proceso de industrializaci\u00f3n, algunas empresas se instalan en la ciudad. Entre ellas va a destacar por su volumen Hidro-Nitro Espa\u00f1ola, fundada por D. Jos\u00e9 Mar\u00eda Pe\u00f1aranda y Barea. Esta sociedad, adem\u00e1s de montar su f\u00e1brica, va a construir viviendas para sus [&hellip;]\" \/>\n<meta property=\"og:url\" content=\"https:\/\/monzon.salesianos.edu\/tiempolibre\/historia\/\" \/>\n<meta property=\"og:site_name\" content=\"Tiempo Libre\" \/>\n<meta property=\"article:modified_time\" content=\"2018-01-19T09:09:04+00:00\" \/>\n<meta name=\"twitter:card\" content=\"summary_large_image\" \/>\n<meta name=\"twitter:label1\" content=\"Tiempo de lectura\" \/>\n\t<meta name=\"twitter:data1\" content=\"8 minutos\" \/>\n<script type=\"application\/ld+json\" class=\"yoast-schema-graph\">{\"@context\":\"https:\\\/\\\/schema.org\",\"@graph\":[{\"@type\":\"WebPage\",\"@id\":\"https:\\\/\\\/monzon.salesianos.edu\\\/tiempolibre\\\/historia\\\/\",\"url\":\"https:\\\/\\\/monzon.salesianos.edu\\\/tiempolibre\\\/historia\\\/\",\"name\":\"Historia - Tiempo Libre\",\"isPartOf\":{\"@id\":\"https:\\\/\\\/monzon.salesianos.edu\\\/tiempolibre\\\/#website\"},\"datePublished\":\"2017-06-05T13:55:34+00:00\",\"dateModified\":\"2018-01-19T09:09:04+00:00\",\"breadcrumb\":{\"@id\":\"https:\\\/\\\/monzon.salesianos.edu\\\/tiempolibre\\\/historia\\\/#breadcrumb\"},\"inLanguage\":\"es\",\"potentialAction\":[{\"@type\":\"ReadAction\",\"target\":[\"https:\\\/\\\/monzon.salesianos.edu\\\/tiempolibre\\\/historia\\\/\"]}]},{\"@type\":\"BreadcrumbList\",\"@id\":\"https:\\\/\\\/monzon.salesianos.edu\\\/tiempolibre\\\/historia\\\/#breadcrumb\",\"itemListElement\":[{\"@type\":\"ListItem\",\"position\":1,\"name\":\"Portada\",\"item\":\"https:\\\/\\\/monzon.salesianos.edu\\\/tiempolibre\\\/\"},{\"@type\":\"ListItem\",\"position\":2,\"name\":\"Historia\"}]},{\"@type\":\"WebSite\",\"@id\":\"https:\\\/\\\/monzon.salesianos.edu\\\/tiempolibre\\\/#website\",\"url\":\"https:\\\/\\\/monzon.salesianos.edu\\\/tiempolibre\\\/\",\"name\":\"Tiempo Libre\",\"description\":\"P\u00e1gina oficial Salesianos Monz\u00f3n\",\"potentialAction\":[{\"@type\":\"SearchAction\",\"target\":{\"@type\":\"EntryPoint\",\"urlTemplate\":\"https:\\\/\\\/monzon.salesianos.edu\\\/tiempolibre\\\/?s={search_term_string}\"},\"query-input\":{\"@type\":\"PropertyValueSpecification\",\"valueRequired\":true,\"valueName\":\"search_term_string\"}}],\"inLanguage\":\"es\"}]}<\/script>\n<!-- \/ Yoast SEO plugin. -->","yoast_head_json":{"title":"Historia - Tiempo Libre","robots":{"index":"index","follow":"follow","max-snippet":"max-snippet:-1","max-image-preview":"max-image-preview:large","max-video-preview":"max-video-preview:-1"},"canonical":"https:\/\/monzon.salesianos.edu\/tiempolibre\/historia\/","og_locale":"es_ES","og_type":"article","og_title":"Historia - Tiempo Libre","og_description":"M\u00e1s de 100 a\u00f1os de historia Cuando en los a\u00f1os 50 Monz\u00f3n empieza su proceso de industrializaci\u00f3n, algunas empresas se instalan en la ciudad. Entre ellas va a destacar por su volumen Hidro-Nitro Espa\u00f1ola, fundada por D. Jos\u00e9 Mar\u00eda Pe\u00f1aranda y Barea. Esta sociedad, adem\u00e1s de montar su f\u00e1brica, va a construir viviendas para sus [&hellip;]","og_url":"https:\/\/monzon.salesianos.edu\/tiempolibre\/historia\/","og_site_name":"Tiempo Libre","article_modified_time":"2018-01-19T09:09:04+00:00","twitter_card":"summary_large_image","twitter_misc":{"Tiempo de lectura":"8 minutos"},"schema":{"@context":"https:\/\/schema.org","@graph":[{"@type":"WebPage","@id":"https:\/\/monzon.salesianos.edu\/tiempolibre\/historia\/","url":"https:\/\/monzon.salesianos.edu\/tiempolibre\/historia\/","name":"Historia - Tiempo Libre","isPartOf":{"@id":"https:\/\/monzon.salesianos.edu\/tiempolibre\/#website"},"datePublished":"2017-06-05T13:55:34+00:00","dateModified":"2018-01-19T09:09:04+00:00","breadcrumb":{"@id":"https:\/\/monzon.salesianos.edu\/tiempolibre\/historia\/#breadcrumb"},"inLanguage":"es","potentialAction":[{"@type":"ReadAction","target":["https:\/\/monzon.salesianos.edu\/tiempolibre\/historia\/"]}]},{"@type":"BreadcrumbList","@id":"https:\/\/monzon.salesianos.edu\/tiempolibre\/historia\/#breadcrumb","itemListElement":[{"@type":"ListItem","position":1,"name":"Portada","item":"https:\/\/monzon.salesianos.edu\/tiempolibre\/"},{"@type":"ListItem","position":2,"name":"Historia"}]},{"@type":"WebSite","@id":"https:\/\/monzon.salesianos.edu\/tiempolibre\/#website","url":"https:\/\/monzon.salesianos.edu\/tiempolibre\/","name":"Tiempo Libre","description":"P\u00e1gina oficial Salesianos Monz\u00f3n","potentialAction":[{"@type":"SearchAction","target":{"@type":"EntryPoint","urlTemplate":"https:\/\/monzon.salesianos.edu\/tiempolibre\/?s={search_term_string}"},"query-input":{"@type":"PropertyValueSpecification","valueRequired":true,"valueName":"search_term_string"}}],"inLanguage":"es"}]}},"_links":{"self":[{"href":"https:\/\/monzon.salesianos.edu\/tiempolibre\/wp-json\/wp\/v2\/pages\/2463","targetHints":{"allow":["GET"]}}],"collection":[{"href":"https:\/\/monzon.salesianos.edu\/tiempolibre\/wp-json\/wp\/v2\/pages"}],"about":[{"href":"https:\/\/monzon.salesianos.edu\/tiempolibre\/wp-json\/wp\/v2\/types\/page"}],"author":[{"embeddable":true,"href":"https:\/\/monzon.salesianos.edu\/tiempolibre\/wp-json\/wp\/v2\/users\/3"}],"replies":[{"embeddable":true,"href":"https:\/\/monzon.salesianos.edu\/tiempolibre\/wp-json\/wp\/v2\/comments?post=2463"}],"version-history":[{"count":6,"href":"https:\/\/monzon.salesianos.edu\/tiempolibre\/wp-json\/wp\/v2\/pages\/2463\/revisions"}],"predecessor-version":[{"id":4051,"href":"https:\/\/monzon.salesianos.edu\/tiempolibre\/wp-json\/wp\/v2\/pages\/2463\/revisions\/4051"}],"wp:attachment":[{"href":"https:\/\/monzon.salesianos.edu\/tiempolibre\/wp-json\/wp\/v2\/media?parent=2463"}],"curies":[{"name":"wp","href":"https:\/\/api.w.org\/{rel}","templated":true}]}}