{"id":4182,"date":"2018-02-21T19:41:40","date_gmt":"2018-02-21T18:41:40","guid":{"rendered":"https:\/\/monzon.salesianos.edu\/familia-salesiana\/?page_id=4182"},"modified":"2025-03-19T16:34:26","modified_gmt":"2025-03-19T15:34:26","slug":"aadb","status":"publish","type":"page","link":"https:\/\/monzon.salesianos.edu\/familia-salesiana\/aadb\/","title":{"rendered":"Antiguos Alumnos de Don Bosco"},"content":{"rendered":"<div id=\"fb-root\"><\/div>\n<p>[et_pb_section fb_built=\u00bb1&#8243; fullwidth=\u00bbon\u00bb _builder_version=\u00bb4.16&#8243; global_colors_info=\u00bb{}\u00bb][et_pb_fullwidth_header title=\u00bbAntiguos Alumnos de Don Bosco\u00bb module_class=\u00bbpagina-imagen-cabecera\u00bb _builder_version=\u00bb4.27.2&#8243; title_font=\u00bb||||||||\u00bb title_text_align=\u00bbright\u00bb title_text_color=\u00bb#ffffff\u00bb title_font_size=\u00bb40px\u00bb background_color=\u00bbrgba(255, 255, 255, 0)\u00bb background_image=\u00bbhttps:\/\/monzon.salesianos.edu\/familia-salesiana\/wp-content\/uploads\/sites\/5\/2024\/09\/BANNER-3.jpg\u00bb background_layout=\u00bblight\u00bb max_width_tablet=\u00bb50px\u00bb global_colors_info=\u00bb{}\u00bb button_one_text_size__hover_enabled=\u00bboff\u00bb button_two_text_size__hover_enabled=\u00bboff\u00bb button_one_text_color__hover_enabled=\u00bboff\u00bb button_two_text_color__hover_enabled=\u00bboff\u00bb button_one_border_width__hover_enabled=\u00bboff\u00bb button_two_border_width__hover_enabled=\u00bboff\u00bb button_one_border_color__hover_enabled=\u00bboff\u00bb button_two_border_color__hover_enabled=\u00bboff\u00bb button_one_border_radius__hover_enabled=\u00bboff\u00bb button_two_border_radius__hover_enabled=\u00bboff\u00bb button_one_letter_spacing__hover_enabled=\u00bboff\u00bb button_two_letter_spacing__hover_enabled=\u00bboff\u00bb button_one_bg_color__hover_enabled=\u00bboff\u00bb button_two_bg_color__hover_enabled=\u00bboff\u00bb][\/et_pb_fullwidth_header][\/et_pb_section][et_pb_section fb_built=\u00bb1&#8243; module_class=\u00bbpagina-seccion-contenido\u00bb _builder_version=\u00bb4.16&#8243; custom_padding=\u00bb-4%|||\u00bb global_colors_info=\u00bb{}\u00bb][et_pb_row column_structure=\u00bb2_3,1_3&#8243; module_class=\u00bbpagina-texto\u00bb _builder_version=\u00bb4.16&#8243; background_size=\u00bbinitial\u00bb background_position=\u00bbtop_left\u00bb background_repeat=\u00bbrepeat\u00bb custom_margin=\u00bb25px|||\u00bb custom_padding=\u00bb25px|||\u00bb global_colors_info=\u00bb{}\u00bb][et_pb_column type=\u00bb2_3&#8243; _builder_version=\u00bb4.16&#8243; custom_padding=\u00bb|||\u00bb global_colors_info=\u00bb{}\u00bb custom_padding__hover=\u00bb|||\u00bb][et_pb_text _builder_version=\u00bb4.16&#8243; background_size=\u00bbinitial\u00bb background_position=\u00bbtop_left\u00bb background_repeat=\u00bbrepeat\u00bb global_colors_info=\u00bb{}\u00bb]<\/p>\n<h1>\u00bfQui\u00e9nes formamos ?<\/h1>\n<p>[\/et_pb_text][et_pb_text _builder_version=\u00bb4.16&#8243; custom_margin=\u00bb||20px|||\u00bb border_style=\u00bbsolid\u00bb global_colors_info=\u00bb{}\u00bb]<\/p>\n<p style=\"text-align: justify\">Los j\u00f3venes, tanto chicos como chicas, que han estado en una casa salesiana, por el hecho mismo de haber frecuentado sus aulas, haber jugado en sus patios, haber compartido la din\u00e1mica de sus centros juveniles, haber tomado parte en sus actividades parroquiales o en alg\u00fan otro de sus ambientes y de haberse educado con el sistema preventivo de Don Bosco, pueden considerarse antiguos alumnos salesianos.<\/p>\n<p style=\"text-align: justify\">Y si adem\u00e1s expresan libremente, en una solicitud de admisi\u00f3n, el deseo de pertenecer a una Asociaci\u00f3n de Antiguos Alumnos de Don Bosco (AA.AA.D.B.), el joven y la joven formados en alguna de las Obras educativo-pastorales animadas por los Salesianos, pasan a ser Antiguos Alumnos de Don Bosco, integrados, en nuestro caso, en la Confederaci\u00f3n Nacional Espa\u00f1ola de AA.AA.D.B.<\/p>\n<p style=\"text-align: justify\">Seg\u00fan esto, son Antiguos Alumnos y Antiguas Alumnas de Don Bosco quienes habiendo estado en una casa salesiana, o proviniendo del ambiente \u201cAmigos de Don Bosco\u201d.<\/p>\n<div class=\"contenido_interior\">\n<ul>\n<li style=\"text-align: justify\">Son sensibles a la educaci\u00f3n impartida con el sistema preventivo de Don Bosco.<\/li>\n<li style=\"text-align: justify\">Se sienten vinculados a Don Bosco por la gratitud, el afecto filial y el aprecio a los valores de la educaci\u00f3n salesiana.<\/li>\n<li style=\"text-align: justify\">Est\u00e1n dispuestos a colaborar en el proyecto educativo y evangelizador de la Familia Salesiana.<\/li>\n<li style=\"text-align: justify\">Solicitan expl\u00edcitamente la incorporaci\u00f3n a dicho movimiento asociativo,<\/li>\n<\/ul>\n<p>&nbsp;<\/p>\n<p>La cuota de los antiguos alumnos es de 18\u20ac anuales. Se editan 3 revistas al a\u00f1o y se realizan encuentros para las festividades de San Juan Bosco y Mar\u00eda Auxiliadora.<\/p>\n<p>Si est\u00e1s interesado en formar parte de esta asociaci\u00f3n escribe un correo:\u00a0 <a href=\"mailto:aaaadbosco.monzon@salesianos.org\" target=\"_blank\" rel=\"noopener noreferrer\">aaaadbosco.monzon@salesianos.org<\/a><\/p>\n<\/div>\n<p>[\/et_pb_text][et_pb_button button_url=\u00bbhttps:\/\/forms.gle\/pqS4PF8VCEGakbBr9&#8243; button_text=\u00bb\u00a1\u00danete a nuestra asociaci\u00f3n!\u00bb button_alignment=\u00bbcenter\u00bb _builder_version=\u00bb4.27.4&#8243; _module_preset=\u00bbdefault\u00bb custom_button=\u00bbon\u00bb button_text_color=\u00bb#FFFFFF\u00bb button_bg_color=\u00bb#E02B20&#8243; button_border_color=\u00bb#FFFFFF\u00bb button_border_radius=\u00bb40px\u00bb global_colors_info=\u00bb{}\u00bb][\/et_pb_button][\/et_pb_column][et_pb_column type=\u00bb1_3&#8243; _builder_version=\u00bb4.16&#8243; custom_padding=\u00bb|||\u00bb global_colors_info=\u00bb{}\u00bb custom_padding__hover=\u00bb|||\u00bb][et_pb_text _builder_version=\u00bb4.16&#8243; global_colors_info=\u00bb{}\u00bb]<\/p>\n<h2>Contacto<\/h2>\n<p><a href=\"mailto:aaaadbosco.monzon@salesianos.org\" target=\"_blank\" rel=\"noopener noreferrer\">aaaadbosco.monzon@salesianos.org<\/a><\/p>\n<p>[\/et_pb_text][et_pb_text _builder_version=\u00bb4.27.4&#8243; hover_enabled=\u00bb0&#8243; global_colors_info=\u00bb{}\u00bb sticky_enabled=\u00bb0&#8243;]<\/p>\n<h2>Junta<\/h2>\n<p><strong>Presidente<\/strong>: \u00c1ngel Ses\u00e9<\/p>\n<p><strong>Vicepresidente: <\/strong>Joaqu\u00edn Raso<\/p>\n<p><strong>Tesorero: <\/strong>Juan Jos\u00e9 Forni\u00e9s<\/p>\n<p><strong>Representante de la Titularidad: <\/strong>Antonio Campo<\/p>\n<p><strong>Secretario: <\/strong>Jos\u00e9 Antonio Castell<\/p>\n<p><strong>Comunicaci\u00f3n: <\/strong>Jorge Alqu\u00e9zar<\/p>\n<p><strong>Consiliario: <\/strong>Josan Montull<\/p>\n<p><strong>Vocales: <\/strong>Jos\u00e9 Ignacio L\u00f3pez, Miriam Cort\u00e9s, M\u00aa Carmen Gasc\u00f3n y Daniel Meler<\/p>\n<p>[\/et_pb_text][et_pb_button button_url=\u00bbhttps:\/\/www.confedebosco.es\/\u00bb button_text=\u00bbActualidad AA.AA. Espa\u00f1a\u00bb button_alignment=\u00bbcenter\u00bb _builder_version=\u00bb4.27.0&#8243; _module_preset=\u00bbdefault\u00bb custom_button=\u00bbon\u00bb button_text_color=\u00bb#FFFFFF\u00bb button_bg_color=\u00bb#E02B20&#8243; button_border_color=\u00bb#FFFFFF\u00bb button_border_radius=\u00bb40px\u00bb global_colors_info=\u00bb{}\u00bb][\/et_pb_button][\/et_pb_column][\/et_pb_row][et_pb_row column_structure=\u00bb2_3,1_3&#8243; _builder_version=\u00bb4.16&#8243; global_colors_info=\u00bb{}\u00bb][et_pb_column type=\u00bb2_3&#8243; _builder_version=\u00bb4.16&#8243; custom_padding=\u00bb|||\u00bb global_colors_info=\u00bb{}\u00bb custom_padding__hover=\u00bb|||\u00bb][\/et_pb_column][et_pb_column type=\u00bb1_3&#8243; _builder_version=\u00bb4.16&#8243; custom_padding=\u00bb|||\u00bb global_colors_info=\u00bb{}\u00bb custom_padding__hover=\u00bb|||\u00bb][\/et_pb_column][\/et_pb_row][\/et_pb_section]<\/p>\n","protected":false},"excerpt":{"rendered":"<p>\u00bfQui\u00e9nes formamos ? Los j\u00f3venes, tanto chicos como chicas, que han estado en una casa salesiana, por el hecho mismo de haber frecuentado sus aulas, haber jugado en sus patios, haber compartido la din\u00e1mica de sus centros juveniles, haber tomado parte en sus actividades parroquiales o en alg\u00fan otro de sus ambientes y de haberse [&hellip;]<\/p>\n","protected":false},"author":3,"featured_media":0,"parent":0,"menu_order":0,"comment_status":"closed","ping_status":"closed","template":"","meta":{"_et_pb_use_builder":"on","_et_pb_old_content":"","_et_gb_content_width":"","footnotes":""},"class_list":["post-4182","page","type-page","status-publish","hentry"],"yoast_head":"<!-- This site is optimized with the Yoast SEO plugin v28.4 - https:\/\/yoast.com\/product\/yoast-seo-wordpress\/ -->\n<title>Antiguos Alumnos de Don Bosco - Familia Salesiana<\/title>\n<meta name=\"robots\" content=\"index, follow, max-snippet:-1, max-image-preview:large, max-video-preview:-1\" \/>\n<link rel=\"canonical\" href=\"https:\/\/monzon.salesianos.edu\/familia-salesiana\/aadb\/\" \/>\n<meta property=\"og:locale\" content=\"es_ES\" \/>\n<meta property=\"og:type\" content=\"article\" \/>\n<meta property=\"og:title\" content=\"Antiguos Alumnos de Don Bosco - Familia Salesiana\" \/>\n<meta property=\"og:description\" content=\"\u00bfQui\u00e9nes formamos ? Los j\u00f3venes, tanto chicos como chicas, que han estado en una casa salesiana, por el hecho mismo de haber frecuentado sus aulas, haber jugado en sus patios, haber compartido la din\u00e1mica de sus centros juveniles, haber tomado parte en sus actividades parroquiales o en alg\u00fan otro de sus ambientes y de haberse [&hellip;]\" \/>\n<meta property=\"og:url\" content=\"https:\/\/monzon.salesianos.edu\/familia-salesiana\/aadb\/\" \/>\n<meta property=\"og:site_name\" content=\"Familia Salesiana\" \/>\n<meta property=\"article:modified_time\" content=\"2025-03-19T15:34:26+00:00\" \/>\n<meta name=\"twitter:card\" content=\"summary_large_image\" \/>\n<meta name=\"twitter:label1\" content=\"Tiempo de lectura\" \/>\n\t<meta name=\"twitter:data1\" content=\"4 minutos\" \/>\n<script type=\"application\/ld+json\" class=\"yoast-schema-graph\">{\"@context\":\"https:\\\/\\\/schema.org\",\"@graph\":[{\"@type\":\"WebPage\",\"@id\":\"https:\\\/\\\/monzon.salesianos.edu\\\/familia-salesiana\\\/aadb\\\/\",\"url\":\"https:\\\/\\\/monzon.salesianos.edu\\\/familia-salesiana\\\/aadb\\\/\",\"name\":\"Antiguos Alumnos de Don Bosco - Familia Salesiana\",\"isPartOf\":{\"@id\":\"https:\\\/\\\/monzon.salesianos.edu\\\/familia-salesiana\\\/#website\"},\"datePublished\":\"2018-02-21T18:41:40+00:00\",\"dateModified\":\"2025-03-19T15:34:26+00:00\",\"breadcrumb\":{\"@id\":\"https:\\\/\\\/monzon.salesianos.edu\\\/familia-salesiana\\\/aadb\\\/#breadcrumb\"},\"inLanguage\":\"es\",\"potentialAction\":[{\"@type\":\"ReadAction\",\"target\":[\"https:\\\/\\\/monzon.salesianos.edu\\\/familia-salesiana\\\/aadb\\\/\"]}]},{\"@type\":\"BreadcrumbList\",\"@id\":\"https:\\\/\\\/monzon.salesianos.edu\\\/familia-salesiana\\\/aadb\\\/#breadcrumb\",\"itemListElement\":[{\"@type\":\"ListItem\",\"position\":1,\"name\":\"Portada\",\"item\":\"https:\\\/\\\/monzon.salesianos.edu\\\/familia-salesiana\\\/\"},{\"@type\":\"ListItem\",\"position\":2,\"name\":\"Antiguos Alumnos de Don Bosco\"}]},{\"@type\":\"WebSite\",\"@id\":\"https:\\\/\\\/monzon.salesianos.edu\\\/familia-salesiana\\\/#website\",\"url\":\"https:\\\/\\\/monzon.salesianos.edu\\\/familia-salesiana\\\/\",\"name\":\"Familia Salesiana\",\"description\":\"P\u00e1gina oficial Salesianos Monz\u00f3n\",\"potentialAction\":[{\"@type\":\"SearchAction\",\"target\":{\"@type\":\"EntryPoint\",\"urlTemplate\":\"https:\\\/\\\/monzon.salesianos.edu\\\/familia-salesiana\\\/?s={search_term_string}\"},\"query-input\":{\"@type\":\"PropertyValueSpecification\",\"valueRequired\":true,\"valueName\":\"search_term_string\"}}],\"inLanguage\":\"es\"}]}<\/script>\n<!-- \/ Yoast SEO plugin. -->","yoast_head_json":{"title":"Antiguos Alumnos de Don Bosco - Familia Salesiana","robots":{"index":"index","follow":"follow","max-snippet":"max-snippet:-1","max-image-preview":"max-image-preview:large","max-video-preview":"max-video-preview:-1"},"canonical":"https:\/\/monzon.salesianos.edu\/familia-salesiana\/aadb\/","og_locale":"es_ES","og_type":"article","og_title":"Antiguos Alumnos de Don Bosco - Familia Salesiana","og_description":"\u00bfQui\u00e9nes formamos ? Los j\u00f3venes, tanto chicos como chicas, que han estado en una casa salesiana, por el hecho mismo de haber frecuentado sus aulas, haber jugado en sus patios, haber compartido la din\u00e1mica de sus centros juveniles, haber tomado parte en sus actividades parroquiales o en alg\u00fan otro de sus ambientes y de haberse [&hellip;]","og_url":"https:\/\/monzon.salesianos.edu\/familia-salesiana\/aadb\/","og_site_name":"Familia Salesiana","article_modified_time":"2025-03-19T15:34:26+00:00","twitter_card":"summary_large_image","twitter_misc":{"Tiempo de lectura":"4 minutos"},"schema":{"@context":"https:\/\/schema.org","@graph":[{"@type":"WebPage","@id":"https:\/\/monzon.salesianos.edu\/familia-salesiana\/aadb\/","url":"https:\/\/monzon.salesianos.edu\/familia-salesiana\/aadb\/","name":"Antiguos Alumnos de Don Bosco - Familia Salesiana","isPartOf":{"@id":"https:\/\/monzon.salesianos.edu\/familia-salesiana\/#website"},"datePublished":"2018-02-21T18:41:40+00:00","dateModified":"2025-03-19T15:34:26+00:00","breadcrumb":{"@id":"https:\/\/monzon.salesianos.edu\/familia-salesiana\/aadb\/#breadcrumb"},"inLanguage":"es","potentialAction":[{"@type":"ReadAction","target":["https:\/\/monzon.salesianos.edu\/familia-salesiana\/aadb\/"]}]},{"@type":"BreadcrumbList","@id":"https:\/\/monzon.salesianos.edu\/familia-salesiana\/aadb\/#breadcrumb","itemListElement":[{"@type":"ListItem","position":1,"name":"Portada","item":"https:\/\/monzon.salesianos.edu\/familia-salesiana\/"},{"@type":"ListItem","position":2,"name":"Antiguos Alumnos de Don Bosco"}]},{"@type":"WebSite","@id":"https:\/\/monzon.salesianos.edu\/familia-salesiana\/#website","url":"https:\/\/monzon.salesianos.edu\/familia-salesiana\/","name":"Familia Salesiana","description":"P\u00e1gina oficial Salesianos Monz\u00f3n","potentialAction":[{"@type":"SearchAction","target":{"@type":"EntryPoint","urlTemplate":"https:\/\/monzon.salesianos.edu\/familia-salesiana\/?s={search_term_string}"},"query-input":{"@type":"PropertyValueSpecification","valueRequired":true,"valueName":"search_term_string"}}],"inLanguage":"es"}]}},"_links":{"self":[{"href":"https:\/\/monzon.salesianos.edu\/familia-salesiana\/wp-json\/wp\/v2\/pages\/4182","targetHints":{"allow":["GET"]}}],"collection":[{"href":"https:\/\/monzon.salesianos.edu\/familia-salesiana\/wp-json\/wp\/v2\/pages"}],"about":[{"href":"https:\/\/monzon.salesianos.edu\/familia-salesiana\/wp-json\/wp\/v2\/types\/page"}],"author":[{"embeddable":true,"href":"https:\/\/monzon.salesianos.edu\/familia-salesiana\/wp-json\/wp\/v2\/users\/3"}],"replies":[{"embeddable":true,"href":"https:\/\/monzon.salesianos.edu\/familia-salesiana\/wp-json\/wp\/v2\/comments?post=4182"}],"version-history":[{"count":21,"href":"https:\/\/monzon.salesianos.edu\/familia-salesiana\/wp-json\/wp\/v2\/pages\/4182\/revisions"}],"predecessor-version":[{"id":4345,"href":"https:\/\/monzon.salesianos.edu\/familia-salesiana\/wp-json\/wp\/v2\/pages\/4182\/revisions\/4345"}],"wp:attachment":[{"href":"https:\/\/monzon.salesianos.edu\/familia-salesiana\/wp-json\/wp\/v2\/media?parent=4182"}],"curies":[{"name":"wp","href":"https:\/\/api.w.org\/{rel}","templated":true}]}}