{"id":4181,"date":"2018-02-21T19:43:41","date_gmt":"2018-02-21T18:43:41","guid":{"rendered":"https:\/\/monzon.salesianos.edu\/familia-salesiana\/?page_id=4181"},"modified":"2024-09-30T13:21:08","modified_gmt":"2024-09-30T12:21:08","slug":"sscc","status":"publish","type":"page","link":"https:\/\/monzon.salesianos.edu\/familia-salesiana\/sscc\/","title":{"rendered":"Salesianos Cooperadores"},"content":{"rendered":"<div id=\"fb-root\"><\/div>\n<p>[et_pb_section fb_built=\u00bb1&#8243; fullwidth=\u00bbon\u00bb _builder_version=\u00bb4.16&#8243; global_colors_info=\u00bb{}\u00bb][et_pb_fullwidth_header title=\u00bbSalesianos Cooperadores\u00bb title_font_color=\u00bb#ffffff\u00bb module_class=\u00bbpagina-imagen-cabecera\u00bb _builder_version=\u00bb4.27.0&#8243; title_text_color=\u00bb#ffffff\u00bb title_font_size=\u00bb40px\u00bb background_color=\u00bbrgba(255, 255, 255, 0)\u00bb background_image=\u00bbhttps:\/\/monzon.salesianos.edu\/familia-salesiana\/wp-content\/uploads\/sites\/5\/2024\/09\/BANNER-3.jpg\u00bb background_layout=\u00bblight\u00bb max_width_tablet=\u00bb50px\u00bb background_url=\u00bbhttps:\/\/alicante.salesianos.edu\/familiasalesiana\/wp-content\/uploads\/sites\/7\/2017\/04\/Archivo_006.jpeg\u00bb global_colors_info=\u00bb{}\u00bb button_one_text_size__hover_enabled=\u00bboff\u00bb button_two_text_size__hover_enabled=\u00bboff\u00bb button_one_text_color__hover_enabled=\u00bboff\u00bb button_two_text_color__hover_enabled=\u00bboff\u00bb button_one_border_width__hover_enabled=\u00bboff\u00bb button_two_border_width__hover_enabled=\u00bboff\u00bb button_one_border_color__hover_enabled=\u00bboff\u00bb button_two_border_color__hover_enabled=\u00bboff\u00bb button_one_border_radius__hover_enabled=\u00bboff\u00bb button_two_border_radius__hover_enabled=\u00bboff\u00bb button_one_letter_spacing__hover_enabled=\u00bboff\u00bb button_two_letter_spacing__hover_enabled=\u00bboff\u00bb button_one_bg_color__hover_enabled=\u00bboff\u00bb button_two_bg_color__hover_enabled=\u00bboff\u00bb][\/et_pb_fullwidth_header][\/et_pb_section][et_pb_section fb_built=\u00bb1&#8243; module_class=\u00bbpagina-seccion-contenido\u00bb _builder_version=\u00bb4.16&#8243; custom_padding=\u00bb-4%||48px|\u00bb global_colors_info=\u00bb{}\u00bb][et_pb_row column_structure=\u00bb2_3,1_3&#8243; module_class=\u00bbpagina-texto\u00bb _builder_version=\u00bb4.16&#8243; background_size=\u00bbinitial\u00bb background_position=\u00bbtop_left\u00bb background_repeat=\u00bbrepeat\u00bb custom_margin=\u00bb25px|||\u00bb custom_padding=\u00bb25px||12px|\u00bb global_colors_info=\u00bb{}\u00bb][et_pb_column type=\u00bb2_3&#8243; _builder_version=\u00bb4.16&#8243; custom_padding=\u00bb|||\u00bb global_colors_info=\u00bb{}\u00bb custom_padding__hover=\u00bb|||\u00bb][et_pb_text _builder_version=\u00bb4.16&#8243; min_height=\u00bb809.6px\u00bb custom_margin=\u00bb|57px||||\u00bb custom_padding=\u00bb|31px||||\u00bb border_style=\u00bbsolid\u00bb global_colors_info=\u00bb{}\u00bb]<\/p>\n<h2>\u00bfQui\u00e9nes son?<\/h2>\n<p style=\"text-align: justify\">El Salesiano Cooperador es un cristiano que vive su fe, desde su realidad secular o sacerdotal, en el proyecto apost\u00f3lico de Don Bosco, para contribuir a la salvaci\u00f3n de la juventud, la porci\u00f3n m\u00e1s delicada y preciosa de la sociedad humana. Lleva a cabo su compromiso y vive el esp\u00edritu salesiano en las ordinarias situaciones de su vida y de su trabajo.<\/p>\n<p style=\"text-align: justify\">La persona que decide entrar en la Asociaci\u00f3n, madura su opci\u00f3n libre y responsablemente, en grupo. Con \u00e9ste comparte un camino de formaci\u00f3n, que le llevar\u00e1 al crecimiento y verificaci\u00f3n de sus motivaciones personales. Al final de esta formaci\u00f3n inicial, el aspirante presenta su petici\u00f3n de admisi\u00f3n al Centro Local.<\/p>\n<p style=\"text-align: justify\">La pertenencia a la Asociaci\u00f3n comienza con la Promesa apost\u00f3lica personal, en la que se expresa el compromiso de vivir como cristiano comprometido a la luz del PVA.<\/p>\n<p style=\"text-align: justify\">La Promesa se realiza dentro de un acto en el que los aspirantes son acompa\u00f1ados por la Familia Salesiana y amigos.<\/p>\n<p style=\"text-align: justify\">Conscientes de la importancia de la formaci\u00f3n permanente, los SS.CC dedican peri\u00f3dicamente un tiempo a ello.<\/p>\n<p style=\"text-align: justify\">\n<p style=\"text-align: justify\">\n<h2 style=\"text-align: justify\">C\u00f3mo se organizan<\/h2>\n<p style=\"text-align: justify\">Fiel a la voluntad del Fundador, la organizaci\u00f3n es flexible y funcional; compuesta por tres \u00e1mbitos de gobierno: local, provincial y mundial.<\/p>\n<p style=\"text-align: justify\">La organizaci\u00f3n local es considerada como el n\u00facleo fundamental. En \u00e9sta se agrupan los Cooperadores de un mismo lugar. Normalmente se constituye junto a una obra de los Salesianos o las Hijas de Mar\u00eda Auxiliadora; su Director encomienda a uno de los religiosos de la comunidad, la formaci\u00f3n y la garant\u00eda de fidelidad al carisma salesiano. Este encargado recibe el nombre de Delegado\/a. El responsable elegido entre los miembros de la Asociaci\u00f3n recibe el nombre de Coordinador y es ayudado por un Consejo. Esta misma estructura se repite en el \u00e1mbito inspectorial, regional y mundial.<\/p>\n<p style=\"text-align: justify\">La Asociaci\u00f3n de los Cooperadores Salesianos est\u00e1 extendida por todo el mundo salesiano. En la actualidad cuenta con:<\/p>\n<ul style=\"text-align: justify\">\n<li>1.320 centros formalmente erigidos.<\/li>\n<li>26.300 Cooperadores, conforme al nuevo Reglamento de Vida Apost\u00f3lica.<\/li>\n<li>30.000 Cooperadores en posesi\u00f3n del antiguo Diploma.<\/li>\n<li>8.200 Aspirantes.<\/li>\n<\/ul>\n<p style=\"text-align: justify\">En Monz\u00f3n el grupo de cooperadores lo forman 5 personas que realizaron la promesa en mayo de 2021.<\/p>\n<p>[\/et_pb_text][\/et_pb_column][et_pb_column type=\u00bb1_3&#8243; _builder_version=\u00bb4.16&#8243; custom_padding=\u00bb|||\u00bb global_colors_info=\u00bb{}\u00bb custom_padding__hover=\u00bb|||\u00bb][et_pb_image align_tablet=\u00bbcenter\u00bb align_phone=\u00bbcenter\u00bb align_last_edited=\u00bbon|desktop\u00bb _builder_version=\u00bb4.16&#8243; global_colors_info=\u00bb{}\u00bb][\/et_pb_image][et_pb_image src=\u00bbhttps:\/\/monzon.salesianos.edu\/familia-salesiana\/wp-content\/uploads\/sites\/5\/2024\/02\/cooperadores-monzon-2024.jpeg\u00bb title_text=\u00bbcooperadores monzon 2024&#8243; align_tablet=\u00bbcenter\u00bb align_phone=\u00bbcenter\u00bb align_last_edited=\u00bbon|desktop\u00bb _builder_version=\u00bb4.23.1&#8243; box_shadow_style=\u00bbpreset2&#8243; global_colors_info=\u00bb{}\u00bb][\/et_pb_image][et_pb_image src=\u00bbhttps:\/\/monzon.salesianos.edu\/familia-salesiana\/wp-content\/uploads\/sites\/5\/2024\/02\/cooperadores-monzon-2024-salesianos.jpeg\u00bb title_text=\u00bbcooperadores monzon 2024 salesianos\u00bb align_tablet=\u00bbcenter\u00bb align_phone=\u00bbcenter\u00bb align_last_edited=\u00bbon|desktop\u00bb _builder_version=\u00bb4.23.1&#8243; box_shadow_style=\u00bbpreset2&#8243; global_colors_info=\u00bb{}\u00bb][\/et_pb_image][et_pb_image src=\u00bbhttps:\/\/monzon.salesianos.edu\/familia-salesiana\/wp-content\/uploads\/sites\/5\/2024\/02\/IMG_4743-rotated.jpg\u00bb title_text=\u00bbIMG_4743&#8243; align_tablet=\u00bbcenter\u00bb align_phone=\u00bbcenter\u00bb align_last_edited=\u00bbon|desktop\u00bb _builder_version=\u00bb4.23.1&#8243; transform_scale_linked=\u00bboff\u00bb transform_translate=\u00bb51px|-48px\u00bb transform_translate_linked=\u00bboff\u00bb transform_rotate=\u00bb0deg|0deg|90deg\u00bb width=\u00bb71%\u00bb max_width=\u00bb67%\u00bb custom_margin=\u00bb||||false|false\u00bb box_shadow_style=\u00bbpreset2&#8243; global_colors_info=\u00bb{}\u00bb][\/et_pb_image][\/et_pb_column][\/et_pb_row][et_pb_row _builder_version=\u00bb4.27.0&#8243; _module_preset=\u00bbdefault\u00bb column_structure=\u00bb1_2,1_2&#8243;][et_pb_column _builder_version=\u00bb4.27.0&#8243; _module_preset=\u00bbdefault\u00bb type=\u00bb1_2&#8243;][et_pb_button button_url=\u00bbhttp:\/\/salesianos.info\u00bb button_text=\u00bbActualidad Salesiana en el mundo\u00bb button_alignment=\u00bbcenter\u00bb _builder_version=\u00bb4.27.0&#8243; _module_preset=\u00bbdefault\u00bb custom_button=\u00bbon\u00bb button_text_color=\u00bb#FFFFFF\u00bb button_bg_color=\u00bb#E02B20&#8243; button_border_radius=\u00bb40px\u00bb global_colors_info=\u00bb{}\u00bb][\/et_pb_button][\/et_pb_column][et_pb_column _builder_version=\u00bb4.27.0&#8243; _module_preset=\u00bbdefault\u00bb type=\u00bb1_2&#8243;][et_pb_button button_url=\u00bbcooperadores.org\/wp\/\u00bb button_text=\u00bbActualidad Salesianos Cooperadores\u00bb button_alignment=\u00bbcenter\u00bb _builder_version=\u00bb4.27.0&#8243; _module_preset=\u00bbdefault\u00bb custom_button=\u00bbon\u00bb button_text_color=\u00bb#FFFFFF\u00bb button_bg_color=\u00bb#E02B20&#8243; button_border_radius=\u00bb40px\u00bb hover_enabled=\u00bb0&#8243; global_colors_info=\u00bb{}\u00bb sticky_enabled=\u00bb0&#8243;][\/et_pb_button][\/et_pb_column][\/et_pb_row][\/et_pb_section]<\/p>\n","protected":false},"excerpt":{"rendered":"<p>\u00bfQui\u00e9nes son? El Salesiano Cooperador es un cristiano que vive su fe, desde su realidad secular o sacerdotal, en el proyecto apost\u00f3lico de Don Bosco, para contribuir a la salvaci\u00f3n de la juventud, la porci\u00f3n m\u00e1s delicada y preciosa de la sociedad humana. Lleva a cabo su compromiso y vive el esp\u00edritu salesiano en las [&hellip;]<\/p>\n","protected":false},"author":3,"featured_media":0,"parent":0,"menu_order":0,"comment_status":"closed","ping_status":"closed","template":"","meta":{"_et_pb_use_builder":"on","_et_pb_old_content":"","_et_gb_content_width":"","footnotes":""},"class_list":["post-4181","page","type-page","status-publish","hentry"],"yoast_head":"<!-- This site is optimized with the Yoast SEO plugin v28.4 - https:\/\/yoast.com\/product\/yoast-seo-wordpress\/ -->\n<title>Salesianos Cooperadores - Familia Salesiana<\/title>\n<meta name=\"robots\" content=\"index, follow, max-snippet:-1, max-image-preview:large, max-video-preview:-1\" \/>\n<link rel=\"canonical\" href=\"https:\/\/monzon.salesianos.edu\/familia-salesiana\/sscc\/\" \/>\n<meta property=\"og:locale\" content=\"es_ES\" \/>\n<meta property=\"og:type\" content=\"article\" \/>\n<meta property=\"og:title\" content=\"Salesianos Cooperadores - Familia Salesiana\" \/>\n<meta property=\"og:description\" content=\"\u00bfQui\u00e9nes son? El Salesiano Cooperador es un cristiano que vive su fe, desde su realidad secular o sacerdotal, en el proyecto apost\u00f3lico de Don Bosco, para contribuir a la salvaci\u00f3n de la juventud, la porci\u00f3n m\u00e1s delicada y preciosa de la sociedad humana. Lleva a cabo su compromiso y vive el esp\u00edritu salesiano en las [&hellip;]\" \/>\n<meta property=\"og:url\" content=\"https:\/\/monzon.salesianos.edu\/familia-salesiana\/sscc\/\" \/>\n<meta property=\"og:site_name\" content=\"Familia Salesiana\" \/>\n<meta property=\"article:modified_time\" content=\"2024-09-30T12:21:08+00:00\" \/>\n<meta name=\"twitter:card\" content=\"summary_large_image\" \/>\n<meta name=\"twitter:label1\" content=\"Tiempo de lectura\" \/>\n\t<meta name=\"twitter:data1\" content=\"5 minutos\" \/>\n<script type=\"application\/ld+json\" class=\"yoast-schema-graph\">{\"@context\":\"https:\\\/\\\/schema.org\",\"@graph\":[{\"@type\":\"WebPage\",\"@id\":\"https:\\\/\\\/monzon.salesianos.edu\\\/familia-salesiana\\\/sscc\\\/\",\"url\":\"https:\\\/\\\/monzon.salesianos.edu\\\/familia-salesiana\\\/sscc\\\/\",\"name\":\"Salesianos Cooperadores - Familia Salesiana\",\"isPartOf\":{\"@id\":\"https:\\\/\\\/monzon.salesianos.edu\\\/familia-salesiana\\\/#website\"},\"datePublished\":\"2018-02-21T18:43:41+00:00\",\"dateModified\":\"2024-09-30T12:21:08+00:00\",\"breadcrumb\":{\"@id\":\"https:\\\/\\\/monzon.salesianos.edu\\\/familia-salesiana\\\/sscc\\\/#breadcrumb\"},\"inLanguage\":\"es\",\"potentialAction\":[{\"@type\":\"ReadAction\",\"target\":[\"https:\\\/\\\/monzon.salesianos.edu\\\/familia-salesiana\\\/sscc\\\/\"]}]},{\"@type\":\"BreadcrumbList\",\"@id\":\"https:\\\/\\\/monzon.salesianos.edu\\\/familia-salesiana\\\/sscc\\\/#breadcrumb\",\"itemListElement\":[{\"@type\":\"ListItem\",\"position\":1,\"name\":\"Portada\",\"item\":\"https:\\\/\\\/monzon.salesianos.edu\\\/familia-salesiana\\\/\"},{\"@type\":\"ListItem\",\"position\":2,\"name\":\"Salesianos Cooperadores\"}]},{\"@type\":\"WebSite\",\"@id\":\"https:\\\/\\\/monzon.salesianos.edu\\\/familia-salesiana\\\/#website\",\"url\":\"https:\\\/\\\/monzon.salesianos.edu\\\/familia-salesiana\\\/\",\"name\":\"Familia Salesiana\",\"description\":\"P\u00e1gina oficial Salesianos Monz\u00f3n\",\"potentialAction\":[{\"@type\":\"SearchAction\",\"target\":{\"@type\":\"EntryPoint\",\"urlTemplate\":\"https:\\\/\\\/monzon.salesianos.edu\\\/familia-salesiana\\\/?s={search_term_string}\"},\"query-input\":{\"@type\":\"PropertyValueSpecification\",\"valueRequired\":true,\"valueName\":\"search_term_string\"}}],\"inLanguage\":\"es\"}]}<\/script>\n<!-- \/ Yoast SEO plugin. -->","yoast_head_json":{"title":"Salesianos Cooperadores - Familia Salesiana","robots":{"index":"index","follow":"follow","max-snippet":"max-snippet:-1","max-image-preview":"max-image-preview:large","max-video-preview":"max-video-preview:-1"},"canonical":"https:\/\/monzon.salesianos.edu\/familia-salesiana\/sscc\/","og_locale":"es_ES","og_type":"article","og_title":"Salesianos Cooperadores - Familia Salesiana","og_description":"\u00bfQui\u00e9nes son? El Salesiano Cooperador es un cristiano que vive su fe, desde su realidad secular o sacerdotal, en el proyecto apost\u00f3lico de Don Bosco, para contribuir a la salvaci\u00f3n de la juventud, la porci\u00f3n m\u00e1s delicada y preciosa de la sociedad humana. Lleva a cabo su compromiso y vive el esp\u00edritu salesiano en las [&hellip;]","og_url":"https:\/\/monzon.salesianos.edu\/familia-salesiana\/sscc\/","og_site_name":"Familia Salesiana","article_modified_time":"2024-09-30T12:21:08+00:00","twitter_card":"summary_large_image","twitter_misc":{"Tiempo de lectura":"5 minutos"},"schema":{"@context":"https:\/\/schema.org","@graph":[{"@type":"WebPage","@id":"https:\/\/monzon.salesianos.edu\/familia-salesiana\/sscc\/","url":"https:\/\/monzon.salesianos.edu\/familia-salesiana\/sscc\/","name":"Salesianos Cooperadores - Familia Salesiana","isPartOf":{"@id":"https:\/\/monzon.salesianos.edu\/familia-salesiana\/#website"},"datePublished":"2018-02-21T18:43:41+00:00","dateModified":"2024-09-30T12:21:08+00:00","breadcrumb":{"@id":"https:\/\/monzon.salesianos.edu\/familia-salesiana\/sscc\/#breadcrumb"},"inLanguage":"es","potentialAction":[{"@type":"ReadAction","target":["https:\/\/monzon.salesianos.edu\/familia-salesiana\/sscc\/"]}]},{"@type":"BreadcrumbList","@id":"https:\/\/monzon.salesianos.edu\/familia-salesiana\/sscc\/#breadcrumb","itemListElement":[{"@type":"ListItem","position":1,"name":"Portada","item":"https:\/\/monzon.salesianos.edu\/familia-salesiana\/"},{"@type":"ListItem","position":2,"name":"Salesianos Cooperadores"}]},{"@type":"WebSite","@id":"https:\/\/monzon.salesianos.edu\/familia-salesiana\/#website","url":"https:\/\/monzon.salesianos.edu\/familia-salesiana\/","name":"Familia Salesiana","description":"P\u00e1gina oficial Salesianos Monz\u00f3n","potentialAction":[{"@type":"SearchAction","target":{"@type":"EntryPoint","urlTemplate":"https:\/\/monzon.salesianos.edu\/familia-salesiana\/?s={search_term_string}"},"query-input":{"@type":"PropertyValueSpecification","valueRequired":true,"valueName":"search_term_string"}}],"inLanguage":"es"}]}},"_links":{"self":[{"href":"https:\/\/monzon.salesianos.edu\/familia-salesiana\/wp-json\/wp\/v2\/pages\/4181","targetHints":{"allow":["GET"]}}],"collection":[{"href":"https:\/\/monzon.salesianos.edu\/familia-salesiana\/wp-json\/wp\/v2\/pages"}],"about":[{"href":"https:\/\/monzon.salesianos.edu\/familia-salesiana\/wp-json\/wp\/v2\/types\/page"}],"author":[{"embeddable":true,"href":"https:\/\/monzon.salesianos.edu\/familia-salesiana\/wp-json\/wp\/v2\/users\/3"}],"replies":[{"embeddable":true,"href":"https:\/\/monzon.salesianos.edu\/familia-salesiana\/wp-json\/wp\/v2\/comments?post=4181"}],"version-history":[{"count":11,"href":"https:\/\/monzon.salesianos.edu\/familia-salesiana\/wp-json\/wp\/v2\/pages\/4181\/revisions"}],"predecessor-version":[{"id":4328,"href":"https:\/\/monzon.salesianos.edu\/familia-salesiana\/wp-json\/wp\/v2\/pages\/4181\/revisions\/4328"}],"wp:attachment":[{"href":"https:\/\/monzon.salesianos.edu\/familia-salesiana\/wp-json\/wp\/v2\/media?parent=4181"}],"curies":[{"name":"wp","href":"https:\/\/api.w.org\/{rel}","templated":true}]}}