{"id":9660,"date":"2019-02-12T09:42:13","date_gmt":"2019-02-12T08:42:13","guid":{"rendered":"https:\/\/monzon.salesianos.edu\/colegio\/?page_id=9660"},"modified":"2024-11-12T10:03:22","modified_gmt":"2024-11-12T09:03:22","slug":"formacion-presencial","status":"publish","type":"page","link":"https:\/\/monzon.salesianos.edu\/colegio\/formacion-presencial\/","title":{"rendered":"Formaci\u00f3n Presencial"},"content":{"rendered":"<p>[et_pb_section fb_built=\u00bb1&#8243; fullwidth=\u00bbon\u00bb _builder_version=\u00bb4.16&#8243; global_colors_info=\u00bb{}\u00bb][et_pb_fullwidth_header title=\u00bbCursos a medida\u00bb module_class=\u00bbpagina-imagen-cabecera\u00bb _builder_version=\u00bb4.25.1&#8243; title_text_color=\u00bb#ffffff\u00bb title_font_size=\u00bb40px\u00bb background_color=\u00bbrgba(255, 255, 255, 0)\u00bb background_image=\u00bbhttps:\/\/monzon.salesianos.edu\/colegio\/wp-content\/uploads\/sites\/2\/2024\/06\/BANNER-4.jpg\u00bb background_enable_video_mp4=\u00bboff\u00bb max_width_tablet=\u00bb50px\u00bb global_colors_info=\u00bb{}\u00bb button_one_text_size__hover_enabled=\u00bboff\u00bb button_one_text_size__hover=\u00bbnull\u00bb button_two_text_size__hover_enabled=\u00bboff\u00bb button_two_text_size__hover=\u00bbnull\u00bb button_one_text_color__hover_enabled=\u00bboff\u00bb button_one_text_color__hover=\u00bbnull\u00bb button_two_text_color__hover_enabled=\u00bboff\u00bb button_two_text_color__hover=\u00bbnull\u00bb button_one_border_width__hover_enabled=\u00bboff\u00bb button_one_border_width__hover=\u00bbnull\u00bb button_two_border_width__hover_enabled=\u00bboff\u00bb button_two_border_width__hover=\u00bbnull\u00bb button_one_border_color__hover_enabled=\u00bboff\u00bb button_one_border_color__hover=\u00bbnull\u00bb button_two_border_color__hover_enabled=\u00bboff\u00bb button_two_border_color__hover=\u00bbnull\u00bb button_one_border_radius__hover_enabled=\u00bboff\u00bb button_one_border_radius__hover=\u00bbnull\u00bb button_two_border_radius__hover_enabled=\u00bboff\u00bb button_two_border_radius__hover=\u00bbnull\u00bb button_one_letter_spacing__hover_enabled=\u00bboff\u00bb button_one_letter_spacing__hover=\u00bbnull\u00bb button_two_letter_spacing__hover_enabled=\u00bboff\u00bb button_two_letter_spacing__hover=\u00bbnull\u00bb button_one_bg_color__hover_enabled=\u00bboff\u00bb button_one_bg_color__hover=\u00bbnull\u00bb button_two_bg_color__hover_enabled=\u00bboff\u00bb button_two_bg_color__hover=\u00bbnull\u00bb][\/et_pb_fullwidth_header][\/et_pb_section][et_pb_section fb_built=\u00bb1&#8243; module_class=\u00bbpagina-seccion-contenido\u00bb _builder_version=\u00bb4.16&#8243; custom_padding=\u00bb-4%|||\u00bb transparent_background=\u00bboff\u00bb global_colors_info=\u00bb{}\u00bb][et_pb_row _builder_version=\u00bb4.16&#8243; background_size=\u00bbinitial\u00bb background_position=\u00bbtop_left\u00bb background_repeat=\u00bbrepeat\u00bb custom_padding=\u00bb27px|0px|1px|0px|false|false\u00bb global_colors_info=\u00bb{}\u00bb][et_pb_column type=\u00bb4_4&#8243; _builder_version=\u00bb4.16&#8243; custom_padding=\u00bb|||\u00bb global_colors_info=\u00bb{}\u00bb custom_padding__hover=\u00bb|||\u00bb][et_pb_text _builder_version=\u00bb4.16&#8243; global_colors_info=\u00bb{}\u00bb]<\/p>\n<p>Como centro de Formaci\u00f3n Profesional ofrecemos a las empresas cursos de formaci\u00f3n para sus trabajadores dentro de nuestras especialidades formativas. Todos los cursos son bonificables a trav\u00e9s del cr\u00e9dito de formaci\u00f3n de las empresas.<\/p>\n<p>[\/et_pb_text][\/et_pb_column][\/et_pb_row][et_pb_row column_structure=\u00bb1_2,1_2&#8243; _builder_version=\u00bb4.16&#8243; background_size=\u00bbinitial\u00bb background_position=\u00bbtop_left\u00bb background_repeat=\u00bbrepeat\u00bb custom_padding=\u00bb27px|0px|1px|0px|false|false\u00bb global_colors_info=\u00bb{}\u00bb][et_pb_column type=\u00bb1_2&#8243; _builder_version=\u00bb4.16&#8243; custom_padding=\u00bb|||\u00bb global_colors_info=\u00bb{}\u00bb custom_padding__hover=\u00bb|||\u00bb][et_pb_text _builder_version=\u00bb4.16&#8243; global_colors_info=\u00bb{}\u00bb]<\/p>\n<h1>Elige la especialidad<\/h1>\n<ul>\n<li><a href=\"#Informatica\">Inform\u00e1tica<\/a><\/li>\n<li><a href=\"#Empresa\">Gesti\u00f3n Empresarial<\/a><\/li>\n<li><a href=\"#Robotica\">Automatizaci\u00f3n y rob\u00f3tica<\/a><\/li>\n<li><a href=\"#Mecanizado\">Mecanizado<\/a><\/li>\n<\/ul>\n<p>[\/et_pb_text][\/et_pb_column][et_pb_column type=\u00bb1_2&#8243; _builder_version=\u00bb4.16&#8243; custom_padding=\u00bb|||\u00bb global_colors_info=\u00bb{}\u00bb custom_padding__hover=\u00bb|||\u00bb][et_pb_text _builder_version=\u00bb4.27.2&#8243; border_radii=\u00bbon|11px|11px|11px|11px\u00bb border_width_all=\u00bb2px\u00bb border_color_all=\u00bb#E02B20&#8243; global_colors_info=\u00bb{}\u00bb]<\/p>\n<h1>Cursos a medida<\/h1>\n<p>Solicita presupuesto para cada uno de los cursos. Si necesitas un curso espec\u00edfico y dise\u00f1ado a tu medida contacta con nosotros a trav\u00e9s de nuestro correo\u00a0<a href=\"mailto:%20escuelaempresa.monzon@salesianos.org\">escuelaempresa.monzon@salesianos.org<\/a><\/p>\n<p>[\/et_pb_text][\/et_pb_column][\/et_pb_row][et_pb_row _builder_version=\u00bb4.27.2&#8243; _module_preset=\u00bbdefault\u00bb global_colors_info=\u00bb{}\u00bb][et_pb_column type=\u00bb4_4&#8243; _builder_version=\u00bb4.27.2&#8243; _module_preset=\u00bbdefault\u00bb global_colors_info=\u00bb{}\u00bb][et_pb_text _builder_version=\u00bb4.27.2&#8243; _module_preset=\u00bbdefault\u00bb text_font=\u00bbLato|300|||||||\u00bb text_text_color=\u00bb#dc001b\u00bb text_font_size=\u00bb29px\u00bb transform_translate=\u00bb0px|23px\u00bb transform_translate_linked=\u00bboff\u00bb global_colors_info=\u00bb{}\u00bb]<\/p>\n<p>Cursos disponibles:<\/p>\n<p>[\/et_pb_text][\/et_pb_column][\/et_pb_row][et_pb_row _builder_version=\u00bb4.27.2&#8243; _module_preset=\u00bbdefault\u00bb global_colors_info=\u00bb{}\u00bb][et_pb_column type=\u00bb4_4&#8243; _builder_version=\u00bb4.27.2&#8243; _module_preset=\u00bbdefault\u00bb global_colors_info=\u00bb{}\u00bb][et_pb_tabs _builder_version=\u00bb4.27.2&#8243; body_font=\u00bb||||||||\u00bb body_text_align=\u00bbjustify\u00bb custom_padding=\u00bb|||18px||\u00bb global_colors_info=\u00bb{}\u00bb][et_pb_tab title=\u00bbInform\u00e1tica\u00bb _builder_version=\u00bb4.27.2&#8243; global_colors_info=\u00bb{}\u00bb]<\/p>\n<h2 style=\"text-align: justify\">Word b\u00e1sico<\/h2>\n<p style=\"text-align: justify\">Introducci\u00f3n a las funciones b\u00e1sicas de edici\u00f3n de documentos y su formateado.<\/p>\n<p><strong style=\"font-size: 14px\">Contenidos<\/strong><\/p>\n<ul>\n<li>Formato de texto.<\/li>\n<li>Formato de p\u00e1rrafo.<\/li>\n<li>Encabezados y pies de p\u00e1gina.<\/li>\n<li>Tablas.<\/li>\n<li>Combinaci\u00f3n de correspondencia.<\/li>\n<\/ul>\n<p><strong>Duraci\u00f3n<\/strong>: 12 horas<\/p>\n<p>&nbsp;<\/p>\n<p>&nbsp;<\/p>\n<h2 style=\"text-align: justify\">Word avanzado<\/h2>\n<p>Para usuarios con un dominio b\u00e1sico de edici\u00f3n de documentos que deseen aprovechar las opciones avanzadas de Word.<\/p>\n<p><strong style=\"font-size: 14px\">Contenidos<\/strong><\/p>\n<ul>\n<li><span style=\"font-size: 14px\">Estilos.<\/span><\/li>\n<li><span style=\"font-size: 14px\">\u00cdndices y tablas de contenido.<\/span><\/li>\n<li><span style=\"font-size: 14px\">Formularios.<\/span><\/li>\n<li><span style=\"font-size: 14px\">Plantillas.<\/span><\/li>\n<li><span style=\"font-size: 14px\">Referencias.<\/span><\/li>\n<\/ul>\n<p><strong>Duraci\u00f3n<\/strong>: 12 horas<\/p>\n<p>&nbsp;<\/p>\n<p>&nbsp;<\/p>\n<p>&nbsp;<\/p>\n<h2 style=\"text-align: justify\">Excel b\u00e1sico<\/h2>\n<p style=\"text-align: justify\">Introducci\u00f3n desde cero al manejo de hojas de c\u00e1lculo. Los conceptos aprendidos pueden ser f\u00e1cilmente aplicables en otras hojas de c\u00e1lculo (LibreOffice Calc, Numbers, Google,&#8230;)<\/p>\n<p><strong style=\"font-size: 14px\">Contenidos<\/strong><\/p>\n<ul>\n<li>Hojas de c\u00e1lculo.<\/li>\n<li>Introducci\u00f3n de valores<\/li>\n<li>Formato de celdas<\/li>\n<li>Operadores y funciones.<\/li>\n<li>Gr\u00e1ficos.<\/li>\n<li>Filtros<\/li>\n<\/ul>\n<p><strong>Duraci\u00f3n<\/strong>: 20 horas<\/p>\n<p>&nbsp;<\/p>\n<p>&nbsp;<\/p>\n<p>&nbsp;<\/p>\n<h2 style=\"text-align: justify\">Excel avanzado<\/h2>\n<p>Para usuarios con un dominio b\u00e1sico de hojas de c\u00e1lculo que deseen explorar las opciones avanzadas de Excel.<\/p>\n<p><strong style=\"font-size: 14px\">Contenidos<\/strong><\/p>\n<ul>\n<li><span style=\"font-size: 14px\">Funciones avanzadas<\/span><\/li>\n<li><span style=\"font-size: 14px\">Tablas din\u00e1micas y an\u00e1lisis de datos<\/span><\/li>\n<li>Base de datos<\/li>\n<li>B\u00fasqueda avanzada.<\/li>\n<li>Automatizaci\u00f3n con macros<\/li>\n<\/ul>\n<p><strong>Duraci\u00f3n<\/strong>: 20 horas<\/p>\n<p>&nbsp;<\/p>\n<p>&nbsp;<\/p>\n<p>&nbsp;<\/p>\n<h2 style=\"text-align: justify\">Bases de datos: Access<\/h2>\n<p style=\"text-align: justify\">Desarrollo de bases de datos desde el inicio.<\/p>\n<p><strong style=\"font-size: 14px\">Contenidos<\/strong><\/p>\n<ul>\n<li>Dise\u00f1o de tablas<\/li>\n<li>Creaci\u00f3n de formularios e informes.<\/li>\n<li>Manejo de la base de datos.<\/li>\n<li>Creaci\u00f3n de consultas.<\/li>\n<li>Relaciones entre tablas.<\/li>\n<\/ul>\n<p><strong>Duraci\u00f3n<\/strong>: 16 horas<\/p>\n<p>&nbsp;<\/p>\n<p>&nbsp;<\/p>\n<h2 style=\"text-align: justify\">Inform\u00e1tica en la nube<\/h2>\n<p style=\"text-align: justify\">Introducci\u00f3n b\u00e1sica a las diferentes herramientas de la suite Google Apps y sus utilidades tanto para el ocio como para el trabajo, y las posibilidades que ofrece de trabajo colaborativo.<\/p>\n<p><strong style=\"font-size: 14px\">Contenidos<\/strong><\/p>\n<ul>\n<li>Inform\u00e1tica en la nube<\/li>\n<li>Sincronizaci\u00f3n entre dispositivos: ordenador, m\u00f3vil, tableta,&#8230;<\/li>\n<li>Opciones de correo electr\u00f3nico Gmail.<\/li>\n<li>Agenda con Calendar.<\/li>\n<li>Trabajo colaborativo con documentos, presentaciones y hojas de c\u00e1lculo.<\/li>\n<\/ul>\n<p><strong>Duraci\u00f3n<\/strong>: 15 horas<\/p>\n<p>[\/et_pb_tab][et_pb_tab title=\u00bbGesti\u00f3n empresarial\u00bb _builder_version=\u00bb4.27.2&#8243; global_colors_info=\u00bb{}\u00bb]<\/p>\n<h2 style=\"text-align: justify\">Responsabilidad Social Corporativa (RSC)<\/h2>\n<p style=\"text-align: justify\"><strong style=\"font-size: 14px;text-align: left\">Contenidos<\/strong><\/p>\n<ul>\n<li>Sostenibilidad.<\/li>\n<li>Derechos humanos y empresa<\/li>\n<li>Buen gobierno corporativo<\/li>\n<li>Onversiones de impacto e inversiones socialmente responsables<\/li>\n<li>Gesti\u00f3n de la reputaci\u00f3n<\/li>\n<li>Gesti\u00f3n de la cadena de suministro.<\/li>\n<li>Normas e iniciativas m\u00e1s relevantes.<\/li>\n<li>Contrataci\u00f3n bajo criterios de responsabilidad social.<\/li>\n<li>Gesti\u00f3n de la cadena de valor.<\/li>\n<li>Comunicaci\u00f3n y RSC<\/li>\n<li>La RSC en la PYME<\/li>\n<li>Econom\u00eda social.<\/li>\n<\/ul>\n<p><strong>Duraci\u00f3n<\/strong>: 12 horas<\/p>\n<p>&nbsp;<\/p>\n<p>&nbsp;<\/p>\n<p>&nbsp;<\/p>\n<h2 style=\"text-align: justify\">Atenci\u00f3n y fidelizaci\u00f3n del cliente<\/h2>\n<p><strong style=\"font-size: 14px\">Contenidos<\/strong><\/p>\n<ul>\n<li>Caracter\u00edsticas, fases y elementos del proceso de Atenci\u00f3n al Cliente.<\/li>\n<li>Evaluaci\u00f3n del proceso de satisfacci\u00f3n del cliente.<\/li>\n<li>Estrategias y programas de fidelizaci\u00f3n.<\/li>\n<\/ul>\n<p><strong>Duraci\u00f3n<\/strong>: 12 horas<\/p>\n<p>&nbsp;<\/p>\n<p>&nbsp;<\/p>\n<p>&nbsp;<\/p>\n<h2 style=\"text-align: justify\">GTD + Evernote (Gesti\u00f3n de tareas y tiempo)<\/h2>\n<p style=\"text-align: justify\"><strong style=\"font-size: 14px;text-align: left\">Contenidos<\/strong><\/p>\n<ul>\n<li>El modelo de flujo GTD<\/li>\n<li>Herramientas de captura<\/li>\n<li>Decidir pr\u00f3xima acci\u00f3n.<\/li>\n<li>Contextos<\/li>\n<li>Gesti\u00f3n de listas. La revisi\u00f3n semanal<\/li>\n<li>Gesti\u00f3n de proyectos.<\/li>\n<li>Evitar la procastinaci\u00f3n.<\/li>\n<li>Implementaci\u00f3n en Evernote.<\/li>\n<\/ul>\n<p><strong>Duraci\u00f3n<\/strong>: 10 horas<\/p>\n<p>[\/et_pb_tab][et_pb_tab title=\u00bbAutomatizaci\u00f3n y rob\u00f3tica\u00bb _builder_version=\u00bb4.27.2&#8243; global_colors_info=\u00bb{}\u00bb]<\/p>\n<h2 style=\"text-align: justify\">Rob\u00f3tica I: Introducci\u00f3n a la rob\u00f3tica industrial<\/h2>\n<p style=\"text-align: justify\">Curso eminentemente pr\u00e1ctico d\u00f3nde se tratan los principios de la Rob\u00f3tica Industrial y se aplican a la instalaci\u00f3n, programaci\u00f3n y uso de robots industriales.<\/p>\n<p><strong style=\"font-size: 14px\">Contenidos<\/strong><\/p>\n<ul>\n<li>Morfolog\u00eda de robots.<\/li>\n<li>Cinem\u00e1tica del robot.<\/li>\n<li>Instalaci\u00f3n rob\u00f3tica.<\/li>\n<li>Robot\u00a0FANUC. Controlador R-30iB<\/li>\n<\/ul>\n<p><strong>Duraci\u00f3n<\/strong>: 30 horas<\/p>\n<p>&nbsp;<\/p>\n<p>&nbsp;<\/p>\n<p>&nbsp;<\/p>\n<h2 style=\"text-align: justify\">Rob\u00f3tica II: Instalaci\u00f3n y cableado del robot<\/h2>\n<p>Curso eminentemente pr\u00e1ctico d\u00f3nde se trata la instalaci\u00f3n de una celda rob\u00f3tica y el cableado el\u00e9ctrico y neum\u00e1tico del robot con los sensores y actuadores.<\/p>\n<p><strong style=\"font-size: 14px\">Contenidos<\/strong><\/p>\n<ul>\n<li><span style=\"font-size: 14px\">Arquitectura de un sistema rob\u00f3tico.<\/span><\/li>\n<li>Componentes el\u00e9ctricos- electr\u00f3nicos de un robot industrial.<\/li>\n<li>Condiciones de instalaci\u00f3n y normativa de una celda rob\u00f3tica.\u00a0<\/li>\n<li><span style=\"font-size: 14px\">Conexi\u00f3n de entradas y salidas de control de perif\u00e9ricos.\u00a0<\/span><\/li>\n<li><span style=\"font-size: 14px\">Conexi\u00f3n a un panel de operador externo de control de la instalaci\u00f3n.\u00a0<\/span><\/li>\n<li style=\"text-align: justify\"><span style=\"font-size: 14px\">Configuracion de las e\/s del robot.<\/span><span style=\"font-size: 14px\">Documentaci\u00f3n t\u00e9cnica (planos de cableado) del sistema rob\u00f3tico.\u00a0<\/span><\/li>\n<li><span style=\"font-size: 14px\">Plan de mantenimiento preventivo del robot.<\/span><\/li>\n<\/ul>\n<p><strong>Duraci\u00f3n<\/strong>: 15 horas<\/p>\n<p>&nbsp;<\/p>\n<p>&nbsp;<\/p>\n<p>&nbsp;<\/p>\n<h2 style=\"text-align: justify\">Rob\u00f3tica III: Programaci\u00f3n avanzada<\/h2>\n<p style=\"text-align: justify\">Curso eminentemente pr\u00e1ctico d\u00f3nde se profundiza en la programaci\u00f3n del robot.<\/p>\n<p style=\"text-align: justify\"><strong style=\"font-size: 14px\">Contenidos<\/strong><\/p>\n<ul>\n<li style=\"text-align: justify\"><span style=\"font-size: 14px;text-align: left\">Instrucciones avanzadas de programaci\u00f3n de robots fanuc.<\/span><\/li>\n<li style=\"text-align: justify\"><span style=\"font-size: 14px;text-align: left\">Practicas de programaci\u00f3n.<\/span><\/li>\n<\/ul>\n<p><strong>Duraci\u00f3n<\/strong>: 20 horas<\/p>\n<p>&nbsp;<\/p>\n<p>&nbsp;<\/p>\n<p>&nbsp;<\/p>\n<h2 style=\"text-align: justify\">Rob\u00f3tica IV: Aplicaciones de paletizado<\/h2>\n<p style=\"text-align: justify\">Curso eminentemente pr\u00e1ctico d\u00f3nde se trata la programaci\u00f3n del robot para la ejecuci\u00f3n de tareas de paletizado<\/p>\n<p><strong style=\"font-size: 14px\">Contenidos<\/strong><\/p>\n<ul>\n<li><span style=\"font-size: 14px\">Tipos de paletizados<\/span><\/li>\n<li>Instrucciones de paletizado<\/li>\n<\/ul>\n<p><strong>Duraci\u00f3n<\/strong>: 15 horas<\/p>\n<p>&nbsp;<\/p>\n<p>&nbsp;<\/p>\n<p>&nbsp;<\/p>\n<h2 style=\"text-align: justify\">Rob\u00f3tica V: Fundamentos matem\u00e1ticos<\/h2>\n<p style=\"text-align: justify\">Curso donde se tratan los principios fundamentos del funcionamiento del robot. Esta dirigido a personas que deseen tener un conocimiento matem\u00e1tico de c\u00f3mo realiza el robot su trabajo, calcula y ejecuta las trayectorias y del control de velocidades y aceleraciones.<\/p>\n<p style=\"text-align: justify\"><strong style=\"font-size: 14px\">Contenidos<\/strong><\/p>\n<ul>\n<li style=\"text-align: justify\"><span style=\"font-size: 14px;text-align: left\">Representaci\u00f3n de la posici\u00f3n.<\/span><\/li>\n<li style=\"text-align: justify\"><span style=\"font-size: 14px;text-align: left\">Cinem\u00e1tica del robot.<\/span><\/li>\n<li style=\"text-align: justify\"><span style=\"font-size: 14px;text-align: left\">Control cinem\u00e1tico.<\/span><\/li>\n<li style=\"text-align: justify\"><span style=\"font-size: 14px;text-align: left\">C\u00e1lculo de trayectorias<\/span><\/li>\n<\/ul>\n<p><strong style=\"font-size: 14px;text-align: left\">Duraci\u00f3n<\/strong><span style=\"font-size: 14px;text-align: left\">: 15 horas<\/span><\/p>\n<p><span style=\"font-size: 14px;text-align: left\"><\/span><\/p>\n<p><span style=\"font-size: 14px;text-align: left\"><\/span><\/p>\n<p><span style=\"font-size: 14px;text-align: left\"><\/span><\/p>\n<h2 style=\"text-align: justify\">Micro aut\u00f3mata Zelio: aplicaciones digitales y anal\u00f3gicas.<\/h2>\n<p style=\"text-align: justify\"><strong style=\"font-size: 14px;text-align: left\">Contenidos<\/strong><\/p>\n<ul>\n<li>\u00bfQue es un Aut\u00f3mata Programable?<\/li>\n<li>Micro-Aut\u00f3mata Zelio Logic de Schneider Electric Telemecanique.<\/li>\n<li>Dise\u00f1o y conexionado de los sensores y actuadores con el aut\u00f3mata.<\/li>\n<li>Entorno de programaci\u00f3n Zelio Sof 2.<\/li>\n<li>Realizaci\u00f3n de aplicaciones pr\u00e1cticas reales.<\/li>\n<li>Programaci\u00f3n en Lenguaje de Contactos.<\/li>\n<li>Programaci\u00f3n mediante Bloques Funcionales.<\/li>\n<li>Programaci\u00f3n mediante Diagramas de Estados. Graffet.<\/li>\n<li>Uso de se\u00f1ales anal\u00f3gicas.<\/li>\n<li>Aplicaciones dom\u00f3ticas.<\/li>\n<\/ul>\n<p><strong>Duraci\u00f3n<\/strong>: 15<\/p>\n<p>&nbsp;<\/p>\n<p>&nbsp;<\/p>\n<p>&nbsp;<\/p>\n<h2 style=\"text-align: justify\">Control de procesos I: Principios y fundamentaci\u00f3n<\/h2>\n<p style=\"text-align: justify\"><strong style=\"font-size: 14px\">Contenidos<\/strong><\/p>\n<ul>\n<li>Conceptos de control de procesos.<\/li>\n<li>\u00bfqu\u00e9 es un lazo de instrumentaci\u00f3n?. Lazoabierto. Lazo cerrado.<\/li>\n<li>Introducci\u00f3n a la regulaci\u00f3n de procesos. Pid<\/li>\n<li>Tipos de instrumentos en control de procesos.<\/li>\n<li>Caracter\u00edsticas b\u00e1sicas de un instrumento. Rango, spam, exactitud\u2026<\/li>\n<\/ul>\n<p><strong style=\"font-size: 14px;text-align: left\">Duraci\u00f3n<\/strong><span style=\"font-size: 14px;text-align: left\">: 15 horas<\/span><\/p>\n<p><span style=\"font-size: 14px;text-align: left\"><\/span><\/p>\n<p><span style=\"font-size: 14px;text-align: left\"><\/span><\/p>\n<p><span style=\"font-size: 14px;text-align: left\"><\/span><\/p>\n<h2>Control de procesos II: Planos y simbolog\u00eda. Diagramas de lazos de instrumentaci\u00f3n<\/h2>\n<h2 style=\"text-align: justify\"><strong style=\"font-family: arial, helvetica;font-size: 14px;color: #494949;text-align: left\">Contenidos<\/strong><\/h2>\n<ul>\n<li>Simbolog\u00eda de control de procesos: norma: ANSU\/ISA-S5.1<\/li>\n<li>Codificaci\u00f3n de instrumentos.<\/li>\n<li>Tipos de instrumentos.<\/li>\n<li>Diagramas P&amp;ID&#8217;s de lazos de instrumentaci\u00f3n.<\/li>\n<li>Planos de cableados electricos.<\/li>\n<\/ul>\n<p><strong>Duraci\u00f3n<\/strong>: 15 horas<\/p>\n<p>&nbsp;<\/p>\n<p>&nbsp;<\/p>\n<p>&nbsp;<\/p>\n<h2 style=\"text-align: justify\">Control de procesos III: Medida de las principales variables de proceso y v\u00e1lvulas de control<\/h2>\n<p style=\"text-align: justify\"><strong style=\"font-size: 14px\">Contenidos<\/strong><\/p>\n<ul>\n<li>Medidas de temperatura,\u00a0nivel,\u00a0presi\u00f3n,\u00a0caudal,\u00a0peso.<\/li>\n<li>Elementos finales de control. V\u00e1lvula autom\u00e1tica.<\/li>\n<li>Otros elementos finales.<\/li>\n<li>Transmisores inteligentes. Hart.<\/li>\n<li>Convertidores de se\u00f1al.<\/li>\n<\/ul>\n<p><strong style=\"font-size: 14px;text-align: left\">Duraci\u00f3n<\/strong><span style=\"font-size: 14px;text-align: left\">: 40 horas<\/span><\/p>\n<p><span style=\"font-size: 14px;text-align: left\"><\/span><\/p>\n<p><span style=\"font-size: 14px;text-align: left\"><\/span><\/p>\n<p><span style=\"font-size: 14px;text-align: left\"><\/span><\/p>\n<h2>Control de procesos IV: Configuraci\u00f3n y programaci\u00f3n de reguladores industriales.<\/h2>\n<h2 style=\"text-align: justify\"><strong style=\"font-family: arial, helvetica;font-size: 14px;color: #494949;text-align: left\">Contenidos<\/strong><\/h2>\n<ul>\n<li>Concepto de realimentaci\u00f3n.<\/li>\n<li>M\u00e9todos de control.<\/li>\n<li>Control on\/off.<\/li>\n<li>Pico o sobrepasamiento. Overshoot.<\/li>\n<li>Oscilaci\u00f3n. Hunting.<\/li>\n<li>Hist\u00e9resis.<\/li>\n<li>Configuraci\u00f3n de entradas.<\/li>\n<li>Salida de pulsos, y anal\u00f3gica.\u00a0Salida inversa y directa.<\/li>\n<li>Offset.<\/li>\n<li>Control P, P+I, PID<\/li>\n<li>Constante alfa.<\/li>\n<li>Autotuning<\/li>\n<li>Banda muerta<\/li>\n<li>Coeficiente de fr\u00cdo.<\/li>\n<li>Escalados.<\/li>\n<li>Funciones de alarma. Tipos alarmas.<\/li>\n<\/ul>\n<p><strong>Duraci\u00f3n<\/strong>: 20 horas<\/p>\n<p>&nbsp;<\/p>\n<p>&nbsp;<\/p>\n<p>&nbsp;<\/p>\n<h2 style=\"text-align: justify\">Neum\u00e1tica y electroneum\u00e1tica<\/h2>\n<p style=\"text-align: justify\"><strong style=\"font-size: 14px\">Contenidos<\/strong><\/p>\n<ul>\n<li>Propiedades de los gases<\/li>\n<li>Componentes<\/li>\n<li>S\u00edmbolos y normas<\/li>\n<li>Producci\u00f3n, preparaci\u00f3n y distribuci\u00f3n de aire comprimido<\/li>\n<li>Seguridad<\/li>\n<li>V\u00e1lvulas<\/li>\n<li>Actuadores<\/li>\n<li>Electroneum\u00e1tica<\/li>\n<li>L\u00f3gica<\/li>\n<li>Mantenimiento y resoluci\u00f3n de aver\u00edas<\/li>\n<li>FluidSim<\/li>\n<\/ul>\n<p><strong style=\"font-size: 14px;text-align: left\">Duraci\u00f3n<\/strong><span style=\"font-size: 14px;text-align: left\">: 30 horas<\/span><\/p>\n<p><span style=\"font-size: 14px;text-align: left\"><\/span><\/p>\n<p><span style=\"font-size: 14px;text-align: left\"><\/span><\/p>\n<p><span style=\"font-size: 14px;text-align: left\"><\/span><\/p>\n<h2>Aut\u00f3matas programables<\/h2>\n<h2 style=\"text-align: justify\"><strong style=\"font-family: arial, helvetica;font-size: 14px;color: #494949;text-align: left\">Contenidos<\/strong><\/h2>\n<ul>\n<li>Automatizaci\u00f3n B\u00e1sica<\/li>\n<li>Aut\u00f3matas Programables<\/li>\n<li>Programaci\u00f3n y simulaci\u00f3n<\/li>\n<li>Pr\u00e1cticas: Zen, Zelio y Logo<\/li>\n<\/ul>\n<p><strong>Duraci\u00f3n<\/strong>: 30 horas<\/p>\n<p>[\/et_pb_tab][et_pb_tab title=\u00bbMecanizado\u00bb _builder_version=\u00bb4.27.2&#8243; global_colors_info=\u00bb{}\u00bb]<\/p>\n<h2 style=\"text-align: justify\">Metrolog\u00eda b\u00e1sica<\/h2>\n<p style=\"text-align: justify\"><strong style=\"font-size: 14px\">Contenidos<\/strong><\/p>\n<ul>\n<li style=\"text-align: justify\"><span style=\"font-size: 14px;text-align: left\">Introducci\u00f3n a la Metrolog\u00eda. Calibraci\u00f3n e Incertidumbre.<\/span><\/li>\n<li style=\"text-align: justify\">Instrumentos de medida y verificaci\u00f3n<\/li>\n<li style=\"text-align: justify\">T\u00e9cnicas de medida y mantenimiento de los instrumentos de medida en taller:<\/li>\n<\/ul>\n<p><strong style=\"font-size: 14px;text-align: left\">Duraci\u00f3n<\/strong><span style=\"font-size: 14px;text-align: left\">: 10 horas<\/span><\/p>\n<p><span style=\"font-size: 14px;text-align: left\"><\/span><\/p>\n<p><span style=\"font-size: 14px;text-align: left\"><\/span><\/p>\n<p><span style=\"font-size: 14px;text-align: left\"><\/span><\/p>\n<h2>Control num\u00e9rico b\u00e1sico I<\/h2>\n<h2 style=\"text-align: justify\"><strong style=\"font-family: arial, helvetica;font-size: 14px;color: #494949;text-align: left\">Contenidos<\/strong><\/h2>\n<ul>\n<li>Tipos de Maquinas de CNC<\/li>\n<li>Motores de movimiento de los ejes y sistemas de control<\/li>\n<li>Estructura de un torno CNC<\/li>\n<li>Lenguaje de programaci\u00f3n para torno CNC<\/li>\n<li>Manipulaci\u00f3n inicial en la m\u00e1quina<\/li>\n<li>Programas inform\u00e1ticos auxiliares<\/li>\n<li>Practicas en torno CNC<\/li>\n<\/ul>\n<p><strong>Duraci\u00f3n<\/strong>: 20 horas<\/p>\n<p>&nbsp;<\/p>\n<p>&nbsp;<\/p>\n<p>&nbsp;<\/p>\n<h2>Control num\u00e9rico b\u00e1sico II<\/h2>\n<h2 style=\"text-align: justify\"><strong style=\"font-family: arial, helvetica;font-size: 14px;color: #494949;text-align: left\">Contenidos<\/strong><\/h2>\n<ul>\n<li>Tipos de Maquinas de CNC<\/li>\n<li>Motores de movimiento de los ejes y sistemas de control<\/li>\n<li>Estructura de una fresadora \/ centro de mecanizado CNC<\/li>\n<li>Lenguaje de programaci\u00f3n para fresadora \/ centro de mecanizado CNC<\/li>\n<li>Manipulaci\u00f3n inicial en la m\u00e1quina<\/li>\n<li>Programas inform\u00e1ticos auxiliares<\/li>\n<li>Practicas en\u00a0fresadora \/ centro de mecanizado CNC<\/li>\n<\/ul>\n<p><strong>Duraci\u00f3n<\/strong>: 20 horas<\/p>\n<p>&nbsp;<\/p>\n<p>&nbsp;<\/p>\n<p>&nbsp;<\/p>\n<h2 style=\"text-align: justify\">Manejo de las m\u00e1quinas herramientas b\u00e1sicas<\/h2>\n<p style=\"text-align: justify\"><strong style=\"font-size: 14px\">Contenidos<\/strong><\/p>\n<ul>\n<li style=\"text-align: justify\"><span style=\"font-size: 14px;text-align: left\">Normas generales de seguridad en las m\u00e1quinas herramientas.<\/span><\/li>\n<li style=\"text-align: justify\"><span style=\"font-size: 14px;text-align: left\">Taladro columna y taladro manual.<\/span>\n<ul>\n<li style=\"text-align: justify\"><span style=\"font-size: 14px;text-align: left\">Funcionamiento y mantenimiento b\u00e1sico<\/span><\/li>\n<li style=\"text-align: justify\"><span style=\"font-size: 14px;text-align: left\">Afilado de brocas.<\/span><\/li>\n<li style=\"text-align: justify\"><span style=\"font-size: 14px;text-align: left\">Procesos de taladrado.<\/span><\/li>\n<\/ul>\n<\/li>\n<li style=\"text-align: justify\"><span style=\"font-size: 14px;text-align: left\">Amoladora angular (radial).<\/span>\n<ul>\n<li style=\"text-align: justify\"><span style=\"font-size: 14px;text-align: left\">Funcionamiento y mantenimiento b\u00e1sico.<\/span><\/li>\n<li style=\"text-align: justify\"><span style=\"font-size: 14px;text-align: left\">Sustituci\u00f3n de discos.<\/span><\/li>\n<li style=\"text-align: justify\"><span style=\"font-size: 14px;text-align: left\">M\u00e9todos de corte.<\/span><\/li>\n<\/ul>\n<\/li>\n<li style=\"text-align: justify\"><span style=\"font-size: 14px;text-align: left\">Sierra de cinta \/ sierra de vaiv\u00e9n.<\/span>\n<ul>\n<li style=\"text-align: justify\"><span style=\"font-size: 14px;text-align: left\">Funcionamiento y mantenimiento b\u00e1sico.<\/span><\/li>\n<li style=\"text-align: justify\"><span style=\"font-size: 14px;text-align: left\">Sustituci\u00f3n de hojas de sierra.<\/span><\/li>\n<li style=\"text-align: justify\"><span style=\"font-size: 14px;text-align: left\">M\u00e9todos de trabajo.<\/span><\/li>\n<\/ul>\n<\/li>\n<\/ul>\n<p><strong style=\"font-size: 14px;text-align: left\">Duraci\u00f3n<\/strong><span style=\"font-size: 14px;text-align: left\">: 20 horas<\/span><\/p>\n<p><span style=\"font-size: 14px;text-align: left\"><\/span><\/p>\n<p><span style=\"font-size: 14px;text-align: left\"><\/span><\/p>\n<p><span style=\"font-size: 14px;text-align: left\"><\/span><\/p>\n<h2 style=\"text-align: justify\">Fabricaci\u00f3n mec\u00e1nica: Interpretaci\u00f3n de planos<\/h2>\n<p style=\"text-align: justify\"><strong style=\"font-size: 14px\">Contenidos<\/strong><\/p>\n<ul>\n<li style=\"text-align: justify\"><span style=\"font-size: 14px;text-align: left\">El dibujo t\u00e9cnico. Clasificaci\u00f3n y tipos de formatos de papel.<\/span><\/li>\n<li style=\"text-align: justify\"><span style=\"font-size: 14px;text-align: left\">Normas de representaci\u00f3n de planos.<\/span><\/li>\n<li style=\"text-align: justify\"><span style=\"font-size: 14px;text-align: left\">L\u00edneas y texto.<\/span><\/li>\n<li style=\"text-align: justify\"><span style=\"font-size: 14px;text-align: left\">Escalas.<\/span><\/li>\n<li style=\"text-align: justify\"><span style=\"font-size: 14px;text-align: left\">Representaci\u00f3n de piezas.<\/span><\/li>\n<li style=\"text-align: justify\"><span style=\"font-size: 14px;text-align: left\">Dibujo de conjunto y despiece.<\/span><\/li>\n<li style=\"text-align: justify\"><span style=\"font-size: 14px;text-align: left\">Acotaci\u00f3n<\/span><\/li>\n<li style=\"text-align: justify\"><span style=\"font-size: 14px;text-align: left\">Estados superficiales.<\/span><\/li>\n<li style=\"text-align: justify\"><span style=\"font-size: 14px;text-align: left\">Tolerancia de medida, forma y posici\u00f3n<\/span><\/li>\n<li style=\"text-align: justify\"><span style=\"font-size: 14px;text-align: left\">Uniones desmontables.<\/span><\/li>\n<li style=\"text-align: justify\"><span style=\"font-size: 14px;text-align: left\">Uniones fijas.<\/span><\/li>\n<\/ul>\n<p><strong style=\"font-size: 14px;text-align: left\">Duraci\u00f3n<\/strong><span style=\"font-size: 14px;text-align: left\">: 20 horas<\/span><\/p>\n<p><span style=\"font-size: 14px;text-align: left\"><\/span><\/p>\n<p><span style=\"font-size: 14px;text-align: left\"><\/span><\/p>\n<p><span style=\"font-size: 14px;text-align: left\"><\/span><\/p>\n<h2 style=\"text-align: justify\">Fabricaci\u00f3n mec\u00e1nica: Torno y fresa<\/h2>\n<p style=\"text-align: justify\"><strong style=\"font-size: 14px\">Contenidos<\/strong><\/p>\n<ul>\n<li style=\"text-align: justify\">Tipos de Maquinas.<\/li>\n<li style=\"text-align: justify\">Movimiento de carros y tambores.<\/li>\n<li style=\"text-align: justify\">Cambio de velocidades.<\/li>\n<li style=\"text-align: justify\">Practicas b\u00e1sicas en maquina convencional.<\/li>\n<li style=\"text-align: justify\">Movimientos autom\u00e1ticos y roscado.<\/li>\n<li style=\"text-align: justify\">Practicas en maquina convencional.<\/li>\n<\/ul>\n<ul><\/ul>\n<p><strong style=\"font-size: 14px;text-align: left\">Duraci\u00f3n<\/strong><span style=\"font-size: 14px;text-align: left\">: 20 horas<\/span><\/p>\n<p><span style=\"font-size: 14px;text-align: left\"><\/span><\/p>\n<p><span style=\"font-size: 14px;text-align: left\"><\/span><\/p>\n<p><span style=\"font-size: 14px;text-align: left\"><\/span><\/p>\n<h2>Soldadura<\/h2>\n<h2 style=\"text-align: justify\"><strong style=\"font-family: arial, helvetica;font-size: 14px;color: #494949;text-align: left\">Contenidos<\/strong><\/h2>\n<ul>\n<li>Electrodo.\n<ul>\n<li>Conocimientos de la m\u00e1quina.<\/li>\n<li>Pr\u00e1cticas de soldadura.<\/li>\n<\/ul>\n<\/li>\n<li>MIG-MAG.\n<ul>\n<li>Conocimientos de la m\u00e1quina.<\/li>\n<li>Pr\u00e1cticas de soldadura.<\/li>\n<\/ul>\n<\/li>\n<li>Plasma\n<ul>\n<li>Conocimientos de la m\u00e1quina.<\/li>\n<li>Pr\u00e1cticas de corte.<\/li>\n<\/ul>\n<\/li>\n<\/ul>\n<p><strong>Duraci\u00f3n<\/strong>: 65 horas<\/p>\n<p>&nbsp;<\/p>\n<p>&nbsp;<\/p>\n<p>&nbsp;<\/p>\n<h2>Solidworks b\u00e1sico<\/h2>\n<h2 style=\"text-align: justify\"><strong style=\"font-family: arial, helvetica;font-size: 14px;color: #494949;text-align: left\">Contenidos<\/strong><\/h2>\n<ul>\n<li>Introducci\u00f3n software de solidworks.<\/li>\n<li>Metodolog\u00eda.<\/li>\n<li>Operaciones b\u00e1sicas.<\/li>\n<li>Errores.<\/li>\n<li>Ensamblaje<\/li>\n<li>Dibujos<\/li>\n<\/ul>\n<p><strong>Duraci\u00f3n<\/strong>: 20 horas<\/p>\n<p>&nbsp;<\/p>\n<p>&nbsp;<\/p>\n<p>&nbsp;<\/p>\n<h2 style=\"text-align: justify\">Neum\u00e1tica b\u00e1sica<\/h2>\n<p style=\"text-align: justify\"><strong style=\"font-size: 14px\">Contenidos<\/strong><\/p>\n<ul>\n<li style=\"text-align: justify\">Fundamentos de la neum\u00e1tica<\/li>\n<li style=\"text-align: justify\">Elementos de la neum\u00e1tica<\/li>\n<li style=\"text-align: justify\">Simbolog\u00eda de la neum\u00e1tica.<\/li>\n<li style=\"text-align: justify\">Ejercicios pr\u00e1cticos.<\/li>\n<\/ul>\n<p><strong style=\"font-size: 14px;text-align: left\">Duraci\u00f3n<\/strong><span style=\"font-size: 14px;text-align: left\">: 20 horas<\/span><\/p>\n<p>[\/et_pb_tab][\/et_pb_tabs][\/et_pb_column][\/et_pb_row][et_pb_row column_structure=\u00bb1_2,1_2&#8243; module_class=\u00bbpagina-texto\u00bb _builder_version=\u00bb4.16&#8243; background_size=\u00bbinitial\u00bb background_position=\u00bbtop_left\u00bb background_repeat=\u00bbrepeat\u00bb custom_padding=\u00bb27px|0px|3px|0px|false|false\u00bb global_colors_info=\u00bb{}\u00bb][et_pb_column type=\u00bb1_2&#8243; _builder_version=\u00bb4.16&#8243; custom_padding=\u00bb|||\u00bb global_colors_info=\u00bb{}\u00bb custom_padding__hover=\u00bb|||\u00bb][\/et_pb_column][et_pb_column type=\u00bb1_2&#8243; _builder_version=\u00bb4.16&#8243; custom_padding=\u00bb|||\u00bb global_colors_info=\u00bb{}\u00bb custom_padding__hover=\u00bb|||\u00bb][et_pb_text ol_position=\u00bboutside\u00bb ol_item_indent=\u00bb4px\u00bb _builder_version=\u00bb4.16&#8243; text_font=\u00bb||||||||\u00bb ul_font=\u00bb||||||||\u00bb ol_font=\u00bb||||||||\u00bb ol_text_align=\u00bbleft\u00bb background_size=\u00bbinitial\u00bb background_position=\u00bbtop_left\u00bb background_repeat=\u00bbrepeat\u00bb use_border_color=\u00bboff\u00bb border_color=\u00bb#ffffff\u00bb border_style=\u00bbsolid\u00bb global_colors_info=\u00bb{}\u00bb][\/et_pb_text][\/et_pb_column][\/et_pb_row][\/et_pb_section]<\/p>\n","protected":false},"excerpt":{"rendered":"<p>Como centro de Formaci\u00f3n Profesional ofrecemos a las empresas cursos de formaci\u00f3n para sus trabajadores dentro de nuestras especialidades formativas. Todos los cursos son bonificables a trav\u00e9s del cr\u00e9dito de formaci\u00f3n de las empresas.Elige la especialidad Inform\u00e1tica Gesti\u00f3n Empresarial Automatizaci\u00f3n y rob\u00f3tica Mecanizado Cursos a medida Solicita presupuesto para cada uno de los cursos. Si [&hellip;]<\/p>\n","protected":false},"author":3,"featured_media":0,"parent":0,"menu_order":0,"comment_status":"closed","ping_status":"closed","template":"","meta":{"_et_pb_use_builder":"on","_et_pb_old_content":"","_et_gb_content_width":"","footnotes":""},"class_list":["post-9660","page","type-page","status-publish","hentry"],"yoast_head":"<!-- This site is optimized with the Yoast SEO plugin v28.4 - https:\/\/yoast.com\/product\/yoast-seo-wordpress\/ -->\n<title>Formaci\u00f3n Presencial - Colegio Santo Domingo Savio<\/title>\n<meta name=\"robots\" content=\"index, follow, max-snippet:-1, max-image-preview:large, max-video-preview:-1\" \/>\n<link rel=\"canonical\" href=\"https:\/\/monzon.salesianos.edu\/colegio\/formacion-presencial\/\" \/>\n<meta property=\"og:locale\" content=\"es_ES\" \/>\n<meta property=\"og:type\" content=\"article\" \/>\n<meta property=\"og:title\" content=\"Formaci\u00f3n Presencial - Colegio Santo Domingo Savio\" \/>\n<meta property=\"og:description\" content=\"Como centro de Formaci\u00f3n Profesional ofrecemos a las empresas cursos de formaci\u00f3n para sus trabajadores dentro de nuestras especialidades formativas. Todos los cursos son bonificables a trav\u00e9s del cr\u00e9dito de formaci\u00f3n de las empresas.Elige la especialidad Inform\u00e1tica Gesti\u00f3n Empresarial Automatizaci\u00f3n y rob\u00f3tica Mecanizado Cursos a medida Solicita presupuesto para cada uno de los cursos. Si [&hellip;]\" \/>\n<meta property=\"og:url\" content=\"https:\/\/monzon.salesianos.edu\/colegio\/formacion-presencial\/\" \/>\n<meta property=\"og:site_name\" content=\"Colegio Santo Domingo Savio\" \/>\n<meta property=\"article:modified_time\" content=\"2024-11-12T09:03:22+00:00\" \/>\n<meta name=\"twitter:card\" content=\"summary_large_image\" \/>\n<meta name=\"twitter:label1\" content=\"Tiempo de lectura\" \/>\n\t<meta name=\"twitter:data1\" content=\"12 minutos\" \/>\n<script type=\"application\/ld+json\" class=\"yoast-schema-graph\">{\"@context\":\"https:\\\/\\\/schema.org\",\"@graph\":[{\"@type\":\"WebPage\",\"@id\":\"https:\\\/\\\/monzon.salesianos.edu\\\/colegio\\\/formacion-presencial\\\/\",\"url\":\"https:\\\/\\\/monzon.salesianos.edu\\\/colegio\\\/formacion-presencial\\\/\",\"name\":\"Formaci\u00f3n Presencial - Colegio Santo Domingo Savio\",\"isPartOf\":{\"@id\":\"https:\\\/\\\/monzon.salesianos.edu\\\/colegio\\\/#website\"},\"datePublished\":\"2019-02-12T08:42:13+00:00\",\"dateModified\":\"2024-11-12T09:03:22+00:00\",\"breadcrumb\":{\"@id\":\"https:\\\/\\\/monzon.salesianos.edu\\\/colegio\\\/formacion-presencial\\\/#breadcrumb\"},\"inLanguage\":\"es\",\"potentialAction\":[{\"@type\":\"ReadAction\",\"target\":[\"https:\\\/\\\/monzon.salesianos.edu\\\/colegio\\\/formacion-presencial\\\/\"]}]},{\"@type\":\"BreadcrumbList\",\"@id\":\"https:\\\/\\\/monzon.salesianos.edu\\\/colegio\\\/formacion-presencial\\\/#breadcrumb\",\"itemListElement\":[{\"@type\":\"ListItem\",\"position\":1,\"name\":\"Portada\",\"item\":\"https:\\\/\\\/monzon.salesianos.edu\\\/colegio\\\/\"},{\"@type\":\"ListItem\",\"position\":2,\"name\":\"Formaci\u00f3n Presencial\"}]},{\"@type\":\"WebSite\",\"@id\":\"https:\\\/\\\/monzon.salesianos.edu\\\/colegio\\\/#website\",\"url\":\"https:\\\/\\\/monzon.salesianos.edu\\\/colegio\\\/\",\"name\":\"Colegio Santo Domingo Savio\",\"description\":\"P\u00e1gina oficial Salesianos Monz\u00f3n\",\"potentialAction\":[{\"@type\":\"SearchAction\",\"target\":{\"@type\":\"EntryPoint\",\"urlTemplate\":\"https:\\\/\\\/monzon.salesianos.edu\\\/colegio\\\/?s={search_term_string}\"},\"query-input\":{\"@type\":\"PropertyValueSpecification\",\"valueRequired\":true,\"valueName\":\"search_term_string\"}}],\"inLanguage\":\"es\"}]}<\/script>\n<!-- \/ Yoast SEO plugin. -->","yoast_head_json":{"title":"Formaci\u00f3n Presencial - Colegio Santo Domingo Savio","robots":{"index":"index","follow":"follow","max-snippet":"max-snippet:-1","max-image-preview":"max-image-preview:large","max-video-preview":"max-video-preview:-1"},"canonical":"https:\/\/monzon.salesianos.edu\/colegio\/formacion-presencial\/","og_locale":"es_ES","og_type":"article","og_title":"Formaci\u00f3n Presencial - Colegio Santo Domingo Savio","og_description":"Como centro de Formaci\u00f3n Profesional ofrecemos a las empresas cursos de formaci\u00f3n para sus trabajadores dentro de nuestras especialidades formativas. Todos los cursos son bonificables a trav\u00e9s del cr\u00e9dito de formaci\u00f3n de las empresas.Elige la especialidad Inform\u00e1tica Gesti\u00f3n Empresarial Automatizaci\u00f3n y rob\u00f3tica Mecanizado Cursos a medida Solicita presupuesto para cada uno de los cursos. Si [&hellip;]","og_url":"https:\/\/monzon.salesianos.edu\/colegio\/formacion-presencial\/","og_site_name":"Colegio Santo Domingo Savio","article_modified_time":"2024-11-12T09:03:22+00:00","twitter_card":"summary_large_image","twitter_misc":{"Tiempo de lectura":"12 minutos"},"schema":{"@context":"https:\/\/schema.org","@graph":[{"@type":"WebPage","@id":"https:\/\/monzon.salesianos.edu\/colegio\/formacion-presencial\/","url":"https:\/\/monzon.salesianos.edu\/colegio\/formacion-presencial\/","name":"Formaci\u00f3n Presencial - Colegio Santo Domingo Savio","isPartOf":{"@id":"https:\/\/monzon.salesianos.edu\/colegio\/#website"},"datePublished":"2019-02-12T08:42:13+00:00","dateModified":"2024-11-12T09:03:22+00:00","breadcrumb":{"@id":"https:\/\/monzon.salesianos.edu\/colegio\/formacion-presencial\/#breadcrumb"},"inLanguage":"es","potentialAction":[{"@type":"ReadAction","target":["https:\/\/monzon.salesianos.edu\/colegio\/formacion-presencial\/"]}]},{"@type":"BreadcrumbList","@id":"https:\/\/monzon.salesianos.edu\/colegio\/formacion-presencial\/#breadcrumb","itemListElement":[{"@type":"ListItem","position":1,"name":"Portada","item":"https:\/\/monzon.salesianos.edu\/colegio\/"},{"@type":"ListItem","position":2,"name":"Formaci\u00f3n Presencial"}]},{"@type":"WebSite","@id":"https:\/\/monzon.salesianos.edu\/colegio\/#website","url":"https:\/\/monzon.salesianos.edu\/colegio\/","name":"Colegio Santo Domingo Savio","description":"P\u00e1gina oficial Salesianos Monz\u00f3n","potentialAction":[{"@type":"SearchAction","target":{"@type":"EntryPoint","urlTemplate":"https:\/\/monzon.salesianos.edu\/colegio\/?s={search_term_string}"},"query-input":{"@type":"PropertyValueSpecification","valueRequired":true,"valueName":"search_term_string"}}],"inLanguage":"es"}]}},"_links":{"self":[{"href":"https:\/\/monzon.salesianos.edu\/colegio\/wp-json\/wp\/v2\/pages\/9660","targetHints":{"allow":["GET"]}}],"collection":[{"href":"https:\/\/monzon.salesianos.edu\/colegio\/wp-json\/wp\/v2\/pages"}],"about":[{"href":"https:\/\/monzon.salesianos.edu\/colegio\/wp-json\/wp\/v2\/types\/page"}],"author":[{"embeddable":true,"href":"https:\/\/monzon.salesianos.edu\/colegio\/wp-json\/wp\/v2\/users\/3"}],"replies":[{"embeddable":true,"href":"https:\/\/monzon.salesianos.edu\/colegio\/wp-json\/wp\/v2\/comments?post=9660"}],"version-history":[{"count":36,"href":"https:\/\/monzon.salesianos.edu\/colegio\/wp-json\/wp\/v2\/pages\/9660\/revisions"}],"predecessor-version":[{"id":12592,"href":"https:\/\/monzon.salesianos.edu\/colegio\/wp-json\/wp\/v2\/pages\/9660\/revisions\/12592"}],"wp:attachment":[{"href":"https:\/\/monzon.salesianos.edu\/colegio\/wp-json\/wp\/v2\/media?parent=9660"}],"curies":[{"name":"wp","href":"https:\/\/api.w.org\/{rel}","templated":true}]}}