{"id":9423,"date":"2018-04-27T11:18:23","date_gmt":"2018-04-27T10:18:23","guid":{"rendered":"https:\/\/monzon.salesianos.edu\/colegio\/?page_id=9423"},"modified":"2026-07-02T12:25:22","modified_gmt":"2026-07-02T11:25:22","slug":"proceso-de-admision","status":"publish","type":"page","link":"https:\/\/monzon.salesianos.edu\/colegio\/proceso-de-admision\/","title":{"rendered":"Proceso de Admisi\u00f3n"},"content":{"rendered":"<p>[et_pb_section fb_built=\u00bb1&#8243; fullwidth=\u00bbon\u00bb _builder_version=\u00bb4.17.4&#8243; _module_preset=\u00bbdefault\u00bb global_colors_info=\u00bb{}\u00bb][et_pb_fullwidth_header title=\u00bbAdmisiones curso 2026 &#8211; 2027&#8243; disabled_on=\u00bboff|off|off\u00bb _builder_version=\u00bb4.25.1&#8243; _module_preset=\u00bbdefault\u00bb title_font_size=\u00bb56px\u00bb use_background_color_gradient=\u00bbon\u00bb background_color_gradient_stops=\u00bb#e02b20 0%|#ffffff 100%\u00bb background_image=\u00bbhttps:\/\/monzon.salesianos.edu\/colegio\/wp-content\/uploads\/sites\/2\/2024\/06\/BANNER-4.jpg\u00bb background_enable_video_mp4=\u00bboff\u00bb min_height=\u00bb231px\u00bb text_shadow_style=\u00bbpreset2&#8243; global_colors_info=\u00bb{}\u00bb]<\/p>\n<p>Calendario y procedimiento<\/p>\n<p>[\/et_pb_fullwidth_header][\/et_pb_section][et_pb_section fb_built=\u00bb1&#8243; module_class=\u00bbpagina-seccion-contenido\u00bb _builder_version=\u00bb4.27.4&#8243; custom_padding=\u00bb-4%||54px|\u00bb global_colors_info=\u00bb{}\u00bb][et_pb_row column_structure=\u00bb1_2,1_2&#8243; module_class=\u00bbpagina-texto\u00bb _builder_version=\u00bb4.16&#8243; background_size=\u00bbinitial\u00bb background_position=\u00bbtop_left\u00bb background_repeat=\u00bbrepeat\u00bb custom_padding=\u00bb||4px|||\u00bb global_colors_info=\u00bb{}\u00bb][et_pb_column type=\u00bb1_2&#8243; _builder_version=\u00bb4.16&#8243; custom_padding=\u00bb|||\u00bb global_colors_info=\u00bb{}\u00bb custom_padding__hover=\u00bb|||\u00bb][et_pb_text _builder_version=\u00bb4.25.1&#8243; background_size=\u00bbinitial\u00bb background_position=\u00bbtop_left\u00bb background_repeat=\u00bbrepeat\u00bb use_border_color=\u00bboff\u00bb global_colors_info=\u00bb{}\u00bb]<\/p>\n<p>&nbsp;<\/p>\n<p>En este apartado encontrar\u00e1s informaci\u00f3n sobre el calendario del proceso de admisi\u00f3n.<\/p>\n<p>[\/et_pb_text][et_pb_text disabled_on=\u00bbon|on|on\u00bb _builder_version=\u00bb4.27.0&#8243; _module_preset=\u00bbdefault\u00bb background_color=\u00bb#eaeaea\u00bb border_radii=\u00bbon|5px|5px|5px|5px\u00bb border_width_all=\u00bb2px\u00bb border_color_all=\u00bb#E02B20&#8243; disabled=\u00bbon\u00bb global_colors_info=\u00bb{}\u00bb]<\/p>\n<h1><\/h1>\n<h1 style=\"text-align: center\"><span style=\"text-decoration: underline\">ABIERTA LA FASE 2 DEL FUERA DE PLAZO PARA LA FORMACI\u00d3N PROFESIONAL<\/span><\/h1>\n<ul>\n<li>El <strong>21 de octubre <\/strong>se publican las vacantes.<\/li>\n<li>De las <strong>09:00 del martes 22 hasta las 23:59 del mi\u00e9rcoles 23 de octubre<\/strong> se solicita plaza.<\/li>\n<li>El <strong>jueves 24 de octubre<\/strong> citaci\u00f3n para los actos p\u00fablicos de adjudicaci\u00f3n de vacantes.<\/li>\n<li><strong>Viernes 25 de octubre<\/strong> adjudicaci\u00f3n de vacantes en Huesca.<\/li>\n<\/ul>\n<h3 style=\"text-align: center\">Matr\u00edcula en el centro en el que te adjudiquen la plaza, ese mismo d\u00eda o al d\u00eda siguiente.<\/h3>\n<h3 style=\"text-align: center\">Solicitud de plaza y consulta de citaci\u00f3n en este link<\/h3>\n<p>[\/et_pb_text][et_pb_button button_url=\u00bbhttps:\/\/educa.aragon.es\/-\/admisionfpfp\u00bb button_text=\u00bbSolicita tu plaza\u00bb button_alignment=\u00bbcenter\u00bb disabled_on=\u00bbon|on|on\u00bb _builder_version=\u00bb4.27.2&#8243; custom_button=\u00bbon\u00bb button_text_color=\u00bb#ffffff\u00bb button_bg_color=\u00bb#e02b20&#8243; button_border_color=\u00bb#e02b20&#8243; button_border_radius=\u00bb8px\u00bb button_font=\u00bb||||||||\u00bb button_icon=\u00bb&#xf5fc;||fa||900&#8243; button_icon_color=\u00bb#FFFFFF\u00bb button_icon_placement=\u00bbleft\u00bb disabled=\u00bbon\u00bb global_colors_info=\u00bb{}\u00bb][\/et_pb_button][et_pb_text disabled_on=\u00bboff|off|off\u00bb _builder_version=\u00bb4.24.3&#8243; _module_preset=\u00bbdefault\u00bb width=\u00bb96.2%\u00bb global_colors_info=\u00bb{}\u00bb]<\/p>\n<h1>PREINSCRIPCI\u00d3N ESO<\/h1>\n<p>&nbsp;<\/p>\n<h2>\u00bfCu\u00e1ndo empieza el proceso de admisi\u00f3n de alumnos nuevos?<\/h2>\n<p style=\"text-align: justify;\">El alumnado que quiera acceder a las etapas de <strong>ESO<\/strong>\u00a0en el\u00a0<strong>curso 2026\/2027<\/strong>, el\u00a0<strong>calendario de admisiones<\/strong> establecido por el departamento de Educaci\u00f3n del Gobierno de Arag\u00f3n establecido en el <a href=\"https:\/\/www.aragon.es\/-\/admision-y-matricula.-educacion-infantil-y-primaria\">DECRETO 57\/2024<\/a>, del 3 de ABRIL de 2025,<a href=\"https:\/\/drive.google.com\/open?id=19pqPGW1fEiyy7vTQPvQI1I-Ne8LsyRDA\">\u00a0<\/a>\u00a0por la que se convoca el procedimiento de admisi\u00f3n\u00a0de alumnos en centros docentes p\u00fablicos y privados concertados es el siguiente:<\/p>\n<ul>\n<li style=\"text-align: justify;\"><a href=\"\/\/educa.aragon.es\/documents\/20126\/6330480\/2026-03-24+Anexo+II+a%29+calendario+EI+PRI+ESO.pdf\/cd0552fa-c6e0-5539-a0c0-8f16a45f5674?t=1774337403298\">Calendario ESO<\/a><\/li>\n<li>Criterios de Baremaci\u00f3n.<\/li>\n<\/ul>\n<p>[\/et_pb_text][et_pb_text _builder_version=\u00bb4.27.4&#8243; _module_preset=\u00bbdefault\u00bb global_colors_info=\u00bb{}\u00bb]<\/p>\n<table border=\"5\" style=\"height: 120px;width: 100%;border-collapse: collapse;border-style: solid;border-color: black\">\n<caption><\/caption>\n<tbody>\n<tr style=\"height: 24px\">\n<td style=\"width: 50%;height: 24px;background-color: red;border-style: solid;border-color: black;text-align: center\" colspan=\"2\"><strong><span style=\"color: #ffffff\">ESO<\/span><\/strong><\/td>\n<\/tr>\n<tr style=\"height: 24px\">\n<td style=\"width: 50%;border-style: solid;border-color: black;text-align: center;height: 24px\"><strong>FASES<\/strong><\/td>\n<td style=\"width: 50%;border-style: solid;border-color: black;text-align: center;height: 24px\"><strong>FECHAS<\/strong><\/td>\n<\/tr>\n<tr style=\"height: 24px\">\n<td style=\"width: 50%;height: 24px;border-style: solid;border-color: black\">Presentaci\u00f3n solicitudes y verificaci\u00f3n<\/td>\n<td style=\"width: 50%;height: 24px;border-style: solid;border-color: black\">Desde las 9 h. del jueves 16 de abril hasta las 14 h. del mi\u00e9rcoles 22 de abril, ambos inclusive.<\/td>\n<\/tr>\n<tr style=\"height: 24px\">\n<td style=\"width: 50%;height: 24px;border-style: solid;border-color: black\">Publicaci\u00f3n listas definitivas<\/td>\n<td style=\"width: 50%;height: 24px;border-style: solid;border-color: black\">Viernes 15 de mayo.<\/td>\n<\/tr>\n<tr style=\"height: 24px\">\n<td style=\"width: 50%;height: 24px;border-style: solid;border-color: black\">Matriculaci\u00f3n ESO<\/td>\n<td style=\"width: 50%;height: 24px;border-style: solid;border-color: black\">Desde las 9 h. del viernes 19 de junio hasta las14 h. del jueves 25 de junio.<\/td>\n<\/tr>\n<\/tbody>\n<\/table>\n<p>&nbsp;<\/p>\n<p>[\/et_pb_text][et_pb_blurb title=\u00bbPresentaci\u00f3n de solicitudes (preinscripci\u00f3n)\u00bb use_icon=\u00bbon\u00bb font_icon=\u00bb&#x69;||divi||400&#8243; icon_placement=\u00bbleft\u00bb content_max_width=\u00bb800px\u00bb disabled_on=\u00bboff|off|off\u00bb _builder_version=\u00bb4.27.4&#8243; global_colors_info=\u00bb{}\u00bb]<\/p>\n<p style=\"text-align: justify\"><strong>ESO:<\/strong><em> Desde las 9 h. del jueves 16 de abril hasta las 14 h. del mi\u00e9rcoles 22 de abril, ambos inclusive.<\/em><\/p>\n<p style=\"text-align: justify\"><em style=\"font-size: 14px\">Se presentar\u00e1n las solicitudes de manera telem\u00e1tica,\u00a0seleccionando el centro elegido <strong>(SANTO DOMINGO SAVIO)<\/strong> como primera opci\u00f3n<strong>\u00a0<\/strong><\/em><span style=\"font-size: 14px\">en la <\/span>p\u00e1gina de admisi\u00f3n (activo solo durante el periodo de preinscripci\u00f3n)<span style=\"font-size: 14px\"> del departamento de Educaci\u00f3n. Se requiere una direcci\u00f3n de correo electr\u00f3nico y un n\u00famero de m\u00f3vil.<\/span><\/p>\n<p>[\/et_pb_blurb][et_pb_button button_url=\u00bbhttps:\/\/aplicaciones.aragon.es\/pcrcs\/conexion\u00bb button_text=\u00bbSolicitud de preinscripci\u00f3n\u00bb button_alignment=\u00bbcenter\u00bb disabled_on=\u00bboff|off|off\u00bb _builder_version=\u00bb4.27.4&#8243; _module_preset=\u00bbdefault\u00bb custom_button=\u00bbon\u00bb button_text_color=\u00bb#FFFFFF\u00bb button_bg_color=\u00bb#E02B20&#8243; button_border_radius=\u00bb47px\u00bb button_icon=\u00bb&#x6a;||divi||400&#8243; global_colors_info=\u00bb{}\u00bb][\/et_pb_button][et_pb_blurb icon_placement=\u00bbleft\u00bb content_max_width=\u00bb800px\u00bb disabled_on=\u00bboff|off|off\u00bb _builder_version=\u00bb4.27.4&#8243; global_colors_info=\u00bb{}\u00bb]<\/p>\n<p><span style=\"font-size: 14px;text-align: justify;color: #ff0000\"><strong>Advertencia<\/strong><\/span><span style=\"font-size: 14px;text-align: justify\">. Quedar\u00e1n excluidos de procedimiento los siguientes casos:<\/span><\/p>\n<ul style=\"text-align: justify\">\n<li>Cuando se presenta m\u00e1s de una solicitud para unos mismos estudios.<\/li>\n<li>Cuando se presentan fuera del plazo de presentaci\u00f3n de solicitudes.<\/li>\n<li>Cuando se aprecie la existencia de indicios razonados y suficientes de falsedad de la documentaci\u00f3n aportada por el interesado o de los datos reflejados en la misma.<\/li>\n<\/ul>\n<p>[\/et_pb_blurb][et_pb_blurb title=\u00bbListas baremadas\u00bb use_icon=\u00bbon\u00bb font_icon=\u00bb&#x62;||divi||400&#8243; icon_placement=\u00bbleft\u00bb content_max_width=\u00bb800px\u00bb disabled_on=\u00bboff|off|off\u00bb _builder_version=\u00bb4.27.4&#8243; global_colors_info=\u00bb{}\u00bb]<\/p>\n<p>Lunes 4 de mayo de 2026<\/p>\n<p>[\/et_pb_blurb][et_pb_blurb title=\u00bbListas provisionales\u00bb use_icon=\u00bbon\u00bb font_icon=\u00bb&#x62;||divi||400&#8243; icon_placement=\u00bbleft\u00bb content_max_width=\u00bb800px\u00bb disabled_on=\u00bboff|off|off\u00bb _builder_version=\u00bb4.27.4&#8243; global_colors_info=\u00bb{}\u00bb]<\/p>\n<p>Lunes 11 de mayo de 2026<\/p>\n<p>[\/et_pb_blurb][et_pb_blurb title=\u00bbListas definitivas\u00bb use_icon=\u00bbon\u00bb font_icon=\u00bb&#x62;||divi||400&#8243; icon_placement=\u00bbleft\u00bb content_max_width=\u00bb805px\u00bb disabled_on=\u00bboff|off|off\u00bb _builder_version=\u00bb4.20.0&#8243; global_colors_info=\u00bb{}\u00bb]<\/p>\n<p><span style=\"font-size: 14px\">Viernes 15 de mayo de 2026<\/span><\/p>\n<p>&nbsp;<\/p>\n<p>[\/et_pb_blurb][\/et_pb_column][et_pb_column type=\u00bb1_2&#8243; _builder_version=\u00bb4.16&#8243; custom_padding=\u00bb|||\u00bb global_colors_info=\u00bb{}\u00bb custom_padding__hover=\u00bb|||\u00bb][et_pb_text disabled_on=\u00bboff|off|off\u00bb _builder_version=\u00bb4.25.1&#8243; _module_preset=\u00bbdefault\u00bb background_color=\u00bb#FFFFFF\u00bb transform_scale_linked=\u00bboff\u00bb transform_translate=\u00bb0px|450px\u00bb transform_translate_linked=\u00bboff\u00bb border_radii=\u00bbon|9px|9px|9px|9px\u00bb border_width_all=\u00bb4px\u00bb border_color_all=\u00bb#E02B20&#8243; border_style_all=\u00bbgroove\u00bb box_shadow_style=\u00bbpreset4&#8243; global_colors_info=\u00bb{}\u00bb]<\/p>\n<h3 style=\"text-align: center\"><\/h3>\n<h3 style=\"text-align: center\">AYUDA PROCESOS DE PREINSCRIPCI\u00d3N EN ESO<\/h3>\n<h5><i>OFICINA DE INFORMACI\u00d3N GENERAL SOBRE EL PROCESO DE ESCOLARIZACI\u00d3N<\/i><\/h5>\n<p><i>\u2022\u00a0 \u00a0 Atender consultas sobre la normativa vigente que regula el proceso de escolarizaci\u00f3n de ESO.<br \/><\/i><\/p>\n<p><i>\u2022\u00a0 \u00a0 Ayudar a las familias a cumplimentar su solicitud de plaza escolar y presentarla telem\u00e1ticamente (por\u00a0 ordenador o tel\u00e9fono m\u00f3vil).<\/i><\/p>\n<h6><span><i>Atenci\u00f3n telef\u00f3nica:<\/i><\/span><\/h6>\n<p><i>&#8211; Tel\u00e9fono: <strong>876 036 764<\/strong><\/i><\/p>\n<p><i>&#8211; Periodos y horarios: <\/i><\/p>\n<p><i style=\"font-size: 14px\">\u00a0 \u00a0 \u00a0 \u00a0 \u00a0 Los d\u00edas 14 y 15 de Abril de 9 a 14 h y de 16 a 20 h.<\/i><\/p>\n<p><i style=\"font-size: 14px\">\u00a0 \u00a0 \u00a0 \u00a0 \u00a0 Los d\u00edas 16, 20 y 21 de Abril de 9 a 20 h.<\/i><\/p>\n<p><i style=\"font-size: 14px\">\u00a0 \u00a0 \u00a0 \u00a0 \u00a0 El d\u00eda 22 de Abril de 9 a 14 h.<\/i><\/p>\n<p>&nbsp;<\/p>\n<p>[\/et_pb_text][\/et_pb_column][\/et_pb_row][et_pb_row column_structure=\u00bb3_5,2_5&#8243; _builder_version=\u00bb4.27.6&#8243; transform_translate=\u00bb-302px|0px\u00bb custom_margin=\u00bb|412px||411px||\u00bb hover_enabled=\u00bb0&#8243; global_colors_info=\u00bb{}\u00bb sticky_enabled=\u00bb0&#8243;][et_pb_column type=\u00bb3_5&#8243; _builder_version=\u00bb4.20.0&#8243; global_colors_info=\u00bb{}\u00bb][et_pb_blurb title=\u00bbPROCESO DE MATRICULACI\u00d3N\u00bb use_icon=\u00bbon\u00bb font_icon=\u00bb&#x6c;||divi||400&#8243; icon_placement=\u00bbleft\u00bb content_max_width=\u00bb800px\u00bb disabled_on=\u00bboff|off|off\u00bb module_id=\u00bbmatriculacion\u00bb _builder_version=\u00bb4.20.0&#8243; header_level=\u00bbh2&#8243; width=\u00bb100%\u00bb min_height=\u00bb207px\u00bb custom_padding=\u00bb|||1px||\u00bb global_colors_info=\u00bb{}\u00bb]<\/p>\n<p style=\"text-align: left\"><span>Las <strong>fechas de entrega<\/strong> son las siguientes:<\/span><\/p>\n<ul>\n<li>Alumnos del centro (matr\u00edcula interna): Pendiente de fechas.<\/li>\n<li>Nuevos alumnos (admitidos en el proceso de preinscripci\u00f3n):\n<ul>\n<li><strong>ESO:<\/strong>Desde las 9 h. del viernes 19 de junio hasta las14 h. del jueves 25 de junio.<\/li>\n<\/ul>\n<\/li>\n<\/ul>\n<p>&nbsp;<\/p>\n<p>[\/et_pb_blurb][et_pb_blurb title=\u00bbHORARIOS DE ATENCI\u00d3N TELEF\u00d3NICA\u00bb use_icon=\u00bbon\u00bb font_icon=\u00bb&#x7d;||divi||400&#8243; icon_placement=\u00bbleft\u00bb content_max_width=\u00bb800px\u00bb disabled_on=\u00bboff|off|off\u00bb _builder_version=\u00bb4.16&#8243; global_colors_info=\u00bb{}\u00bb]<\/p>\n<p style=\"text-align: justify\"><b>Ma\u00f1anas:\u00a0<\/b>De lunes a viernes, de 9:00 a 14:00 hs<\/p>\n<p style=\"text-align: justify\"><strong>Telf.:<\/strong> 974 416 888<\/p>\n<p style=\"text-align: justify\">\n<p style=\"text-align: justify\">\n<p style=\"text-align: justify\">\n<p style=\"text-align: justify\">\n<p>[\/et_pb_blurb][et_pb_text disabled_on=\u00bboff|off|off\u00bb _builder_version=\u00bb4.27.6&#8243; _module_preset=\u00bbdefault\u00bb custom_padding=\u00bb|||20px||\u00bb hover_enabled=\u00bb0&#8243; global_colors_info=\u00bb{}\u00bb sticky_enabled=\u00bb0&#8243;]<\/p>\n<blockquote>\n<h1>PREINSCRIPCI\u00d3N BACHILLERATO<\/h1>\n<\/blockquote>\n<p>&nbsp;<\/p>\n<ul>\n<li>Los <strong>alumnos del centro<\/strong> tienen prioridad por lo que deber\u00e1n realizar la <strong>matricula<\/strong> directamente Desde las 9 h. del martes 23 de junio hasta las 14 h. del jueves 25 de junio, ambos inclusive.<\/li>\n<li><a href=\"https:\/\/drive.google.com\/file\/d\/1n54YOemoGw1-ZACdmVZ4P2ILWYFsCb-4\/view?usp=sharing\">Calendario Bachillerato.<\/a><\/li>\n<\/ul>\n<p>[\/et_pb_text][et_pb_text _builder_version=\u00bb4.27.4&#8243; _module_preset=\u00bbdefault\u00bb global_colors_info=\u00bb{}\u00bb]<\/p>\n<table border=\"5\" style=\"height: 120px;width: 100%;border-collapse: collapse;border-style: solid;border-color: black\">\n<caption><\/caption>\n<tbody>\n<tr style=\"height: 24px\">\n<td style=\"width: 50%;height: 24px;background-color: red;border-style: solid;border-color: black;text-align: center\" colspan=\"2\"><strong><span style=\"color: #ffffff\">BACHILLERATO<\/span><\/strong><\/td>\n<\/tr>\n<tr style=\"height: 24px\">\n<td style=\"width: 50%;border-style: solid;border-color: black;text-align: center;height: 24px\"><strong>FASES<\/strong><\/td>\n<td style=\"width: 50%;border-style: solid;border-color: black;text-align: center;height: 24px\"><strong>FECHAS<\/strong><\/td>\n<\/tr>\n<tr style=\"height: 24px\">\n<td style=\"width: 50%;height: 24px;border-style: solid;border-color: black\">Presentaci\u00f3n solicitudes y verificaci\u00f3n<\/td>\n<td style=\"width: 50%;height: 24px;border-style: solid;border-color: black\">Desde las 9 h. del jueves 2 de julio hasta las 14 h. del martes 7 de julio, ambos inclusive<\/td>\n<\/tr>\n<tr style=\"height: 24px\">\n<td style=\"width: 50%;height: 24px;border-style: solid;border-color: black\">Publicaci\u00f3n listas definitivas<\/td>\n<td style=\"width: 50%;height: 24px;border-style: solid;border-color: black\">Viernes 24 de julio.<\/td>\n<\/tr>\n<tr style=\"height: 24px\">\n<td style=\"width: 50%;height: 24px;border-style: solid;border-color: black\">Matriculaci\u00f3n BTO<\/td>\n<td style=\"width: 50%;height: 24px;border-style: solid;border-color: black\">Desde las 9 h. del mi\u00e9rcoles 29 hasta las 14 h. del jueves 30 de julio, ambos inclusive.<\/td>\n<\/tr>\n<\/tbody>\n<\/table>\n<p>&nbsp;<\/p>\n<p>[\/et_pb_text][et_pb_blurb title=\u00bbPublicaci\u00f3n de la oferta inicial de vacantes\u00bb use_icon=\u00bbon\u00bb font_icon=\u00bb&#x62;||divi||400&#8243; icon_placement=\u00bbleft\u00bb content_max_width=\u00bb800px\u00bb _builder_version=\u00bb4.27.4&#8243; global_colors_info=\u00bb{}\u00bb]<\/p>\n<p>Mi\u00e9rcoles 1 de Julio de 2026<\/p>\n<p>[\/et_pb_blurb][et_pb_blurb title=\u00bbPresentaci\u00f3n de solicitudes y verificaci\u00f3n de las mismas por el centro\u00bb use_icon=\u00bbon\u00bb font_icon=\u00bb&#x62;||divi||400&#8243; icon_placement=\u00bbleft\u00bb content_max_width=\u00bb800px\u00bb _builder_version=\u00bb4.24.3&#8243; global_colors_info=\u00bb{}\u00bb]<\/p>\n<p>Desde las 9 h. del jueves 2 de julio hasta las 14 h. del martes 7 de julio, ambos inclusive<\/p>\n<p>[\/et_pb_blurb][et_pb_blurb title=\u00bbPublicaci\u00f3n del listado de solicitudes baremadas el portal del Departamento\u00bb use_icon=\u00bbon\u00bb font_icon=\u00bb&#x62;||divi||400&#8243; icon_placement=\u00bbleft\u00bb content_max_width=\u00bb800px\u00bb _builder_version=\u00bb4.27.4&#8243; global_colors_info=\u00bb{}\u00bb]<\/p>\n<p>Lunes 13 de Julio<\/p>\n<p>[\/et_pb_blurb][et_pb_blurb title=\u00bbPublicaci\u00f3n de las listas provisionales de admitidos, no admitidos y excluidos\u00bb use_icon=\u00bbon\u00bb font_icon=\u00bb&#x62;||divi||400&#8243; icon_placement=\u00bbleft\u00bb content_max_width=\u00bb800px\u00bb _builder_version=\u00bb4.24.3&#8243; global_colors_info=\u00bb{}\u00bb]<\/p>\n<p>Lunes 20 de Julio<\/p>\n<p>[\/et_pb_blurb][et_pb_blurb title=\u00bbPublicaci\u00f3n de las listas definitivas de admitidos, no admitidos y excluidos\u00bb use_icon=\u00bbon\u00bb font_icon=\u00bb&#x62;||divi||400&#8243; icon_placement=\u00bbleft\u00bb content_max_width=\u00bb800px\u00bb _builder_version=\u00bb4.27.4&#8243; global_colors_info=\u00bb{}\u00bb]<\/p>\n<p>Viernes 24 de Julio<\/p>\n<p>[\/et_pb_blurb][et_pb_blurb title=\u00bbMatriculaci\u00f3n del alumnado admitido\u00bb use_icon=\u00bbon\u00bb font_icon=\u00bb&#x62;||divi||400&#8243; icon_placement=\u00bbleft\u00bb content_max_width=\u00bb800px\u00bb _builder_version=\u00bb4.27.4&#8243; global_colors_info=\u00bb{}\u00bb]<\/p>\n<p>Desde las 9 h. del mi\u00e9rcoles 29 hasta las 14 h. del jueves 30 de julio, ambos inclusive.<\/p>\n<p>[\/et_pb_blurb][et_pb_button button_url=\u00bbhttps:\/\/aplicaciones.aragon.es\/sdereg\/acceso?redirectUri=https:%2F%2Faplicaciones.aragon.es%2Fpcrusuweb%2Facceso%2Faplicacion%2FPCR%3FreturnUrl%3Dhttps:%252F%252Faplicaciones.aragon.es%252Fpcrcs%252Facceso\u00bb button_text=\u00bbEnlace a la preinscripci\u00f3n BTO\u00bb button_alignment=\u00bbcenter\u00bb disabled_on=\u00bboff|off|off\u00bb _builder_version=\u00bb4.27.6&#8243; _module_preset=\u00bbdefault\u00bb custom_button=\u00bbon\u00bb button_text_color=\u00bb#FFFFFF\u00bb button_bg_color=\u00bb#E02B20&#8243; button_border_width=\u00bb1px\u00bb button_border_radius=\u00bb33px\u00bb hover_enabled=\u00bb0&#8243; global_colors_info=\u00bb{}\u00bb sticky_enabled=\u00bb0&#8243;][\/et_pb_button][et_pb_text disabled_on=\u00bboff|off|off\u00bb _builder_version=\u00bb4.24.3&#8243; _module_preset=\u00bbdefault\u00bb custom_padding=\u00bb54px|||||\u00bb global_colors_info=\u00bb{}\u00bb]<\/p>\n<h1>PREINSCRIPCI\u00d3N FP\u00a0\u00a0<\/h1>\n<p>&nbsp;<\/p>\n<ul>\n<li>Los alumnos actuales del centro que quieran acceder a una secci\u00f3n de Formaci\u00f3n Profesional diferente de la actual tienen que realizar el proceso de preinscripci\u00f3n.\u00a0<\/li>\n<li><a href=\"\/\/educa.aragon.es\/documents\/20126\/6330480\/2026-05-19+Anexo+II+calendario.pdf\/6715fb20-a1f4-a808-01ba-07d11e7ff431?t=1779194075869\" style=\"font-size: 14px\">Calendario FP<\/a><\/li>\n<\/ul>\n<p>[\/et_pb_text][et_pb_text disabled_on=\u00bboff|off|off\u00bb _builder_version=\u00bb4.27.4&#8243; _module_preset=\u00bbdefault\u00bb global_colors_info=\u00bb{}\u00bb]<\/p>\n<table border=\"5\" style=\"height: 120px;width: 100%;border-collapse: collapse;border-style: solid;border-color: black\">\n<caption><\/caption>\n<tbody>\n<tr style=\"height: 24px\">\n<td style=\"width: 50%;height: 24px;background-color: red;border-style: solid;border-color: black;text-align: center\" colspan=\"2\"><strong><span style=\"color: #ffffff\">FORMACI\u00d3N PROFESIONAL<\/span><\/strong><\/td>\n<\/tr>\n<tr style=\"height: 24px\">\n<td style=\"width: 50%;border-style: solid;border-color: black;text-align: center;height: 24px\"><strong>FASES<\/strong><\/td>\n<td style=\"width: 50%;border-style: solid;border-color: black;text-align: center;height: 24px\"><strong>FECHAS<\/strong><\/td>\n<\/tr>\n<tr style=\"height: 24px\">\n<td style=\"width: 50%;height: 24px;border-style: solid;border-color: black\">Presentaci\u00f3n solicitudes y verificaci\u00f3n<\/td>\n<td style=\"width: 50%;height: 24px;border-style: solid;border-color: black\">Desde la 9 h. del jueves 2 de julio hasta las 14 h. del martes 7 de julio, ambos inclusive<\/td>\n<\/tr>\n<tr style=\"height: 24px\">\n<td style=\"width: 50%;height: 24px;border-style: solid;border-color: black\">Publicaci\u00f3n listas definitivas<\/td>\n<td style=\"width: 50%;height: 24px;border-style: solid;border-color: black\">Viernes 24 de julio.<\/td>\n<\/tr>\n<tr style=\"height: 24px\">\n<td style=\"width: 50%;height: 24px;border-style: solid;border-color: black\">Matriculaci\u00f3n FP<\/td>\n<td style=\"width: 50%;height: 24px;border-style: solid;border-color: black\">Desde la publicaci\u00f3n de listas de admitidos hasta las 14 h del lunes 27 de julio<\/td>\n<\/tr>\n<\/tbody>\n<\/table>\n<p>&nbsp;<\/p>\n<p>[\/et_pb_text][et_pb_blurb title=\u00bbPublicaci\u00f3n de la oferta inicial de vacantes\u00bb use_icon=\u00bbon\u00bb font_icon=\u00bb&#x62;||divi||400&#8243; icon_placement=\u00bbleft\u00bb content_max_width=\u00bb800px\u00bb disabled_on=\u00bboff|off|off\u00bb _builder_version=\u00bb4.27.4&#8243; global_colors_info=\u00bb{}\u00bb]<\/p>\n<p>Mi\u00e9rcoles 1 de Julio de 2025<\/p>\n<p>[\/et_pb_blurb][et_pb_blurb title=\u00bbPlazo de presentaci\u00f3n de solicitudes\u00bb use_icon=\u00bbon\u00bb font_icon=\u00bb&#x62;||divi||400&#8243; icon_placement=\u00bbleft\u00bb content_max_width=\u00bb800px\u00bb disabled_on=\u00bboff|off|off\u00bb _builder_version=\u00bb4.27.6&#8243; global_colors_info=\u00bb{}\u00bb]<\/p>\n<p>Desde la 9 h. del jueves 2 de julio hasta las 14 h. del martes 7 de julio, ambos inclusive<\/p>\n<p>[\/et_pb_blurb][et_pb_blurb title=\u00bbPublicaci\u00f3n del listado de solicitudes baremadas en el portal del Departamento\u00bb use_icon=\u00bbon\u00bb font_icon=\u00bb&#x62;||divi||400&#8243; icon_placement=\u00bbleft\u00bb content_max_width=\u00bb800px\u00bb disabled_on=\u00bboff|off|off\u00bb _builder_version=\u00bb4.25.1&#8243; global_colors_info=\u00bb{}\u00bb]<\/p>\n<p>Lunes 13 de Julio<\/p>\n<p>[\/et_pb_blurb][et_pb_blurb title=\u00bbPublicaci\u00f3n de las listas provisionales de admitidos, no admitidos y excluidos\u00bb use_icon=\u00bbon\u00bb font_icon=\u00bb&#x62;||divi||400&#8243; icon_placement=\u00bbleft\u00bb content_max_width=\u00bb800px\u00bb disabled_on=\u00bboff|off|off\u00bb _builder_version=\u00bb4.25.1&#8243; global_colors_info=\u00bb{}\u00bb]<\/p>\n<p>Lunes 20 de Julio<\/p>\n<p>[\/et_pb_blurb][et_pb_blurb title=\u00bbPublicaci\u00f3n de las listas definitivas de admitidos, no admitidos y excluidos\u00bb use_icon=\u00bbon\u00bb font_icon=\u00bb&#x62;||divi||400&#8243; icon_placement=\u00bbleft\u00bb content_max_width=\u00bb800px\u00bb disabled_on=\u00bboff|off|off\u00bb _builder_version=\u00bb4.25.1&#8243; global_colors_info=\u00bb{}\u00bb]<\/p>\n<p>Viernes 24 de Julio<\/p>\n<p>[\/et_pb_blurb][et_pb_blurb title=\u00bbMatriculaci\u00f3n del alumnado admitido\u00bb use_icon=\u00bbon\u00bb font_icon=\u00bb&#x62;||divi||400&#8243; icon_placement=\u00bbleft\u00bb content_max_width=\u00bb800px\u00bb disabled_on=\u00bboff|off|off\u00bb _builder_version=\u00bb4.25.1&#8243; global_colors_info=\u00bb{}\u00bb]<\/p>\n<p>Desde la publicaci\u00f3n de listas de admitidos hasta las 14 h del lunes 27 de julio<\/p>\n<p>[\/et_pb_blurb][et_pb_button button_url=\u00bbhttps:\/\/aplicaciones.aragon.es\/sdereg\/acceso?redirectUri=https:%2F%2Faplicaciones.aragon.es%2Fpcrusuweb%2Facceso%2Faplicacion%2FPCR%3FreturnUrl%3Dhttps:%252F%252Faplicaciones.aragon.es%252Fpcrcs%252Facceso\u00bb button_text=\u00bbEnlace a la preinscripci\u00f3n FP\u00bb button_alignment=\u00bbcenter\u00bb disabled_on=\u00bboff|off|off\u00bb _builder_version=\u00bb4.27.6&#8243; _module_preset=\u00bbdefault\u00bb custom_button=\u00bbon\u00bb button_text_color=\u00bb#FFFFFF\u00bb button_bg_color=\u00bb#E02B20&#8243; button_border_width=\u00bb1px\u00bb button_border_radius=\u00bb33px\u00bb hover_enabled=\u00bb0&#8243; global_colors_info=\u00bb{}\u00bb sticky_enabled=\u00bb0&#8243;][\/et_pb_button][et_pb_blurb title=\u00bbHORARIOS DE ATENCI\u00d3N TELEF\u00d3NICA\u00bb use_icon=\u00bbon\u00bb font_icon=\u00bb&#x7d;||divi||400&#8243; icon_placement=\u00bbleft\u00bb content_max_width=\u00bb800px\u00bb _builder_version=\u00bb4.16&#8243; custom_margin=\u00bb78px|||||\u00bb global_colors_info=\u00bb{}\u00bb]<\/p>\n<p style=\"text-align: justify\"><b>Ma\u00f1anas:\u00a0<\/b>De lunes a viernes, de 9:00 a 14:00 hs<\/p>\n<p style=\"text-align: justify\"><strong>Telf.:<\/strong> 974 416 888<\/p>\n<p style=\"text-align: justify\">\n<p style=\"text-align: justify\">\n<p style=\"text-align: justify\">\n<p style=\"text-align: justify\">\n<p>[\/et_pb_blurb][et_pb_text _builder_version=\u00bb4.17.6&#8243; global_colors_info=\u00bb{}\u00bb]<\/p>\n<h1>Tambi\u00e9n te puede interesar:<\/h1>\n<p>[\/et_pb_text][\/et_pb_column][et_pb_column type=\u00bb2_5&#8243; _builder_version=\u00bb4.20.0&#8243; global_colors_info=\u00bb{}\u00bb][et_pb_text disabled_on=\u00bboff|off|off\u00bb _builder_version=\u00bb4.25.1&#8243; _module_preset=\u00bbdefault\u00bb background_color=\u00bb#FFFFFF\u00bb transform_scale_linked=\u00bboff\u00bb transform_translate=\u00bb0px|450px\u00bb transform_translate_linked=\u00bboff\u00bb border_radii=\u00bbon|9px|9px|9px|9px\u00bb border_width_all=\u00bb4px\u00bb border_color_all=\u00bb#E02B20&#8243; border_style_all=\u00bbgroove\u00bb box_shadow_style=\u00bbpreset4&#8243; global_colors_info=\u00bb{}\u00bb]<\/p>\n<h3 style=\"text-align: center\">AYUDA PROCESOS DE PREINSCRIPCI\u00d3N EN BACHILLERATO<\/h3>\n<h5><i>OFICINA DE INFORMACI\u00d3N GENERAL SOBRE EL PROCESO DE ESCOLARIZACI\u00d3N<\/i><\/h5>\n<p><i>\u2022\u00a0 \u00a0 Atender consultas sobre la normativa vigente que regula el proceso de escolarizaci\u00f3n de Bachillerato.<br \/><\/i><\/p>\n<p><i>\u2022\u00a0 \u00a0 Ayudar a las familias a cumplimentar su solicitud de plaza escolar y presentarla telem\u00e1ticamente (por\u00a0 ordenador o tel\u00e9fono m\u00f3vil).<\/i><\/p>\n<h6><span><i>Atenci\u00f3n telef\u00f3nica:<\/i><\/span><\/h6>\n<p><i>&#8211; Tel\u00e9fono: <strong>876 036 764<\/strong><\/i><\/p>\n<p><i>&#8211; <\/i>Periodos y horarios: Los d\u00edas 2, 3 y 6 de julio de 9:00h a 19:00h y el 7 de julio de 9:00h a 14:00h<\/p>\n<p>[\/et_pb_text][et_pb_text disabled_on=\u00bboff|off|off\u00bb _builder_version=\u00bb4.27.4&#8243; _module_preset=\u00bbdefault\u00bb background_color=\u00bb#FFFFFF\u00bb transform_translate=\u00bb0px|1033px\u00bb transform_translate_linked=\u00bboff\u00bb border_radii=\u00bbon|9px|9px|9px|9px\u00bb border_width_all=\u00bb4px\u00bb border_color_all=\u00bb#E02B20&#8243; border_style_all=\u00bbgroove\u00bb box_shadow_style=\u00bbpreset4&#8243; global_colors_info=\u00bb{}\u00bb]<\/p>\n<h3 style=\"text-align: center\">AYUDA PROCESOS DE PREINSCRIPCI\u00d3N EN FP<\/h3>\n<h5><i>OFICINA DE INFORMACI\u00d3N GENERAL SOBRE EL PROCESO DE ESCOLARIZACI\u00d3N<\/i><\/h5>\n<p><i>\u2022\u00a0\u00a0 \u00a0Atender a consultas sobre la normativa vigente que regula el proceso de admisi\u00f3n en Ciclos Formativos de Formaci\u00f3n Profesional.<br \/><\/i><\/p>\n<p><i>\u2022\u00a0\u00a0 \u00a0Ayudar a las familias a cumplimentar su solicitud de plaza escolar y presentarla telem\u00e1ticamente (por ordenador o tel\u00e9fono m\u00f3vil).<\/i><\/p>\n<h6><span><i>Atenci\u00f3n telef\u00f3nica:<\/i><\/span><\/h6>\n<p><i>&#8211; Tel\u00e9fono: <strong>876 036 764<\/strong><\/i><\/p>\n<p>&#8211; Periodos y horarios: Los d\u00edas 2, 3 y 6 de julio de 9:00h a 19:00h y el 7 de julio de 9:00h a 14:00h<\/p>\n<p>&nbsp;<\/p>\n<p>[\/et_pb_text][\/et_pb_column][\/et_pb_row][et_pb_row column_structure=\u00bb1_4,1_4,1_4,1_4&#8243; _builder_version=\u00bb4.16&#8243; min_height=\u00bb161px\u00bb custom_margin=\u00bb-32px|auto||auto||\u00bb global_colors_info=\u00bb{}\u00bb][et_pb_column type=\u00bb1_4&#8243; _builder_version=\u00bb4.16&#8243; global_colors_info=\u00bb{}\u00bb][et_pb_blurb title=\u00bbAcceso al programa biling\u00fce (CILE1)\u00bb url=\u00bbhttps:\/\/monzon.salesianos.edu\/colegio\/plurilinguismo\/\u00bb use_icon=\u00bbon\u00bb font_icon=\u00bb&#x77;||divi||400&#8243; icon_placement=\u00bbleft\u00bb _builder_version=\u00bb4.16&#8243; global_colors_info=\u00bb{}\u00bb]<\/p>\n<p style=\"text-align: justify\">Lista de admitidos y de reserva<\/p>\n<p style=\"text-align: justify\">\n<p>[\/et_pb_blurb][\/et_pb_column][et_pb_column type=\u00bb1_4&#8243; _builder_version=\u00bb4.16&#8243; global_colors_info=\u00bb{}\u00bb][et_pb_blurb title=\u00bbCompra de libros\u00bb url=\u00bbhttps:\/\/monzon.salesianos.edu\/colegio\/libros\/\u00bb use_icon=\u00bbon\u00bb font_icon=\u00bb&#xe022;||divi||400&#8243; icon_placement=\u00bbleft\u00bb _builder_version=\u00bb4.16&#8243; global_colors_info=\u00bb{}\u00bb]<\/p>\n<p style=\"text-align: justify\">Licencias digitales y libros papel<\/p>\n<p style=\"text-align: justify\">[\/et_pb_blurb][\/et_pb_column][et_pb_column type=\u00bb1_4&#8243; _builder_version=\u00bb4.16&#8243; global_colors_info=\u00bb{}\u00bb][et_pb_blurb title=\u00bbOrdenadores port\u00e1tiles \u00bb url=\u00bbhttps:\/\/monzon.salesianos.edu\/colegio\/digitalizacion\/#1&#215;1&#8243; use_icon=\u00bbon\u00bb font_icon=\u00bb&#xe00d;||divi||400&#8243; icon_placement=\u00bbleft\u00bb _builder_version=\u00bb4.16&#8243; global_colors_info=\u00bb{}\u00bb]<\/p>\n<p style=\"text-align: justify\">Modelos compatibles.<\/p>\n<p style=\"text-align: justify\">Procedimiento de compra<\/p>\n<p style=\"text-align: justify\">[\/et_pb_blurb][\/et_pb_column][et_pb_column type=\u00bb1_4&#8243; _builder_version=\u00bb4.16&#8243; global_colors_info=\u00bb{}\u00bb][et_pb_blurb title=\u00bbRopa deportiva\u00bb url=\u00bbhttps:\/\/monzon.salesianos.edu\/colegio\/ropa-deportiva\/\u00bb use_icon=\u00bbon\u00bb font_icon=\u00bb&#xe09b;||divi||400&#8243; icon_placement=\u00bbleft\u00bb _builder_version=\u00bb4.16&#8243; global_colors_info=\u00bb{}\u00bb]<\/p>\n<p style=\"text-align: justify\">Equipamiento deportivo para la asignatura de Educaci\u00f3n F\u00edsica.<\/p>\n<p style=\"text-align: justify\">[\/et_pb_blurb][\/et_pb_column][\/et_pb_row][\/et_pb_section]<\/p>\n","protected":false},"excerpt":{"rendered":"<p>Calendario y procedimiento&nbsp; En este apartado encontrar\u00e1s informaci\u00f3n sobre el calendario del proceso de admisi\u00f3n. ABIERTA LA FASE 2 DEL FUERA DE PLAZO PARA LA FORMACI\u00d3N PROFESIONAL El 21 de octubre se publican las vacantes. De las 09:00 del martes 22 hasta las 23:59 del mi\u00e9rcoles 23 de octubre se solicita plaza. El jueves 24 [&hellip;]<\/p>\n","protected":false},"author":3,"featured_media":0,"parent":0,"menu_order":0,"comment_status":"closed","ping_status":"closed","template":"","meta":{"_et_pb_use_builder":"on","_et_pb_old_content":"","_et_gb_content_width":"","footnotes":""},"class_list":["post-9423","page","type-page","status-publish","hentry"],"yoast_head":"<!-- This site is optimized with the Yoast SEO plugin v28.4 - https:\/\/yoast.com\/product\/yoast-seo-wordpress\/ -->\n<title>Proceso de Admisi\u00f3n - Colegio Santo Domingo Savio<\/title>\n<meta name=\"robots\" content=\"index, follow, max-snippet:-1, max-image-preview:large, max-video-preview:-1\" \/>\n<link rel=\"canonical\" href=\"https:\/\/monzon.salesianos.edu\/colegio\/proceso-de-admision\/\" \/>\n<meta property=\"og:locale\" content=\"es_ES\" \/>\n<meta property=\"og:type\" content=\"article\" \/>\n<meta property=\"og:title\" content=\"Proceso de Admisi\u00f3n - Colegio Santo Domingo Savio\" \/>\n<meta property=\"og:description\" content=\"Calendario y procedimiento&nbsp; En este apartado encontrar\u00e1s informaci\u00f3n sobre el calendario del proceso de admisi\u00f3n. ABIERTA LA FASE 2 DEL FUERA DE PLAZO PARA LA FORMACI\u00d3N PROFESIONAL El 21 de octubre se publican las vacantes. De las 09:00 del martes 22 hasta las 23:59 del mi\u00e9rcoles 23 de octubre se solicita plaza. El jueves 24 [&hellip;]\" \/>\n<meta property=\"og:url\" content=\"https:\/\/monzon.salesianos.edu\/colegio\/proceso-de-admision\/\" \/>\n<meta property=\"og:site_name\" content=\"Colegio Santo Domingo Savio\" \/>\n<meta property=\"article:modified_time\" content=\"2026-07-02T11:25:22+00:00\" \/>\n<meta name=\"twitter:card\" content=\"summary_large_image\" \/>\n<meta name=\"twitter:label1\" content=\"Tiempo de lectura\" \/>\n\t<meta name=\"twitter:data1\" content=\"6 minutos\" \/>\n<script type=\"application\/ld+json\" class=\"yoast-schema-graph\">{\"@context\":\"https:\\\/\\\/schema.org\",\"@graph\":[{\"@type\":\"WebPage\",\"@id\":\"https:\\\/\\\/monzon.salesianos.edu\\\/colegio\\\/proceso-de-admision\\\/\",\"url\":\"https:\\\/\\\/monzon.salesianos.edu\\\/colegio\\\/proceso-de-admision\\\/\",\"name\":\"Proceso de Admisi\u00f3n - Colegio Santo Domingo Savio\",\"isPartOf\":{\"@id\":\"https:\\\/\\\/monzon.salesianos.edu\\\/colegio\\\/#website\"},\"datePublished\":\"2018-04-27T10:18:23+00:00\",\"dateModified\":\"2026-07-02T11:25:22+00:00\",\"breadcrumb\":{\"@id\":\"https:\\\/\\\/monzon.salesianos.edu\\\/colegio\\\/proceso-de-admision\\\/#breadcrumb\"},\"inLanguage\":\"es\",\"potentialAction\":[{\"@type\":\"ReadAction\",\"target\":[\"https:\\\/\\\/monzon.salesianos.edu\\\/colegio\\\/proceso-de-admision\\\/\"]}]},{\"@type\":\"BreadcrumbList\",\"@id\":\"https:\\\/\\\/monzon.salesianos.edu\\\/colegio\\\/proceso-de-admision\\\/#breadcrumb\",\"itemListElement\":[{\"@type\":\"ListItem\",\"position\":1,\"name\":\"Portada\",\"item\":\"https:\\\/\\\/monzon.salesianos.edu\\\/colegio\\\/\"},{\"@type\":\"ListItem\",\"position\":2,\"name\":\"Proceso de Admisi\u00f3n\"}]},{\"@type\":\"WebSite\",\"@id\":\"https:\\\/\\\/monzon.salesianos.edu\\\/colegio\\\/#website\",\"url\":\"https:\\\/\\\/monzon.salesianos.edu\\\/colegio\\\/\",\"name\":\"Colegio Santo Domingo Savio\",\"description\":\"P\u00e1gina oficial Salesianos Monz\u00f3n\",\"potentialAction\":[{\"@type\":\"SearchAction\",\"target\":{\"@type\":\"EntryPoint\",\"urlTemplate\":\"https:\\\/\\\/monzon.salesianos.edu\\\/colegio\\\/?s={search_term_string}\"},\"query-input\":{\"@type\":\"PropertyValueSpecification\",\"valueRequired\":true,\"valueName\":\"search_term_string\"}}],\"inLanguage\":\"es\"}]}<\/script>\n<!-- \/ Yoast SEO plugin. -->","yoast_head_json":{"title":"Proceso de Admisi\u00f3n - Colegio Santo Domingo Savio","robots":{"index":"index","follow":"follow","max-snippet":"max-snippet:-1","max-image-preview":"max-image-preview:large","max-video-preview":"max-video-preview:-1"},"canonical":"https:\/\/monzon.salesianos.edu\/colegio\/proceso-de-admision\/","og_locale":"es_ES","og_type":"article","og_title":"Proceso de Admisi\u00f3n - Colegio Santo Domingo Savio","og_description":"Calendario y procedimiento&nbsp; En este apartado encontrar\u00e1s informaci\u00f3n sobre el calendario del proceso de admisi\u00f3n. ABIERTA LA FASE 2 DEL FUERA DE PLAZO PARA LA FORMACI\u00d3N PROFESIONAL El 21 de octubre se publican las vacantes. De las 09:00 del martes 22 hasta las 23:59 del mi\u00e9rcoles 23 de octubre se solicita plaza. El jueves 24 [&hellip;]","og_url":"https:\/\/monzon.salesianos.edu\/colegio\/proceso-de-admision\/","og_site_name":"Colegio Santo Domingo Savio","article_modified_time":"2026-07-02T11:25:22+00:00","twitter_card":"summary_large_image","twitter_misc":{"Tiempo de lectura":"6 minutos"},"schema":{"@context":"https:\/\/schema.org","@graph":[{"@type":"WebPage","@id":"https:\/\/monzon.salesianos.edu\/colegio\/proceso-de-admision\/","url":"https:\/\/monzon.salesianos.edu\/colegio\/proceso-de-admision\/","name":"Proceso de Admisi\u00f3n - Colegio Santo Domingo Savio","isPartOf":{"@id":"https:\/\/monzon.salesianos.edu\/colegio\/#website"},"datePublished":"2018-04-27T10:18:23+00:00","dateModified":"2026-07-02T11:25:22+00:00","breadcrumb":{"@id":"https:\/\/monzon.salesianos.edu\/colegio\/proceso-de-admision\/#breadcrumb"},"inLanguage":"es","potentialAction":[{"@type":"ReadAction","target":["https:\/\/monzon.salesianos.edu\/colegio\/proceso-de-admision\/"]}]},{"@type":"BreadcrumbList","@id":"https:\/\/monzon.salesianos.edu\/colegio\/proceso-de-admision\/#breadcrumb","itemListElement":[{"@type":"ListItem","position":1,"name":"Portada","item":"https:\/\/monzon.salesianos.edu\/colegio\/"},{"@type":"ListItem","position":2,"name":"Proceso de Admisi\u00f3n"}]},{"@type":"WebSite","@id":"https:\/\/monzon.salesianos.edu\/colegio\/#website","url":"https:\/\/monzon.salesianos.edu\/colegio\/","name":"Colegio Santo Domingo Savio","description":"P\u00e1gina oficial Salesianos Monz\u00f3n","potentialAction":[{"@type":"SearchAction","target":{"@type":"EntryPoint","urlTemplate":"https:\/\/monzon.salesianos.edu\/colegio\/?s={search_term_string}"},"query-input":{"@type":"PropertyValueSpecification","valueRequired":true,"valueName":"search_term_string"}}],"inLanguage":"es"}]}},"_links":{"self":[{"href":"https:\/\/monzon.salesianos.edu\/colegio\/wp-json\/wp\/v2\/pages\/9423","targetHints":{"allow":["GET"]}}],"collection":[{"href":"https:\/\/monzon.salesianos.edu\/colegio\/wp-json\/wp\/v2\/pages"}],"about":[{"href":"https:\/\/monzon.salesianos.edu\/colegio\/wp-json\/wp\/v2\/types\/page"}],"author":[{"embeddable":true,"href":"https:\/\/monzon.salesianos.edu\/colegio\/wp-json\/wp\/v2\/users\/3"}],"replies":[{"embeddable":true,"href":"https:\/\/monzon.salesianos.edu\/colegio\/wp-json\/wp\/v2\/comments?post=9423"}],"version-history":[{"count":137,"href":"https:\/\/monzon.salesianos.edu\/colegio\/wp-json\/wp\/v2\/pages\/9423\/revisions"}],"predecessor-version":[{"id":13020,"href":"https:\/\/monzon.salesianos.edu\/colegio\/wp-json\/wp\/v2\/pages\/9423\/revisions\/13020"}],"wp:attachment":[{"href":"https:\/\/monzon.salesianos.edu\/colegio\/wp-json\/wp\/v2\/media?parent=9423"}],"curies":[{"name":"wp","href":"https:\/\/api.w.org\/{rel}","templated":true}]}}