{"id":8203,"date":"2018-02-09T22:50:41","date_gmt":"2018-02-09T21:50:41","guid":{"rendered":"https:\/\/monzon.salesianos.edu\/colegio\/?page_id=8203"},"modified":"2026-06-22T10:16:04","modified_gmt":"2026-06-22T09:16:04","slug":"gestion-administrativa","status":"publish","type":"page","link":"https:\/\/monzon.salesianos.edu\/colegio\/gestion-administrativa\/","title":{"rendered":"Gesti\u00f3n Administrativa"},"content":{"rendered":"<p>[et_pb_section fb_built=\u00bb1&#8243; fullwidth=\u00bbon\u00bb _builder_version=\u00bb4.20.0&#8243; _module_preset=\u00bbdefault\u00bb global_colors_info=\u00bb{}\u00bb][et_pb_fullwidth_header title=\u00bbGesti\u00f3n Administrativa\u00bb _builder_version=\u00bb4.27.4&#8243; _module_preset=\u00bbdefault\u00bb title_font_size=\u00bb50px\u00bb background_enable_color=\u00bboff\u00bb background_image=\u00bbhttps:\/\/monzon.salesianos.edu\/colegio\/wp-content\/uploads\/sites\/2\/2024\/06\/BANNER-4.jpg\u00bb background_enable_video_mp4=\u00bboff\u00bb text_shadow_style=\u00bbpreset1&#8243; global_colors_info=\u00bb{}\u00bb][\/et_pb_fullwidth_header][\/et_pb_section][et_pb_section fb_built=\u00bb1&#8243; module_class=\u00bbpagina-seccion-contenido\u00bb _builder_version=\u00bb4.16&#8243; custom_padding=\u00bb0%|||\u00bb global_colors_info=\u00bb{}\u00bb][et_pb_row column_structure=\u00bb2_3,1_3&#8243; module_class=\u00bbpagina-texto\u00bb _builder_version=\u00bb4.16&#8243; background_size=\u00bbinitial\u00bb background_position=\u00bbtop_left\u00bb background_repeat=\u00bbrepeat\u00bb custom_margin=\u00bb25px|||\u00bb custom_padding=\u00bb25px|||\u00bb global_colors_info=\u00bb{}\u00bb][et_pb_column type=\u00bb2_3&#8243; _builder_version=\u00bb4.16&#8243; custom_padding=\u00bb|||\u00bb global_colors_info=\u00bb{}\u00bb custom_padding__hover=\u00bb|||\u00bb][et_pb_text admin_label=\u00bbDenominaci\u00f3n (Texto)\u00bb _builder_version=\u00bb4.20.0&#8243; background_size=\u00bbinitial\u00bb background_position=\u00bbtop_left\u00bb background_repeat=\u00bbrepeat\u00bb global_colors_info=\u00bb{}\u00bb]<\/p>\n<h1><a class=\"normaLink\" href=\"http:\/\/fp.educaragon.org\/guiaeducativa\/directorio_modulos.asp?grafico=&amp;idE=2360&amp;nombreC=Electricidad%20y%20electr%F3nica&amp;fotoC=familia_gMedio.gif&amp;familia=si&amp;titulo=Formaci%F3n%20profesional%20espec%EDfica%20-%20Grado%20medio\">\u00a0\u00a0<\/a><a class=\"normaLink\" href=\"http:\/\/fp.educaragon.org\/guiaeducativa\/directorio_modulos.asp?grafico=&amp;idE=2275&amp;nombreC=Administraci%F3n%20y%20Gesti%F3n&amp;fotoC=familia_gMedio.gif&amp;familia=si&amp;titulo=Formaci%F3n%20profesional%20espec%EDfica%20-%20Grado%20medio\">ADG201 &#8211; Gesti\u00f3n administrativa<\/a><\/h1>\n<p><strong>Duraci\u00f3n:<\/strong> 2000 horas.<\/p>\n<p style=\"text-align: justify\"><strong style=\"font-size: 14px;text-align: justify\">Competencia general:<\/strong><span style=\"font-size: 14px;text-align: justify\">\u00a0Realizar actividades de apoyo administrativo en el \u00e1mbito laboral, contable, comercial, financiero y fiscal, as\u00ed como actividades de venta, tanto en empresas p\u00fablicas como privadas, aplicando la normativa vigente y protocolos de calidad, asegurando la satisfacci\u00f3n del cliente y actuando seg\u00fan normas de prevenci\u00f3n de riesgos laborales y protecci\u00f3n ambiental.<\/span><\/p>\n<p>[\/et_pb_text][et_pb_text admin_label=\u00bbOrganizaci\u00f3n (Texto)\u00bb _builder_version=\u00bb4.16&#8243; global_colors_info=\u00bb{}\u00bb]<\/p>\n<h1>Organizaci\u00f3n Curricular<\/h1>\n<p>[\/et_pb_text][et_pb_accordion admin_label=\u00bbMaterias (Acorde\u00f3n)\u00bb _builder_version=\u00bb4.27.4&#8243; toggle_level=\u00bbh1&#8243; text_orientation=\u00bbcenter\u00bb global_colors_info=\u00bb{}\u00bb][et_pb_accordion_item title=\u00bbPrimero\u00bb open=\u00bboff\u00bb _builder_version=\u00bb4.27.4&#8243; global_colors_info=\u00bb{}\u00bb]<\/p>\n<ul>\n<li style=\"text-align: justify\">Comunicaci\u00f3n empresarial y atenci\u00f3n al cliente<\/li>\n<li style=\"text-align: justify\">Operaciones administrativas de compraventa<\/li>\n<li style=\"text-align: justify\">Tratamiento inform\u00e1tico de la informaci\u00f3n<\/li>\n<li style=\"text-align: justify\">T\u00e9cnica contable<\/li>\n<li style=\"text-align: justify\">Ingl\u00e9s profesional<\/li>\n<li style=\"text-align: justify\">Empresa y administraci\u00f3n<\/li>\n<li style=\"text-align: justify\">Itinerario personal para la empleabilidad I<\/li>\n<li style=\"text-align: justify\">Digitalizaci\u00f3n aplicada a los sectores productivos<\/li>\n<li style=\"text-align: justify\">Tutor\u00eda I<\/li>\n<\/ul>\n<p style=\"text-align: left\"><em><span style=\"font-size: 14px\">Formaci\u00f3n en empresa u organismo equiparado (FEOE &#8211; 140h)<\/span><\/em><\/p>\n<p>[\/et_pb_accordion_item][et_pb_accordion_item title=\u00bbSegundo\u00bb _builder_version=\u00bb4.16&#8243; global_colors_info=\u00bb{}\u00bb open=\u00bbon\u00bb]<\/p>\n<ul>\n<li style=\"text-align: justify;\">Operaciones administrativas de recursos humanos<\/li>\n<li style=\"text-align: justify;\">Tratamiento de la documentaci\u00f3n contable<\/li>\n<li style=\"text-align: justify;\">Empresa en el aula<\/li>\n<li style=\"text-align: justify;\">Operaciones auxiliares de gesti\u00f3n de tesorer\u00eda<\/li>\n<li style=\"text-align: justify;\">Itinerario personal para la empleabilidad II<\/li>\n<li style=\"text-align: justify;\">Sostenibilidad aplicada al sistema productivo<\/li>\n<li style=\"text-align: justify;\">Proyecto intermodular<\/li>\n<li style=\"text-align: justify;\">Modulo profesional en ingl\u00e9s (optativo)<\/li>\n<li style=\"text-align: justify;\">Tutor\u00eda II<\/li>\n<\/ul>\n<p style=\"text-align: left;\"><em><span style=\"font-size: 14px;\">Formaci\u00f3n en empresa u organismo equiparado (FEOE &#8211; 360h)<\/span><\/em><\/p>\n<p>[\/et_pb_accordion_item][\/et_pb_accordion][et_pb_tabs _builder_version=\u00bb4.20.0&#8243; global_colors_info=\u00bb{}\u00bb][et_pb_tab title=\u00bbSalidas profesionales\u00bb _builder_version=\u00bb4.16&#8243; global_colors_info=\u00bb{}\u00bb]<\/p>\n<p>Auxiliar administrativo.<br \/>Ayudante de oficina.<br \/>Auxiliar administrativo de cobros y pagos<br \/>Administrativo comercial.<br \/>Auxiliar administrativo de gesti\u00f3n de personal<br \/>Auxiliar administrativo de las administraciones p\u00fablicas.<br \/>Recepcionista.<br \/>Empleado de atenci\u00f3n al cliente.<br \/>Empleado de tesorer\u00eda.<br \/>Empleado de medios de pago<\/p>\n<p>[\/et_pb_tab][\/et_pb_tabs][\/et_pb_column][et_pb_column type=\u00bb1_3&#8243; _builder_version=\u00bb4.16&#8243; custom_padding=\u00bb|||\u00bb global_colors_info=\u00bb{}\u00bb custom_padding__hover=\u00bb|||\u00bb][et_pb_text disabled_on=\u00bboff|off|off\u00bb _builder_version=\u00bb4.23&#8243; global_colors_info=\u00bb{}\u00bb]<\/p>\n<h1>Tutoras<\/h1>\n<h3>Primer curso<\/h3>\n<p>Alba Urgel\u00e9s<\/p>\n<h3>Segundo curso<\/h3>\n<p>Imma P\u00e9rez<\/p>\n<p>[\/et_pb_text][\/et_pb_column][\/et_pb_row][\/et_pb_section]<\/p>\n","protected":false},"excerpt":{"rendered":"<p>\u00a0\u00a0ADG201 &#8211; Gesti\u00f3n administrativa Duraci\u00f3n: 2000 horas. Competencia general:\u00a0Realizar actividades de apoyo administrativo en el \u00e1mbito laboral, contable, comercial, financiero y fiscal, as\u00ed como actividades de venta, tanto en empresas p\u00fablicas como privadas, aplicando la normativa vigente y protocolos de calidad, asegurando la satisfacci\u00f3n del cliente y actuando seg\u00fan normas de prevenci\u00f3n de riesgos laborales [&hellip;]<\/p>\n","protected":false},"author":3,"featured_media":0,"parent":0,"menu_order":0,"comment_status":"closed","ping_status":"closed","template":"","meta":{"_et_pb_use_builder":"on","_et_pb_old_content":"<p>[et_pb_section bb_built=\"1\" fullwidth=\"on\" _builder_version=\"3.0.47\"][et_pb_fullwidth_header title=\"Ciencias\" background_layout=\"dark\" title_font_color=\"#ffffff\" module_class=\"pagina-imagen-cabecera\" _builder_version=\"3.0.94\" title_font=\"||||||||\" title_text_align=\"right\" title_font_size=\"40px\" title_text_color=\"#ffffff\" background_image=\"https:\/\/inspectoria.salesianos.edu\/wp-content\/uploads\/2017\/09\/ImagenPAGINA.jpg\" max_width_tablet=\"50px\" background_url=\"https:\/\/alicante.salesianos.edu\/colegio\/wp-content\/uploads\/sites\/2\/2017\/03\/Captura-de-pantalla-2017-03-21-a-las-17.25.56.png\"]<\/p><p>[\/et_pb_fullwidth_header][\/et_pb_section][et_pb_section bb_built=\"1\" module_class=\"pagina-seccion-contenido\" _builder_version=\"3.0.47\" custom_padding=\"0%|||\"][et_pb_row custom_padding=\"25px|||\" custom_margin=\"25px|||\" parallax_method_1=\"off\" module_class=\"pagina-texto\" _builder_version=\"3.0.70\" background_size=\"initial\" background_position=\"top_left\" background_repeat=\"repeat\"][et_pb_column type=\"2_3\"][et_pb_text admin_label=\"Denominaci\u00f3n (Texto)\" _builder_version=\"3.0.98\" background_size=\"initial\" background_position=\"top_left\" background_repeat=\"repeat\" background_layout=\"light\"]<\/p><h1><a class=\"normaLink\" href=\"http:\/\/fp.educaragon.org\/guiaeducativa\/directorio_modulos.asp?grafico=&amp;idE=2360&amp;nombreC=Electricidad%20y%20electr%F3nica&amp;fotoC=familia_gMedio.gif&amp;familia=si&amp;titulo=Formaci%F3n%20profesional%20espec%EDfica%20-%20Grado%20medio\">C\u00f3digo - Denominaci\u00f3n<\/a><\/h1><p><strong>Duraci\u00f3n:<\/strong> nnnnn horas.<\/p><p><strong>Referente europeo<\/strong>: CINE-xxx (Clasificaci\u00f3n Internacional Normalizada de la Educaci\u00f3n)<\/p><p style=\"text-align: justify;\"><strong>Competencia general:<\/strong> xxxxxxxxxxxxxxxxxxxxxxx<\/p><p>[\/et_pb_text][et_pb_text admin_label=\"Organizaci\u00f3n (Texto)\" _builder_version=\"3.0.98\" background_layout=\"light\"]<\/p><h1>Organizaci\u00f3n Curricular<\/h1><p>[\/et_pb_text][et_pb_accordion admin_label=\"Materias (Acorde\u00f3n)\" _builder_version=\"3.0.98\" toggle_level=\"h1\" text_orientation=\"center\"][et_pb_accordion_item title=\"Primero\" _builder_version=\"3.0.98\" title_text_shadow_horizontal_length=\"0em\" title_text_shadow_vertical_length=\"0em\" title_text_shadow_blur_strength=\"0em\" body_text_shadow_horizontal_length=\"0em\" body_text_shadow_vertical_length=\"0em\" body_text_shadow_blur_strength=\"0em\" open=\"on\" use_background_color_gradient=\"off\" background_color_gradient_start=\"#2b87da\" background_color_gradient_end=\"#29c4a9\" background_color_gradient_type=\"linear\" background_color_gradient_direction=\"180deg\" background_color_gradient_direction_radial=\"center\" background_color_gradient_start_position=\"0%\" background_color_gradient_end_position=\"100%\" background_color_gradient_overlays_image=\"off\" parallax=\"off\" parallax_method=\"on\" background_size=\"cover\" background_position=\"center\" background_repeat=\"no-repeat\" background_blend=\"normal\" allow_player_pause=\"off\" text_shadow_style=\"none\" box_shadow_style=\"none\" \/][et_pb_accordion_item title=\"Segundo\" open=\"off\" _builder_version=\"3.0.98\" title_text_shadow_horizontal_length=\"0em\" title_text_shadow_vertical_length=\"0em\" title_text_shadow_blur_strength=\"0em\" body_text_shadow_horizontal_length=\"0em\" body_text_shadow_vertical_length=\"0em\" body_text_shadow_blur_strength=\"0em\" use_background_color_gradient=\"off\" background_color_gradient_start=\"#2b87da\" background_color_gradient_end=\"#29c4a9\" background_color_gradient_type=\"linear\" background_color_gradient_direction=\"180deg\" background_color_gradient_direction_radial=\"center\" background_color_gradient_start_position=\"0%\" background_color_gradient_end_position=\"100%\" background_color_gradient_overlays_image=\"off\" parallax=\"off\" parallax_method=\"on\" background_size=\"cover\" background_position=\"center\" background_repeat=\"no-repeat\" background_blend=\"normal\" allow_player_pause=\"off\" text_shadow_style=\"none\" box_shadow_style=\"none\" \/][\/et_pb_accordion][et_pb_testimonial _builder_version=\"3.0.98\" url_new_window=\"off\" quote_icon=\"on\" use_background_color=\"on\" quote_icon_background_color=\"#f5f5f5\" background_layout=\"light\" \/][et_pb_tabs _builder_version=\"3.0.98\"][et_pb_tab _builder_version=\"3.0.98\" title=\"Salidas profesionales\" use_background_color_gradient=\"off\" background_color_gradient_start=\"#2b87da\" background_color_gradient_end=\"#29c4a9\" background_color_gradient_type=\"linear\" background_color_gradient_direction=\"180deg\" background_color_gradient_direction_radial=\"center\" background_color_gradient_start_position=\"0%\" background_color_gradient_end_position=\"100%\" background_color_gradient_overlays_image=\"off\" parallax=\"off\" parallax_method=\"on\" background_size=\"cover\" background_position=\"center\" background_repeat=\"no-repeat\" background_blend=\"normal\" allow_player_pause=\"off\" tab_text_shadow_style=\"none\" body_text_shadow_style=\"none\" \/][\/et_pb_tabs][\/et_pb_column][et_pb_column type=\"1_3\"][et_pb_text _builder_version=\"3.0.98\" background_layout=\"light\"]<\/p><h1>Tutores<\/h1><h3>Primer curso<\/h3><p>xxxxxxxxxxx<\/p><h3>Segundo curso<\/h3><p>xxxxxxxxxxxx<\/p><p>[\/et_pb_text][\/et_pb_column][\/et_pb_row][\/et_pb_section]<\/p>","_et_gb_content_width":"","footnotes":""},"class_list":["post-8203","page","type-page","status-publish","hentry"],"yoast_head":"<!-- This site is optimized with the Yoast SEO plugin v28.4 - https:\/\/yoast.com\/product\/yoast-seo-wordpress\/ -->\n<title>Gesti\u00f3n Administrativa - Colegio Santo Domingo Savio<\/title>\n<meta name=\"robots\" content=\"index, follow, max-snippet:-1, max-image-preview:large, max-video-preview:-1\" \/>\n<link rel=\"canonical\" href=\"https:\/\/monzon.salesianos.edu\/colegio\/gestion-administrativa\/\" \/>\n<meta property=\"og:locale\" content=\"es_ES\" \/>\n<meta property=\"og:type\" content=\"article\" \/>\n<meta property=\"og:title\" content=\"Gesti\u00f3n Administrativa - Colegio Santo Domingo Savio\" \/>\n<meta property=\"og:description\" content=\"\u00a0\u00a0ADG201 - Gesti\u00f3n administrativa Duraci\u00f3n: 2000 horas. Competencia general:\u00a0Realizar actividades de apoyo administrativo en el \u00e1mbito laboral, contable, comercial, financiero y fiscal, as\u00ed como actividades de venta, tanto en empresas p\u00fablicas como privadas, aplicando la normativa vigente y protocolos de calidad, asegurando la satisfacci\u00f3n del cliente y actuando seg\u00fan normas de prevenci\u00f3n de riesgos laborales [&hellip;]\" \/>\n<meta property=\"og:url\" content=\"https:\/\/monzon.salesianos.edu\/colegio\/gestion-administrativa\/\" \/>\n<meta property=\"og:site_name\" content=\"Colegio Santo Domingo Savio\" \/>\n<meta property=\"article:modified_time\" content=\"2026-06-22T09:16:04+00:00\" \/>\n<meta name=\"twitter:card\" content=\"summary_large_image\" \/>\n<meta name=\"twitter:label1\" content=\"Tiempo de lectura\" \/>\n\t<meta name=\"twitter:data1\" content=\"3 minutos\" \/>\n<script type=\"application\/ld+json\" class=\"yoast-schema-graph\">{\"@context\":\"https:\\\/\\\/schema.org\",\"@graph\":[{\"@type\":\"WebPage\",\"@id\":\"https:\\\/\\\/monzon.salesianos.edu\\\/colegio\\\/gestion-administrativa\\\/\",\"url\":\"https:\\\/\\\/monzon.salesianos.edu\\\/colegio\\\/gestion-administrativa\\\/\",\"name\":\"Gesti\u00f3n Administrativa - Colegio Santo Domingo Savio\",\"isPartOf\":{\"@id\":\"https:\\\/\\\/monzon.salesianos.edu\\\/colegio\\\/#website\"},\"datePublished\":\"2018-02-09T21:50:41+00:00\",\"dateModified\":\"2026-06-22T09:16:04+00:00\",\"breadcrumb\":{\"@id\":\"https:\\\/\\\/monzon.salesianos.edu\\\/colegio\\\/gestion-administrativa\\\/#breadcrumb\"},\"inLanguage\":\"es\",\"potentialAction\":[{\"@type\":\"ReadAction\",\"target\":[\"https:\\\/\\\/monzon.salesianos.edu\\\/colegio\\\/gestion-administrativa\\\/\"]}]},{\"@type\":\"BreadcrumbList\",\"@id\":\"https:\\\/\\\/monzon.salesianos.edu\\\/colegio\\\/gestion-administrativa\\\/#breadcrumb\",\"itemListElement\":[{\"@type\":\"ListItem\",\"position\":1,\"name\":\"Portada\",\"item\":\"https:\\\/\\\/monzon.salesianos.edu\\\/colegio\\\/\"},{\"@type\":\"ListItem\",\"position\":2,\"name\":\"Gesti\u00f3n Administrativa\"}]},{\"@type\":\"WebSite\",\"@id\":\"https:\\\/\\\/monzon.salesianos.edu\\\/colegio\\\/#website\",\"url\":\"https:\\\/\\\/monzon.salesianos.edu\\\/colegio\\\/\",\"name\":\"Colegio Santo Domingo Savio\",\"description\":\"P\u00e1gina oficial Salesianos Monz\u00f3n\",\"potentialAction\":[{\"@type\":\"SearchAction\",\"target\":{\"@type\":\"EntryPoint\",\"urlTemplate\":\"https:\\\/\\\/monzon.salesianos.edu\\\/colegio\\\/?s={search_term_string}\"},\"query-input\":{\"@type\":\"PropertyValueSpecification\",\"valueRequired\":true,\"valueName\":\"search_term_string\"}}],\"inLanguage\":\"es\"}]}<\/script>\n<!-- \/ Yoast SEO plugin. -->","yoast_head_json":{"title":"Gesti\u00f3n Administrativa - Colegio Santo Domingo Savio","robots":{"index":"index","follow":"follow","max-snippet":"max-snippet:-1","max-image-preview":"max-image-preview:large","max-video-preview":"max-video-preview:-1"},"canonical":"https:\/\/monzon.salesianos.edu\/colegio\/gestion-administrativa\/","og_locale":"es_ES","og_type":"article","og_title":"Gesti\u00f3n Administrativa - Colegio Santo Domingo Savio","og_description":"\u00a0\u00a0ADG201 - Gesti\u00f3n administrativa Duraci\u00f3n: 2000 horas. Competencia general:\u00a0Realizar actividades de apoyo administrativo en el \u00e1mbito laboral, contable, comercial, financiero y fiscal, as\u00ed como actividades de venta, tanto en empresas p\u00fablicas como privadas, aplicando la normativa vigente y protocolos de calidad, asegurando la satisfacci\u00f3n del cliente y actuando seg\u00fan normas de prevenci\u00f3n de riesgos laborales [&hellip;]","og_url":"https:\/\/monzon.salesianos.edu\/colegio\/gestion-administrativa\/","og_site_name":"Colegio Santo Domingo Savio","article_modified_time":"2026-06-22T09:16:04+00:00","twitter_card":"summary_large_image","twitter_misc":{"Tiempo de lectura":"3 minutos"},"schema":{"@context":"https:\/\/schema.org","@graph":[{"@type":"WebPage","@id":"https:\/\/monzon.salesianos.edu\/colegio\/gestion-administrativa\/","url":"https:\/\/monzon.salesianos.edu\/colegio\/gestion-administrativa\/","name":"Gesti\u00f3n Administrativa - Colegio Santo Domingo Savio","isPartOf":{"@id":"https:\/\/monzon.salesianos.edu\/colegio\/#website"},"datePublished":"2018-02-09T21:50:41+00:00","dateModified":"2026-06-22T09:16:04+00:00","breadcrumb":{"@id":"https:\/\/monzon.salesianos.edu\/colegio\/gestion-administrativa\/#breadcrumb"},"inLanguage":"es","potentialAction":[{"@type":"ReadAction","target":["https:\/\/monzon.salesianos.edu\/colegio\/gestion-administrativa\/"]}]},{"@type":"BreadcrumbList","@id":"https:\/\/monzon.salesianos.edu\/colegio\/gestion-administrativa\/#breadcrumb","itemListElement":[{"@type":"ListItem","position":1,"name":"Portada","item":"https:\/\/monzon.salesianos.edu\/colegio\/"},{"@type":"ListItem","position":2,"name":"Gesti\u00f3n Administrativa"}]},{"@type":"WebSite","@id":"https:\/\/monzon.salesianos.edu\/colegio\/#website","url":"https:\/\/monzon.salesianos.edu\/colegio\/","name":"Colegio Santo Domingo Savio","description":"P\u00e1gina oficial Salesianos Monz\u00f3n","potentialAction":[{"@type":"SearchAction","target":{"@type":"EntryPoint","urlTemplate":"https:\/\/monzon.salesianos.edu\/colegio\/?s={search_term_string}"},"query-input":{"@type":"PropertyValueSpecification","valueRequired":true,"valueName":"search_term_string"}}],"inLanguage":"es"}]}},"_links":{"self":[{"href":"https:\/\/monzon.salesianos.edu\/colegio\/wp-json\/wp\/v2\/pages\/8203","targetHints":{"allow":["GET"]}}],"collection":[{"href":"https:\/\/monzon.salesianos.edu\/colegio\/wp-json\/wp\/v2\/pages"}],"about":[{"href":"https:\/\/monzon.salesianos.edu\/colegio\/wp-json\/wp\/v2\/types\/page"}],"author":[{"embeddable":true,"href":"https:\/\/monzon.salesianos.edu\/colegio\/wp-json\/wp\/v2\/users\/3"}],"replies":[{"embeddable":true,"href":"https:\/\/monzon.salesianos.edu\/colegio\/wp-json\/wp\/v2\/comments?post=8203"}],"version-history":[{"count":14,"href":"https:\/\/monzon.salesianos.edu\/colegio\/wp-json\/wp\/v2\/pages\/8203\/revisions"}],"predecessor-version":[{"id":13011,"href":"https:\/\/monzon.salesianos.edu\/colegio\/wp-json\/wp\/v2\/pages\/8203\/revisions\/13011"}],"wp:attachment":[{"href":"https:\/\/monzon.salesianos.edu\/colegio\/wp-json\/wp\/v2\/media?parent=8203"}],"curies":[{"name":"wp","href":"https:\/\/api.w.org\/{rel}","templated":true}]}}