{"id":8134,"date":"2018-02-05T12:09:45","date_gmt":"2018-02-05T11:09:45","guid":{"rendered":"https:\/\/monzon.salesianos.edu\/colegio\/?page_id=8134"},"modified":"2020-02-16T10:11:36","modified_gmt":"2020-02-16T09:11:36","slug":"extraescolares","status":"publish","type":"page","link":"https:\/\/monzon.salesianos.edu\/colegio\/extraescolares\/","title":{"rendered":"Extraescolares"},"content":{"rendered":"<p>[et_pb_section fb_built=\u00bb1&#8243; fullwidth=\u00bbon\u00bb _builder_version=\u00bb3.22&#8243;][et_pb_fullwidth_header title=\u00bbExtraescolares\u00bb module_class=\u00bbpagina-imagen-cabecera\u00bb _builder_version=\u00bb3.16&#8243; title_text_color=\u00bb#ffffff\u00bb title_font_size=\u00bb40px\u00bb background_color=\u00bbrgba(255, 255, 255, 0)\u00bb background_image=\u00bbhttps:\/\/inspectoria.salesianos.edu\/wp-content\/uploads\/2017\/09\/ImagenPAGINA.jpg\u00bb max_width_tablet=\u00bb50px\u00bb button_one_text_size__hover_enabled=\u00bboff\u00bb button_one_text_size__hover=\u00bbnull\u00bb button_two_text_size__hover_enabled=\u00bboff\u00bb button_two_text_size__hover=\u00bbnull\u00bb button_one_text_color__hover_enabled=\u00bboff\u00bb button_one_text_color__hover=\u00bbnull\u00bb button_two_text_color__hover_enabled=\u00bboff\u00bb button_two_text_color__hover=\u00bbnull\u00bb button_one_border_width__hover_enabled=\u00bboff\u00bb button_one_border_width__hover=\u00bbnull\u00bb button_two_border_width__hover_enabled=\u00bboff\u00bb button_two_border_width__hover=\u00bbnull\u00bb button_one_border_color__hover_enabled=\u00bboff\u00bb button_one_border_color__hover=\u00bbnull\u00bb button_two_border_color__hover_enabled=\u00bboff\u00bb button_two_border_color__hover=\u00bbnull\u00bb button_one_border_radius__hover_enabled=\u00bboff\u00bb button_one_border_radius__hover=\u00bbnull\u00bb button_two_border_radius__hover_enabled=\u00bboff\u00bb button_two_border_radius__hover=\u00bbnull\u00bb button_one_letter_spacing__hover_enabled=\u00bboff\u00bb button_one_letter_spacing__hover=\u00bbnull\u00bb button_two_letter_spacing__hover_enabled=\u00bboff\u00bb button_two_letter_spacing__hover=\u00bbnull\u00bb button_one_bg_color__hover_enabled=\u00bboff\u00bb button_one_bg_color__hover=\u00bbnull\u00bb button_two_bg_color__hover_enabled=\u00bboff\u00bb button_two_bg_color__hover=\u00bbnull\u00bb]<\/p>\n<p>[\/et_pb_fullwidth_header][\/et_pb_section][et_pb_section fb_built=\u00bb1&#8243; module_class=\u00bbpagina-seccion-contenido\u00bb _builder_version=\u00bb3.22&#8243; custom_padding=\u00bb-4%|||\u00bb transparent_background=\u00bboff\u00bb][et_pb_row column_structure=\u00bb1_2,1_2&#8243; module_class=\u00bbpagina-texto\u00bb _builder_version=\u00bb3.25&#8243; background_size=\u00bbinitial\u00bb background_position=\u00bbtop_left\u00bb background_repeat=\u00bbrepeat\u00bb module_alignment=\u00bbcenter\u00bb custom_padding=\u00bb|0px|4px|0px\u00bb][et_pb_column type=\u00bb1_2&#8243; _builder_version=\u00bb3.25&#8243; custom_padding=\u00bb|||\u00bb custom_padding__hover=\u00bb|||\u00bb][et_pb_text _builder_version=\u00bb3.27.4&#8243; background_size=\u00bbinitial\u00bb background_position=\u00bbtop_left\u00bb background_repeat=\u00bbrepeat\u00bb use_border_color=\u00bboff\u00bb border_color=\u00bb#ffffff\u00bb border_style=\u00bbsolid\u00bb]<\/p>\n<h2>Taller de Bonsais<strong style=\"font-size: 14px;\">\u00a0<\/strong><\/h2>\n<p><strong>Objeto de la actividad<\/strong>:<\/p>\n<ul>\n<li style=\"text-align: justify;\">Mantenimiento y cuidado del Bonsai. Conoce esta t\u00e9cnica japonesa, relajante, interiorizante. Beneficiosa para el equilibrio mental.<\/li>\n<\/ul>\n<p><strong style=\"font-size: 14px;\">Responsable<\/strong><span style=\"font-size: 14px;\">:\u00a0 \u00a0 \u00a0 \u00a0 \u00a0 \u00a0 \u00a0 \u00a0 \u00a0 Arturo Valenzuela (<a href=\"https:\/\/bonsaisviveros.com\/\">Bonsai Vivero<\/a>)<\/span><\/p>\n<p><strong style=\"font-size: 14px;\">D\u00edas\/Horario:<\/strong><span style=\"font-size: 14px;\">\u00a0 \u00a0 \u00a0 \u00a0 \u00a0 \u00a0 \u00a0 \u00a0 \u00a0 \u00a0Sesi\u00f3n mensual. (Febrero \u2013 Marzo \u2013 Abril \u2013 Mayo)<\/span><\/p>\n<p><strong>Coste\/Mes:<\/strong>\u00a0 \u00a0 \u00a0 \u00a0 \u00a0 \u00a0 \u00a0 \u00a0 \u00a0 \u00a0 \u00a0 \u00a035 \u20ac+ 35 \u20ac (Incluye Bonsai para trabajar)<\/p>\n<p><strong>M\u00ednimo alumnos\/as<\/strong>: \u00a0\u00a0\u00a0\u00a0\u00a0\u00a0\u00a0 5<\/p>\n<p><strong>Lugar:\u00a0 \u00a0 \u00a0 \u00a0 \u00a0 \u00a0 \u00a0 \u00a0 \u00a0 \u00a0 \u00a0 \u00a0 \u00a0 \u00a0 \u00a0 \u00a0<\/strong>1 sesi\u00f3n en aula de clase + 4 sesiones en vivero<\/p>\n<p>[\/et_pb_text][et_pb_image src=\u00bbhttps:\/\/monzon.salesianos.edu\/colegio\/wp-content\/uploads\/sites\/2\/2018\/02\/Bonsais-1.jpg\u00bb align_tablet=\u00bbcenter\u00bb align_phone=\u00bb\u00bb align_last_edited=\u00bbon|desktop\u00bb _builder_version=\u00bb3.23&#8243; box_shadow_style=\u00bbpreset2&#8243;]<\/p>\n<p>[\/et_pb_image][\/et_pb_column][et_pb_column type=\u00bb1_2&#8243; _builder_version=\u00bb3.25&#8243; custom_padding=\u00bb|||\u00bb custom_padding__hover=\u00bb|||\u00bb][et_pb_text _builder_version=\u00bb3.29.3&#8243; background_size=\u00bbinitial\u00bb background_position=\u00bbtop_left\u00bb background_repeat=\u00bbrepeat\u00bb use_border_color=\u00bboff\u00bb border_color=\u00bb#ffffff\u00bb border_style=\u00bbsolid\u00bb]<\/p>\n<h2>Aula de teatro<\/h2>\n<p><strong>Objeto de la actividad:<\/strong><\/p>\n<ul>\n<li style=\"text-align: justify;\">Aula de Teatro es un proyecto de Educaci\u00f3n con un programa de pedagog\u00eda art\u00edstica y una intenci\u00f3n de intervenci\u00f3n socio-educativa y gesti\u00f3n cultural, quiere crear un espacio para\u00a0 el enriquecimiento de la expresividad\u00a0 y creatividad art\u00edstica de los miembros de la comunidad educativa.<\/li>\n<\/ul>\n<p><strong>Responsable:<\/strong>\u00a0 \u00a0 \u00a0 \u00a0 \u00a0 \u00a0 \u00a0 \u00a0 Nines Alegre<\/p>\n<p><strong>D\u00edas\/Horario<\/strong>:\u00a0 \u00a0 \u00a0 \u00a0 \u00a0 \u00a0 \u00a0 \u00a0 \u00a0 Viernes de 17:00 &#8211; 18:30<\/p>\n<p><strong>Iniciaci\u00f3n<\/strong>:\u00a0 \u00a0 \u00a0 \u00a0 \u00a0 \u00a0 \u00a0 \u00a0 \u00a0 \u00a0 12 euros \/mes. Primer mes 20 euros por la camiseta (desde noviembre a mayo).<\/p>\n<p><strong>Intermedio y avanzado<\/strong>: 12 euros\/ mes (desde noviembre a mayo).<\/p>\n<p>Socios AMPA 12\u20ac.<\/p>\n<p><strong>Coste total:\u00a0 \u00a0 \u00a0 \u00a0 \u00a0 \u00a0 \u00a0 \u00a0 \u00a0 \u00a0 \u00a0<\/strong>100 \u20ac (Cuota \u00fanica para todo el curso)<\/p>\n<p><strong>Lugar:<\/strong>\u00a0 \u00a0 \u00a0 \u00a0 \u00a0 \u00a0 \u00a0 \u00a0 \u00a0 \u00a0 \u00a0 \u00a0 \u00a0 \u00a0 \u00a0Teatro del colegio<\/p>\n<p><strong>Inscripciones:<\/strong>\u00a0 \u00a0 \u00a0 \u00a0 \u00a0 \u00a0 \u00a0 \u00a0 \u00a0<a href=\"https:\/\/drive.google.com\/file\/d\/1Qvr0y-BUkWFxGi-ZA_UCEii8FIYBnYU2\/view.\" target=\"_blank\" rel=\"noopener noreferrer\">Formulario de inscripci\u00f3n<\/a><\/p>\n<p>[\/et_pb_text][et_pb_image src=\u00bbhttps:\/\/lh3.googleusercontent.com\/8efZMso7ZZ5dAO81qdQw7J6V_M6LnqFqkVSOZt7G-qx3re4_a3WwQPGCet8A_togSSvBqlhWK5vaw6kSgWVy-29NChC2rkCrViQTZ-p4wXj2M16k6GRQp9qbxGVY7ANT7t-jvHCKzN9PSmN8TufAyeta7JTiPaPupwPDjIcoBz4yCTeWb4UxAL-IfUtrRXtwvZUqlM8FoCKRssZ-llR__TUZMk6zfwhQl59lz8AxRlzlFcuVsnIeUYg1Nh-pUil8v2QXRwzKfOVa5-0ixUhSyluCFd4GfIWgqlKrtlhMIHRoJ_ie5LUQCL-erMnLNl1z_UCCmtxtUmBesb7BORYNE-Xkm4vBbPNQSTZryjPzIhAkB4A6cG2QB8kD3Y8i5YB-ioOHBHwfx2MgVpalclIpjCuVtQckt4Rp9KWVjBfCl6tRyw0fVwBn5qtigumLBHLx9lVq8qZKOEmGA2LyrjQ74F2doKNbEBu0oOlzVNna3JMHE5mrQYZhm6pmd0k5yKVNFqNT4jsWkEu3Rrzl5im9sEVyt8jemIOXkD1kKI_qZhc7g3DVfRRvZfJglpUpAoKIBXa-Hl6q0mW3LtdUjpgzYB_uKp4K-Runc0qDJRH8JJaZ_p2NgFYl977MSV0D7POk-I-cqf_jXsVWOT-sgFxF1IDhZAVqsNr_TA=w1191-h794-no\u00bb align_tablet=\u00bbcenter\u00bb align_phone=\u00bb\u00bb align_last_edited=\u00bbon|desktop\u00bb _builder_version=\u00bb3.23&#8243; box_shadow_style=\u00bbpreset2&#8243;]<\/p>\n<p>[\/et_pb_image][\/et_pb_column][\/et_pb_row][et_pb_row column_structure=\u00bb1_2,1_2&#8243; module_class=\u00bbpagina-texto\u00bb _builder_version=\u00bb3.25&#8243; background_size=\u00bbinitial\u00bb background_position=\u00bbtop_left\u00bb background_repeat=\u00bbrepeat\u00bb custom_padding=\u00bb27px|0px|1px|0px\u00bb][et_pb_column type=\u00bb1_2&#8243; _builder_version=\u00bb3.25&#8243; custom_padding=\u00bb|||\u00bb custom_padding__hover=\u00bb|||\u00bb][et_pb_text _builder_version=\u00bb3.27.4&#8243; background_size=\u00bbinitial\u00bb background_position=\u00bbtop_left\u00bb background_repeat=\u00bbrepeat\u00bb use_border_color=\u00bboff\u00bb border_color=\u00bb#ffffff\u00bb border_style=\u00bbsolid\u00bb]<\/p>\n<h2 style=\"text-align: justify;\"><strong>Cocina con Jairo<\/strong><\/h2>\n<p><strong>Objeto de la actividad:<\/strong><\/p>\n<ul>\n<li>Cultura gastron\u00f3mica, un modo de empatizar con otras culturas. H\u00e1bitos nutricionales, eres lo que comes. Una disciplina, un arte. Conocer y apreciar los alimentos nos ense\u00f1a a valorarlos. Como elaboras tus alimentos es un modo de vida. Curso de conocimientos b\u00e1sicos\/medios en cocina.<\/li>\n<\/ul>\n<p><strong style=\"font-size: 14px;\">Responsable:<\/strong><span style=\"font-size: 14px;\">\u00a0 \u00a0 \u00a0 \u00a0 \u00a0 \u00a0 \u00a0 Jairo S\u00e1nchez <a class=\"ProfileHeaderCard-screennameLink u-linkComplex js-nav\" href=\"https:\/\/twitter.com\/CocinaConJairo\"><span class=\"username u-dir\" dir=\"ltr\">@<b class=\"u-linkComplex-target\">CocinaConJairo<\/b><\/span>\u00a0<\/a>\u00a0<\/span><\/p>\n<p><strong style=\"font-size: 14px;\">D\u00edas\/Horario:<\/strong><span style=\"font-size: 14px;\">\u00a0 \u00a0 \u00a0 \u00a0 \u00a0 \u00a0 \u00a0 \u00a0 Febrero &#8211; marzo<\/span><\/p>\n<p><strong>Horario:<\/strong>\u00a0 \u00a0 \u00a0 \u00a0 \u00a0 \u00a0 \u00a0 \u00a0 \u00a0 \u00a0 \u00a0 \u00a0 \u00a018:30h. \u2013 19:45 (Segunda Evaluaci\u00f3n)<\/p>\n<p><strong>Duraci\u00f3n<\/strong>:\u00a0 \u00a0 \u00a0 \u00a0 \u00a0 \u00a0 \u00a0 \u00a0 \u00a0 \u00a0 \u00a0 8 sesiones<\/p>\n<p><strong>M\u00ednimo alumnos\/as<\/strong>:\u00a0 \u00a0 10<\/p>\n<p><strong>Coste\/Mes:<\/strong>\u00a0 \u00a0 \u00a0 \u00a0 \u00a0 \u00a0 \u00a0 \u00a0 \u00a0 \u00a0 35 \u20ac (Ingredientes diarios incluidos)<\/p>\n<p><strong>Lugar:\u00a0<\/strong> \u00a0 \u00a0 \u00a0 \u00a0 \u00a0 \u00a0 \u00a0 \u00a0 \u00a0 \u00a0 \u00a0 \u00a0 \u00a0 \u00a0Bar de la escuela<\/p>\n<p>[\/et_pb_text][et_pb_image src=\u00bbhttps:\/\/monzon.salesianos.edu\/colegio\/wp-content\/uploads\/sites\/2\/2018\/02\/Jairo.jpg\u00bb align_tablet=\u00bbcenter\u00bb align_phone=\u00bb\u00bb align_last_edited=\u00bbon|desktop\u00bb _builder_version=\u00bb3.23&#8243; box_shadow_style=\u00bbpreset2&#8243;]<\/p>\n<p>[\/et_pb_image][\/et_pb_column][et_pb_column type=\u00bb1_2&#8243; _builder_version=\u00bb3.25&#8243; custom_padding=\u00bb|||\u00bb custom_padding__hover=\u00bb|||\u00bb][et_pb_text _builder_version=\u00bb3.27.4&#8243; background_size=\u00bbinitial\u00bb background_position=\u00bbtop_left\u00bb background_repeat=\u00bbrepeat\u00bb use_border_color=\u00bboff\u00bb border_color=\u00bb#ffffff\u00bb border_style=\u00bbsolid\u00bb]<\/p>\n<h2>Taller de Guitarra<\/h2>\n<p><strong>Objeto de la actividad:<\/strong><\/p>\n<ul>\n<li>\u00a0<span style=\"font-size: 14px;\">Iniciaci\u00f3n en el acompa\u00f1amiento de la guitarra.<\/span><\/li>\n<\/ul>\n<p><span style=\"font-size: 14px;\"><\/span><\/p>\n<p><strong>Responsable:\u00a0 \u00a0 \u00a0 \u00a0 \u00a0 \u00a0 \u00a0 \u00a0 \u00a0<\/strong>Jos\u00e9 Antonio Castells\u00a0<\/p>\n<p><strong>D\u00edas\/Horario:\u00a0 \u00a0 \u00a0 \u00a0 \u00a0 \u00a0 \u00a0 \u00a0 \u00a0 <\/strong>Jueves a 16:15h\u00a0 hasta 17:30h.\u00a0<span>Octubre &#8211; Mayo<\/span><\/p>\n<p><strong>Coste\/Mes:\u00a0 \u00a0 \u00a0 \u00a0 \u00a0 \u00a0 \u00a0 \u00a0 \u00a0 \u00a0 \u00a0 <\/strong>15 \u20ac (dep\u00f3sito inicial 30 \u20ac, pago de dos \u00faltimos meses)<\/p>\n<p><strong>M\u00ednimo alumnos\/as<\/strong>:\u00a0 \u00a0 \u00a0 \u00a010<\/p>\n<p><strong>Lugar:\u00a0 \u00a0 \u00a0 \u00a0 \u00a0 \u00a0 \u00a0 \u00a0 \u00a0 \u00a0 \u00a0 \u00a0 \u00a0 \u00a0 \u00a0 <\/strong>Aula de M\u00fasica<\/p>\n<p>[\/et_pb_text][et_pb_image src=\u00bbhttps:\/\/lh3.googleusercontent.com\/HxUi9smNQBIEMYhX8OYivMxvYoO-zLbpD15Qpjiq6JNJe5RbbuDjBO7f_npbZt6iUIX6wKSmaDi3CHjPoAwEJfjnN9e89UX3R3mmHF_bGNNlJNTMRXdZ1hTlaKmSdqEqZoPmL9IUtfxh6z6VdEsFk_Jbpb4pepM1A6UsJe78OW3qV9oveLs9GISuD&#8211;49kPLyQSH4sqb&#8211;pgx2ydp76HGEqVeu-bwHcjDMLjh-1VKIM1s0ESFn-V7JwUOoziacQfXfU2Nv_OLk34g8EU2itZwJosChtVxYbcBrB31vwI-nR-Ee6wAZCSZef45pvjkk_TAbYo7dnfurfUdOoSuBsmVx34p6SYMHpmjE56-7y1CvOpRGe82wqt38m5bkPq4ip34wjBAxZzncZ6d5jmYdpI8JeMlsEQwr5yecl1fSDWEofxIUN6FavFYZDgToTkPd0NGZTTqcAHe8fP8zueq5SwsEclobxsx7mhL4qA49VtujAM7DrObGH3RpwG3iYEUFo8NxRBwmCPS9mSPaxnTMKygWe9Q4eNYTAeUZNSwOISfQzysNBtJsalhq1XulrVh3zzCH9fUsdxEmuTfI3I_8E3R7taA6efWZCjcvXU1tpfzDAdiT5bDBVD8XIKZKhAuGY6fmXxIclYa8T4P2vpRTP7ZeuY-UDFwxjWkA=w1024-h683-no\u00bb align_tablet=\u00bbcenter\u00bb align_phone=\u00bb\u00bb align_last_edited=\u00bbon|desktop\u00bb _builder_version=\u00bb3.23&#8243; box_shadow_style=\u00bbpreset2&#8243;]<\/p>\n<p>[\/et_pb_image][\/et_pb_column][\/et_pb_row][et_pb_row column_structure=\u00bb1_2,1_2&#8243; module_class=\u00bbpagina-texto\u00bb _builder_version=\u00bb3.25&#8243; background_size=\u00bbinitial\u00bb background_position=\u00bbtop_left\u00bb background_repeat=\u00bbrepeat\u00bb][et_pb_column type=\u00bb1_2&#8243; _builder_version=\u00bb3.25&#8243; custom_padding=\u00bb|||\u00bb custom_padding__hover=\u00bb|||\u00bb][et_pb_text _builder_version=\u00bb4.0.9&#8243; background_size=\u00bbinitial\u00bb background_position=\u00bbtop_left\u00bb background_repeat=\u00bbrepeat\u00bb hover_enabled=\u00bb0&#8243; use_border_color=\u00bboff\u00bb border_color=\u00bb#ffffff\u00bb border_style=\u00bbsolid\u00bb]<\/p>\n<h2 style=\"text-align: justify;\">Voleybol<\/h2>\n<p><strong>Objeto de la actividad:<\/strong><\/p>\n<ul>\n<li><span style=\"font-size: 14px; text-align: justify;\">Voleibol como deporte completo e igualitario donde se mejora la agilidad, atenci\u00f3n y trabajo en equipo<\/span><\/li>\n<\/ul>\n<p><strong style=\"font-size: 14px;\">Responsable:<\/strong><span style=\"font-size: 14px;\">\u00a0 \u00a0 \u00a0 \u00a0 \u00a0 \u00a0 Eloy Suils<\/span><\/p>\n<p><strong style=\"font-size: 14px;\">D\u00edas\u00a0 \u00a0 \u00a0 \u00a0 \u00a0 \u00a0 \u00a0:<\/strong><span style=\"font-size: 14px;\">\u00a0 \u00a0 \u00a0 \u00a0 \u00a0 \u00a0 \u00a0 A convenir<\/span><\/p>\n<p><strong>Horario:<\/strong>\u00a0 \u00a0 \u00a0 \u00a0 \u00a0 \u00a0 \u00a0 \u00a0 \u00a0 \u00a0 \u00a0 A convenir<\/p>\n<p><strong style=\"font-size: 14px;\">M\u00ednimo alumnos\/as<\/strong><span style=\"font-size: 14px;\">: 8<\/span><\/p>\n<p><strong>Coste\/Mes:<\/strong>\u00a0 \u00a0 \u00a0 \u00a0 \u00a0 \u00a0 \u00a0 \u00a0\u00a0<\/p>\n<p>[\/et_pb_text][\/et_pb_column][et_pb_column type=\u00bb1_2&#8243; _builder_version=\u00bb3.25&#8243; custom_padding=\u00bb|||\u00bb custom_padding__hover=\u00bb|||\u00bb][\/et_pb_column][\/et_pb_row][et_pb_row column_structure=\u00bb1_2,1_2&#8243; module_class=\u00bbpagina-texto\u00bb _builder_version=\u00bb3.25&#8243; background_size=\u00bbinitial\u00bb background_position=\u00bbtop_left\u00bb background_repeat=\u00bbrepeat\u00bb][et_pb_column type=\u00bb1_2&#8243; _builder_version=\u00bb3.25&#8243; custom_padding=\u00bb|||\u00bb custom_padding__hover=\u00bb|||\u00bb][\/et_pb_column][et_pb_column type=\u00bb1_2&#8243; _builder_version=\u00bb3.25&#8243; custom_padding=\u00bb|||\u00bb custom_padding__hover=\u00bb|||\u00bb][et_pb_text _builder_version=\u00bb3.27.4&#8243; background_size=\u00bbinitial\u00bb background_position=\u00bbtop_left\u00bb background_repeat=\u00bbrepeat\u00bb use_border_color=\u00bboff\u00bb border_color=\u00bb#ffffff\u00bb border_style=\u00bbsolid\u00bb]<\/p>\n<h2><strong>Mecanograf\u00eda<\/strong><\/h2>\n<h2><strong style=\"font-family: arial, helvetica; font-size: 14px; color: #494949;\">Objeto de la actividad:<\/strong><\/h2>\n<ul>\n<li>\u00a0Dirigida a alumnos de ESO12. Ya trabajan con libros digitalizados de texto. El objetivo es aprender a escribir en el ordenador sin mirar el teclado.<\/li>\n<\/ul>\n<table>\n<tbody>\n<tr>\n<td><strong>Responsable<\/strong><\/td>\n<td>Departamento Administrativo<\/td>\n<\/tr>\n<tr>\n<td><strong>Destinatarios<\/strong><\/td>\n<td>Alumnos de ESO1. Opcional ESO2 si sobran plazas<\/td>\n<\/tr>\n<tr>\n<td><strong>D\u00edas<\/strong><\/td>\n<td>Octubre: 7,8,14,15,17,21,22,24,28,29,31<br \/>Noviembre: 4,5,7,11,12,14.<\/td>\n<\/tr>\n<tr>\n<td><strong>Horario<\/strong><\/td>\n<td>16:30-17:30hs<\/td>\n<\/tr>\n<tr>\n<td><strong>Coste<\/strong><\/td>\n<td>25 \u20ac<\/td>\n<\/tr>\n<tr>\n<td><strong>Lugar<\/strong><\/td>\n<td>Aula Escuela Empresa<\/td>\n<\/tr>\n<\/tbody>\n<\/table>\n<p>[\/et_pb_text][\/et_pb_column][\/et_pb_row][et_pb_row column_structure=\u00bb1_2,1_2&#8243; module_class=\u00bbpagina-texto\u00bb _builder_version=\u00bb3.25&#8243; background_size=\u00bbinitial\u00bb background_position=\u00bbtop_left\u00bb background_repeat=\u00bbrepeat\u00bb custom_padding=\u00bb27px|0px|2px|0px\u00bb][et_pb_column type=\u00bb1_2&#8243; _builder_version=\u00bb3.25&#8243; custom_padding=\u00bb|||\u00bb custom_padding__hover=\u00bb|||\u00bb][et_pb_text _builder_version=\u00bb4.0.9&#8243; header_font=\u00bb||||||||\u00bb header_2_font=\u00bb||||||||\u00bb background_size=\u00bbinitial\u00bb background_position=\u00bbtop_left\u00bb background_repeat=\u00bbrepeat\u00bb hover_enabled=\u00bb0&#8243; use_border_color=\u00bboff\u00bb border_color=\u00bb#ffffff\u00bb border_style=\u00bbsolid\u00bb]<\/p>\n<h2 style=\"text-align: justify;\"><strong>Juegos de mesa: Pedagog\u00eda y aprendizaje<\/strong><\/h2>\n<p><strong>Objeto de la actividad:<\/strong><\/p>\n<ul>\n<li style=\"text-align: justify;\">El escritor y soci\u00f3logo franc\u00e9s Roger Caillois, consideraba que lo hace tan interesantes a los juegos de mesa es que son una combinaci\u00f3n de invenci\u00f3n, l\u00edmites y libertad. Por eso tienen un valor educativo tan grande. Este seminario nos introducir\u00e1 en la pedagog\u00eda y aprendizaje que nos pueden ofrecer los juegos de mesa. Ven y descubrir\u00e1s que hay vida m\u00e1s all\u00e1 del Monopoly.<\/li>\n<\/ul>\n<table width=\"603\">\n<tbody>\n<tr>\n<td width=\"177\"><strong>Responsable<\/strong><\/td>\n<td width=\"425\">Mario Molins<\/td>\n<\/tr>\n<tr>\n<td><strong>D\u00edas<\/strong><\/td>\n<td>Martes 12 noviembre: juegos de cartas<br \/> Martes 26 de noviembre 26: juegos de tablero<br \/> Martes 17 de diciembre: Juegos de Rol.<\/td>\n<\/tr>\n<tr>\n<td><strong>Coste<\/strong><\/td>\n<td>15 \u20ac (5 \u20ac por sesi\u00f3n)<\/td>\n<\/tr>\n<tr>\n<td><strong>Lugar<\/strong><\/td>\n<td>Aula colegio<\/td>\n<\/tr>\n<\/tbody>\n<\/table>\n<p>[\/et_pb_text][\/et_pb_column][et_pb_column type=\u00bb1_2&#8243; _builder_version=\u00bb3.25&#8243; custom_padding=\u00bb|||\u00bb custom_padding__hover=\u00bb|||\u00bb][et_pb_text _builder_version=\u00bb3.27.4&#8243; background_size=\u00bbinitial\u00bb background_position=\u00bbtop_left\u00bb background_repeat=\u00bbrepeat\u00bb use_border_color=\u00bboff\u00bb border_color=\u00bb#ffffff\u00bb border_style=\u00bbsolid\u00bb]<\/p>\n<h2><strong>Itinerario Educaci\u00f3n en la Fe (IEF)<\/strong><\/h2>\n<p><strong style=\"font-family: arial, helvetica; font-size: 14px; color: #494949;\">Objeto de la actividad:<\/strong><\/p>\n<ul>\n<li style=\"text-align: justify;\">Acompa\u00f1ar a los j\u00f3venes en un proceso grupal de educaci\u00f3n integral y maduraci\u00f3n en la fe desde el estilo del Movimiento Juvenil Salesiano.\u00a0 Se trata de un itinerario que tendr\u00e1 continuidad a lo largo de toda la Educaci\u00f3n Secundaria.<\/li>\n<\/ul>\n<table>\n<tbody>\n<tr>\n<td><strong>Responsable<\/strong><\/td>\n<td>Antonio Campo (coordinador pastoral)<\/td>\n<\/tr>\n<tr>\n<td><strong>Destinatarios<\/strong><\/td>\n<td>Alumnos de ESO1 &#8211; ESO2 &#8211; ESO3<\/td>\n<\/tr>\n<tr>\n<td><strong>D\u00edas<\/strong><\/td>\n<td>Jueves de octubre a mayo<\/td>\n<\/tr>\n<tr>\n<td><strong>Horario<\/strong><\/td>\n<td>15:00-16:00 hs. Nos quedamos a comer de bocadillo.<\/td>\n<\/tr>\n<tr>\n<td><strong>Coste<\/strong><\/td>\n<td>Gratuito<\/td>\n<\/tr>\n<tr>\n<td><strong>Lugar<\/strong><\/td>\n<td>Aula<\/td>\n<\/tr>\n<\/tbody>\n<\/table>\n<p>[\/et_pb_text][\/et_pb_column][\/et_pb_row][et_pb_row column_structure=\u00bb1_2,1_2&#8243; module_class=\u00bbpagina-texto\u00bb _builder_version=\u00bb3.25&#8243; background_size=\u00bbinitial\u00bb background_position=\u00bbtop_left\u00bb background_repeat=\u00bbrepeat\u00bb custom_padding=\u00bb27px|0px|26px|0px\u00bb][et_pb_column type=\u00bb1_2&#8243; _builder_version=\u00bb3.25&#8243; custom_padding=\u00bb|||\u00bb custom_padding__hover=\u00bb|||\u00bb][et_pb_text _builder_version=\u00bb3.27.4&#8243; background_size=\u00bbinitial\u00bb background_position=\u00bbtop_left\u00bb background_repeat=\u00bbrepeat\u00bb use_border_color=\u00bboff\u00bb border_color=\u00bb#ffffff\u00bb border_style=\u00bbsolid\u00bb]<\/p>\n<h2 style=\"text-align: justify;\"><strong>Atenci\u00f3n plena (Mindfullness)<\/strong><\/h2>\n<p><strong>Objeto de la actividad:<\/strong><\/p>\n<ul>\n<li style=\"text-align: justify;\">Uso de las t\u00e9cnicas de Mindfulness para la adquisici\u00f3n de conciencia corporal y autorregulaci\u00f3n emocional. Educar nuestra mente de forma consciente y con coraz\u00f3n.<\/li>\n<\/ul>\n<table width=\"603\">\n<tbody>\n<tr>\n<td width=\"177\"><strong>Responsable<\/strong><\/td>\n<td width=\"425\">Raquel Garc\u00eda<\/td>\n<\/tr>\n<tr>\n<td><strong>D\u00edas<\/strong><\/td>\n<td>Jueves<\/td>\n<\/tr>\n<tr>\n<td><strong>Horario<\/strong><\/td>\n<td>18:00-19:30 hs<\/td>\n<\/tr>\n<tr>\n<td><strong>Coste<\/strong><\/td>\n<td>Gratuito<\/td>\n<\/tr>\n<tr>\n<td><strong>Lugar<\/strong><\/td>\n<td>Aula mindfulness<\/td>\n<\/tr>\n<\/tbody>\n<\/table>\n<p>[\/et_pb_text][\/et_pb_column][et_pb_column type=\u00bb1_2&#8243; _builder_version=\u00bb3.25&#8243; custom_padding=\u00bb|||\u00bb custom_padding__hover=\u00bb|||\u00bb][et_pb_text _builder_version=\u00bb3.27.4&#8243; background_size=\u00bbinitial\u00bb background_position=\u00bbtop_left\u00bb background_repeat=\u00bbrepeat\u00bb use_border_color=\u00bboff\u00bb border_color=\u00bb#ffffff\u00bb border_style=\u00bbsolid\u00bb]<\/p>\n<p>[\/et_pb_text][\/et_pb_column][\/et_pb_row][\/et_pb_section]<\/p>\n","protected":false},"excerpt":{"rendered":"<p>Taller de Bonsais\u00a0 Objeto de la actividad: Mantenimiento y cuidado del Bonsai. Conoce esta t\u00e9cnica japonesa, relajante, interiorizante. Beneficiosa para el equilibrio mental. Responsable:\u00a0 \u00a0 \u00a0 \u00a0 \u00a0 \u00a0 \u00a0 \u00a0 \u00a0 Arturo Valenzuela (Bonsai Vivero) D\u00edas\/Horario:\u00a0 \u00a0 \u00a0 \u00a0 \u00a0 \u00a0 \u00a0 \u00a0 \u00a0 \u00a0Sesi\u00f3n mensual. (Febrero \u2013 Marzo \u2013 Abril \u2013 Mayo) Coste\/Mes:\u00a0 [&hellip;]<\/p>\n","protected":false},"author":3,"featured_media":0,"parent":0,"menu_order":0,"comment_status":"closed","ping_status":"closed","template":"","meta":{"_et_pb_use_builder":"on","_et_pb_old_content":"","_et_gb_content_width":"","footnotes":""},"class_list":["post-8134","page","type-page","status-publish","hentry"],"yoast_head":"<!-- This site is optimized with the Yoast SEO plugin v28.4 - https:\/\/yoast.com\/product\/yoast-seo-wordpress\/ -->\n<title>Extraescolares - Colegio Santo Domingo Savio<\/title>\n<meta name=\"robots\" content=\"index, follow, max-snippet:-1, max-image-preview:large, max-video-preview:-1\" \/>\n<link rel=\"canonical\" href=\"https:\/\/monzon.salesianos.edu\/colegio\/extraescolares\/\" \/>\n<meta property=\"og:locale\" content=\"es_ES\" \/>\n<meta property=\"og:type\" content=\"article\" \/>\n<meta property=\"og:title\" content=\"Extraescolares - Colegio Santo Domingo Savio\" \/>\n<meta property=\"og:description\" content=\"Taller de Bonsais\u00a0 Objeto de la actividad: Mantenimiento y cuidado del Bonsai. Conoce esta t\u00e9cnica japonesa, relajante, interiorizante. Beneficiosa para el equilibrio mental. Responsable:\u00a0 \u00a0 \u00a0 \u00a0 \u00a0 \u00a0 \u00a0 \u00a0 \u00a0 Arturo Valenzuela (Bonsai Vivero) D\u00edas\/Horario:\u00a0 \u00a0 \u00a0 \u00a0 \u00a0 \u00a0 \u00a0 \u00a0 \u00a0 \u00a0Sesi\u00f3n mensual. (Febrero \u2013 Marzo \u2013 Abril \u2013 Mayo) Coste\/Mes:\u00a0 [&hellip;]\" \/>\n<meta property=\"og:url\" content=\"https:\/\/monzon.salesianos.edu\/colegio\/extraescolares\/\" \/>\n<meta property=\"og:site_name\" content=\"Colegio Santo Domingo Savio\" \/>\n<meta property=\"article:modified_time\" content=\"2020-02-16T09:11:36+00:00\" \/>\n<meta name=\"twitter:card\" content=\"summary_large_image\" \/>\n<meta name=\"twitter:label1\" content=\"Tiempo de lectura\" \/>\n\t<meta name=\"twitter:data1\" content=\"9 minutos\" \/>\n<script type=\"application\/ld+json\" class=\"yoast-schema-graph\">{\"@context\":\"https:\\\/\\\/schema.org\",\"@graph\":[{\"@type\":\"WebPage\",\"@id\":\"https:\\\/\\\/monzon.salesianos.edu\\\/colegio\\\/extraescolares\\\/\",\"url\":\"https:\\\/\\\/monzon.salesianos.edu\\\/colegio\\\/extraescolares\\\/\",\"name\":\"Extraescolares - Colegio Santo Domingo Savio\",\"isPartOf\":{\"@id\":\"https:\\\/\\\/monzon.salesianos.edu\\\/colegio\\\/#website\"},\"datePublished\":\"2018-02-05T11:09:45+00:00\",\"dateModified\":\"2020-02-16T09:11:36+00:00\",\"breadcrumb\":{\"@id\":\"https:\\\/\\\/monzon.salesianos.edu\\\/colegio\\\/extraescolares\\\/#breadcrumb\"},\"inLanguage\":\"es\",\"potentialAction\":[{\"@type\":\"ReadAction\",\"target\":[\"https:\\\/\\\/monzon.salesianos.edu\\\/colegio\\\/extraescolares\\\/\"]}]},{\"@type\":\"BreadcrumbList\",\"@id\":\"https:\\\/\\\/monzon.salesianos.edu\\\/colegio\\\/extraescolares\\\/#breadcrumb\",\"itemListElement\":[{\"@type\":\"ListItem\",\"position\":1,\"name\":\"Portada\",\"item\":\"https:\\\/\\\/monzon.salesianos.edu\\\/colegio\\\/\"},{\"@type\":\"ListItem\",\"position\":2,\"name\":\"Extraescolares\"}]},{\"@type\":\"WebSite\",\"@id\":\"https:\\\/\\\/monzon.salesianos.edu\\\/colegio\\\/#website\",\"url\":\"https:\\\/\\\/monzon.salesianos.edu\\\/colegio\\\/\",\"name\":\"Colegio Santo Domingo Savio\",\"description\":\"P\u00e1gina oficial Salesianos Monz\u00f3n\",\"potentialAction\":[{\"@type\":\"SearchAction\",\"target\":{\"@type\":\"EntryPoint\",\"urlTemplate\":\"https:\\\/\\\/monzon.salesianos.edu\\\/colegio\\\/?s={search_term_string}\"},\"query-input\":{\"@type\":\"PropertyValueSpecification\",\"valueRequired\":true,\"valueName\":\"search_term_string\"}}],\"inLanguage\":\"es\"}]}<\/script>\n<!-- \/ Yoast SEO plugin. -->","yoast_head_json":{"title":"Extraescolares - Colegio Santo Domingo Savio","robots":{"index":"index","follow":"follow","max-snippet":"max-snippet:-1","max-image-preview":"max-image-preview:large","max-video-preview":"max-video-preview:-1"},"canonical":"https:\/\/monzon.salesianos.edu\/colegio\/extraescolares\/","og_locale":"es_ES","og_type":"article","og_title":"Extraescolares - Colegio Santo Domingo Savio","og_description":"Taller de Bonsais\u00a0 Objeto de la actividad: Mantenimiento y cuidado del Bonsai. Conoce esta t\u00e9cnica japonesa, relajante, interiorizante. Beneficiosa para el equilibrio mental. Responsable:\u00a0 \u00a0 \u00a0 \u00a0 \u00a0 \u00a0 \u00a0 \u00a0 \u00a0 Arturo Valenzuela (Bonsai Vivero) D\u00edas\/Horario:\u00a0 \u00a0 \u00a0 \u00a0 \u00a0 \u00a0 \u00a0 \u00a0 \u00a0 \u00a0Sesi\u00f3n mensual. (Febrero \u2013 Marzo \u2013 Abril \u2013 Mayo) Coste\/Mes:\u00a0 [&hellip;]","og_url":"https:\/\/monzon.salesianos.edu\/colegio\/extraescolares\/","og_site_name":"Colegio Santo Domingo Savio","article_modified_time":"2020-02-16T09:11:36+00:00","twitter_card":"summary_large_image","twitter_misc":{"Tiempo de lectura":"9 minutos"},"schema":{"@context":"https:\/\/schema.org","@graph":[{"@type":"WebPage","@id":"https:\/\/monzon.salesianos.edu\/colegio\/extraescolares\/","url":"https:\/\/monzon.salesianos.edu\/colegio\/extraescolares\/","name":"Extraescolares - Colegio Santo Domingo Savio","isPartOf":{"@id":"https:\/\/monzon.salesianos.edu\/colegio\/#website"},"datePublished":"2018-02-05T11:09:45+00:00","dateModified":"2020-02-16T09:11:36+00:00","breadcrumb":{"@id":"https:\/\/monzon.salesianos.edu\/colegio\/extraescolares\/#breadcrumb"},"inLanguage":"es","potentialAction":[{"@type":"ReadAction","target":["https:\/\/monzon.salesianos.edu\/colegio\/extraescolares\/"]}]},{"@type":"BreadcrumbList","@id":"https:\/\/monzon.salesianos.edu\/colegio\/extraescolares\/#breadcrumb","itemListElement":[{"@type":"ListItem","position":1,"name":"Portada","item":"https:\/\/monzon.salesianos.edu\/colegio\/"},{"@type":"ListItem","position":2,"name":"Extraescolares"}]},{"@type":"WebSite","@id":"https:\/\/monzon.salesianos.edu\/colegio\/#website","url":"https:\/\/monzon.salesianos.edu\/colegio\/","name":"Colegio Santo Domingo Savio","description":"P\u00e1gina oficial Salesianos Monz\u00f3n","potentialAction":[{"@type":"SearchAction","target":{"@type":"EntryPoint","urlTemplate":"https:\/\/monzon.salesianos.edu\/colegio\/?s={search_term_string}"},"query-input":{"@type":"PropertyValueSpecification","valueRequired":true,"valueName":"search_term_string"}}],"inLanguage":"es"}]}},"_links":{"self":[{"href":"https:\/\/monzon.salesianos.edu\/colegio\/wp-json\/wp\/v2\/pages\/8134","targetHints":{"allow":["GET"]}}],"collection":[{"href":"https:\/\/monzon.salesianos.edu\/colegio\/wp-json\/wp\/v2\/pages"}],"about":[{"href":"https:\/\/monzon.salesianos.edu\/colegio\/wp-json\/wp\/v2\/types\/page"}],"author":[{"embeddable":true,"href":"https:\/\/monzon.salesianos.edu\/colegio\/wp-json\/wp\/v2\/users\/3"}],"replies":[{"embeddable":true,"href":"https:\/\/monzon.salesianos.edu\/colegio\/wp-json\/wp\/v2\/comments?post=8134"}],"version-history":[{"count":19,"href":"https:\/\/monzon.salesianos.edu\/colegio\/wp-json\/wp\/v2\/pages\/8134\/revisions"}],"predecessor-version":[{"id":10017,"href":"https:\/\/monzon.salesianos.edu\/colegio\/wp-json\/wp\/v2\/pages\/8134\/revisions\/10017"}],"wp:attachment":[{"href":"https:\/\/monzon.salesianos.edu\/colegio\/wp-json\/wp\/v2\/media?parent=8134"}],"curies":[{"name":"wp","href":"https:\/\/api.w.org\/{rel}","templated":true}]}}