{"id":8042,"date":"2018-02-01T11:26:01","date_gmt":"2018-02-01T10:26:01","guid":{"rendered":"https:\/\/monzon.salesianos.edu\/colegio\/basica-grado-medio\/"},"modified":"2025-09-03T12:32:30","modified_gmt":"2025-09-03T11:32:30","slug":"fp","status":"publish","type":"page","link":"https:\/\/monzon.salesianos.edu\/colegio\/fp\/","title":{"rendered":"Formaci\u00f3n Profesional"},"content":{"rendered":"<p>[et_pb_section fb_built=\u00bb1&#8243; fullwidth=\u00bbon\u00bb _builder_version=\u00bb4.20.0&#8243; global_colors_info=\u00bb{}\u00bb][et_pb_fullwidth_header title=\u00bbFormaci\u00f3n Profesional\u00bb _builder_version=\u00bb4.27.2&#8243; _module_preset=\u00bbdefault\u00bb title_font_size=\u00bb45px\u00bb use_background_color_gradient=\u00bbon\u00bb background_color_gradient_stops=\u00bb#e02b20 0%|#ffffff 100%\u00bb background_image=\u00bbhttps:\/\/monzon.salesianos.edu\/colegio\/wp-content\/uploads\/sites\/2\/2024\/06\/BANNER-4.jpg\u00bb background_enable_video_mp4=\u00bboff\u00bb text_shadow_style=\u00bbpreset1&#8243; global_colors_info=\u00bb{}\u00bb][\/et_pb_fullwidth_header][\/et_pb_section][et_pb_section fb_built=\u00bb1&#8243; module_class=\u00bbpagina-seccion-contenido\u00bb _builder_version=\u00bb4.20.0&#8243; min_height=\u00bb882px\u00bb custom_margin=\u00bb-28px|||||\u00bb custom_padding=\u00bb0%|||\u00bb global_colors_info=\u00bb{}\u00bb][et_pb_row column_structure=\u00bb2_3,1_3&#8243; module_class=\u00bbpagina-texto\u00bb _builder_version=\u00bb4.16&#8243; background_size=\u00bbinitial\u00bb background_position=\u00bbtop_left\u00bb background_repeat=\u00bbrepeat\u00bb width=\u00bb91%\u00bb custom_margin=\u00bb25px|334px||404px||\u00bb custom_padding=\u00bb25px||12px|0px||\u00bb global_colors_info=\u00bb{}\u00bb][et_pb_column type=\u00bb2_3&#8243; _builder_version=\u00bb4.16&#8243; custom_padding=\u00bb|||\u00bb global_colors_info=\u00bb{}\u00bb custom_padding__hover=\u00bb|||\u00bb][et_pb_video src=\u00bbhttps:\/\/youtu.be\/FC1Ar2HU7JI\u00bb _builder_version=\u00bb4.16&#8243; custom_margin=\u00bb|||-151px||\u00bb custom_padding=\u00bb|191px||||\u00bb global_colors_info=\u00bb{}\u00bb][\/et_pb_video][et_pb_text _builder_version=\u00bb4.27.4&#8243; width=\u00bb100%\u00bb custom_margin=\u00bb|||-83px||\u00bb border_style=\u00bbsolid\u00bb locked=\u00bboff\u00bb global_colors_info=\u00bb{}\u00bb]<\/p>\n<div class=\"et_pb_text et_pb_module et_pb_bg_layout_light et_pb_text_align_left  et_pb_text_0\">\n<div class=\"et_pb_text_inner\">\n<h1><\/h1>\n<h1><\/h1>\n<h1>\u00bfPor qu\u00e9 estudiar Formaci\u00f3n Profesional?<\/h1>\n<p>&nbsp;<\/p>\n<div class=\"cte\">\n<p>La inserci\u00f3n laboral exitosa ya no depende s\u00f3lo del nivel de formaci\u00f3n sino tambi\u00e9n del grado de <strong>competencia profesional y personal.<\/strong><\/p>\n<p>La FP son los estudios m\u00e1s cercanos a la realidad del mercado de trabajo y dan respuesta a la necesidad actual de demanda de empleo de <strong>personal cualificado especializado<\/strong> en los distintos sectores profesionales.<\/p>\n<p>&nbsp;<\/p>\n<h1 style=\"text-align: justify\"><span>Organizaci\u00f3n<\/span><\/h1>\n<p style=\"text-align: justify\"><span>La Formaci\u00f3n Profesional est\u00e1 organizada en tres niveles, con unos requisitos de acceso distintos.<\/span><span>\u00a0Los niveles son:<\/span><\/p>\n<ul>\n<li style=\"text-align: justify\"><a href=\"https:\/\/monzon.salesianos.edu\/colegio\/fp\/#FPB\">Ciclos Formativos de Grado B\u00e1sico<\/a><span><\/span><\/li>\n<li style=\"text-align: justify\"><a href=\"https:\/\/monzon.salesianos.edu\/colegio\/fp\/#GM\">Ciclos Formativos de Grado Medio<\/a><\/li>\n<li><a href=\"https:\/\/monzon.salesianos.edu\/colegio\/fp\/#GS\">Ciclos Formativos de Grado Superior<\/a><\/li>\n<\/ul>\n<p style=\"text-align: justify\">El horario lectivo en nuestro centro es:<\/p>\n<ul>\n<li style=\"text-align: justify\"><span style=\"text-decoration: underline;color: #ff0000\">Horario de ma\u00f1anas:<\/span> lunes a viernes, de 8:30 a 14:25, distribuido en 6 franjas diarias con dos recreos.<\/li>\n<li style=\"text-align: justify\"><span style=\"text-decoration: underline;color: #ff0000\">Horario de tardes:<\/span> lunes a viernes, de 15:00 a 20:40, distribuido en 6 franjas diarias con un recreo.<\/li>\n<\/ul>\n<p style=\"text-align: justify\">\n<\/div>\n<\/div>\n<\/div>\n<p>[\/et_pb_text][et_pb_text module_id=\u00bbFPB\u00bb _builder_version=\u00bb4.20.0&#8243; custom_margin=\u00bb|||-167px||\u00bb custom_padding=\u00bb|||0px||\u00bb border_style=\u00bbsolid\u00bb global_colors_info=\u00bb{}\u00bb]<\/p>\n<h1>Ciclos Formativos de Grado B\u00e1sico<\/h1>\n<p style=\"text-align: justify\">Son Ciclos que capacitan para el desempe\u00f1o cualificado de una profesi\u00f3n, el acceso al empleo y\/o la continuaci\u00f3n de otros estudios acad\u00e9micos. Tienen\u00a0una duraci\u00f3n de 2 a\u00f1os, 2000 horas de formaci\u00f3n te\u00f3rico-pr\u00e1cticas, de las cuales 240 horas deber\u00e1n desarrollarse en centros de trabajo.<\/p>\n<p style=\"text-align: justify\">\n<p>[\/et_pb_text][et_pb_tabs _builder_version=\u00bb4.20.0&#8243; min_height=\u00bb169px\u00bb custom_margin=\u00bb|||-166px||\u00bb custom_padding=\u00bb||12px|||\u00bb border_style=\u00bbsolid\u00bb global_colors_info=\u00bb{}\u00bb][et_pb_tab title=\u00bbObjetivos\u00bb _builder_version=\u00bb4.16&#8243; global_colors_info=\u00bb{}\u00bb]<\/p>\n<p style=\"text-align: justify\">Los ciclos de Formaci\u00f3n Profesional de Grado B\u00e1sico contribuir\u00e1n a desarrollar las competencias propias de cada perfil profesional y la adquisici\u00f3n de las competencias b\u00e1sicas del aprendizaje permanente a trav\u00e9s de la impartici\u00f3n de ense\u00f1anzas de Lengua Castellana, Lengua Extranjera, Ciencias Sociales (Comunicaci\u00f3n y Sociedad), y Matem\u00e1ticas y Ciencias Aplicadas al Contexto Personal y de Aprendizaje en un Campo Profesional (Ciencias Aplicadas).<\/p>\n<p>[\/et_pb_tab][et_pb_tab title=\u00bbAcceso\u00bb _builder_version=\u00bb4.16&#8243; global_colors_info=\u00bb{}\u00bb]<\/p>\n<p>Los requisitos de acceso son:<\/p>\n<ul>\n<li>Tener cumplidos quince a\u00f1os, o cumplirlos durante el a\u00f1o natural en curso, y no superar los diecisiete a\u00f1os de edad en el momento del acceso o durante el a\u00f1o natural en curso<\/li>\n<li>Haber cursado tercero de Educaci\u00f3n Secundaria Obligatoria o, excepcionalmente, haber cursado el segundo curso de la Educaci\u00f3n Secundaria Obligatoria.<\/li>\n<li>Haber propuesto el equipo docente a los padres, madres o tutores legales, o a petici\u00f3n propia del alumno o alumna, su incorporaci\u00f3n a un ciclo de Formaci\u00f3n Profesional de Grado B\u00e1sico<\/li>\n<\/ul>\n<p>[\/et_pb_tab][et_pb_tab title=\u00bbOpciones al acabar\u00bb _builder_version=\u00bb4.16&#8243; global_colors_info=\u00bb{}\u00bb]<\/p>\n<ul>\n<li>Incorporaci\u00f3n al mundo laboral: El t\u00edtulo profesional\u00a0b\u00e1sico tiene los mismos <em>efectos laborales<\/em> que el t\u00edtulo de Graduado en Educaci\u00f3n\u00a0Secundaria Obligatoria para el acceso a empleos p\u00fablicos y privados.<\/li>\n<li>Ciclos Formativos de Grado Medio: El t\u00edtulo profesional b\u00e1sico permite el acceso a los ciclos formativos de grado medio\u00a0de cualquier familia profesional con preferencias.<\/li>\n<\/ul>\n<p>[\/et_pb_tab][\/et_pb_tabs][et_pb_text _builder_version=\u00bb4.16&#8243; custom_margin=\u00bb|||-161px||\u00bb global_colors_info=\u00bb{}\u00bb]<\/p>\n<h2><\/h2>\n<h2><\/h2>\n<h2><\/h2>\n<h2>Oferta formativa<\/h2>\n<p>&nbsp;<\/p>\n<p>En nuestro centro puedes realizar la siguiente modalidad de Formaci\u00f3n Profesional B\u00e1sica:<\/p>\n<p>&nbsp;<\/p>\n<p>[\/et_pb_text][et_pb_blurb title=\u00bbFabricaci\u00f3n de Elementos Met\u00e1licos\u00bb url=\u00bbhttps:\/\/monzon.salesianos.edu\/colegio\/fabricacion-elementos-metalicos\/\u00bb use_icon=\u00bbon\u00bb font_icon=\u00bb&#xe035;||divi||400&#8243; icon_placement=\u00bbleft\u00bb _builder_version=\u00bb4.16&#8243; header_level=\u00bbh2&#8243; text_orientation=\u00bbcenter\u00bb custom_margin=\u00bb||40px|-162px||\u00bb custom_padding=\u00bb|||0px||\u00bb global_colors_info=\u00bb{}\u00bb][\/et_pb_blurb][et_pb_image src=\u00bbhttps:\/\/monzon.salesianos.edu\/colegio\/wp-content\/uploads\/sites\/2\/2020\/05\/WhatsApp-Image-2019-10-10-at-12.45.27.jpeg\u00bb _builder_version=\u00bb4.16&#8243; custom_margin=\u00bb|||-137px||\u00bb global_colors_info=\u00bb{}\u00bb][\/et_pb_image][et_pb_text module_id=\u00bbGM\u00bb _builder_version=\u00bb4.20.0&#8243; custom_margin=\u00bb|||-134px||\u00bb border_style=\u00bbsolid\u00bb global_colors_info=\u00bb{}\u00bb]<\/p>\n<h1><\/h1>\n<h1><\/h1>\n<h1><\/h1>\n<h1>Ciclos Formativos de Grado Medio<\/h1>\n<p style=\"text-align: justify\">Con los ciclos formativos de grado medio se adquieren las competencias y aptitudes que permiten adaptarse a las situaciones laborales presentes y futuras, asumir responsabilidades y realizar trabajos t\u00e9cnicos en una profesi\u00f3n determinada.<\/p>\n<p style=\"text-align: justify\">[\/et_pb_text][et_pb_tabs _builder_version=\u00bb4.27.4&#8243; min_height=\u00bb182px\u00bb custom_margin=\u00bb|||-132px||\u00bb custom_padding=\u00bb||0px|||\u00bb locked=\u00bboff\u00bb global_colors_info=\u00bb{}\u00bb][et_pb_tab title=\u00bbAcceso\u00bb _builder_version=\u00bb4.16&#8243; global_colors_info=\u00bb{}\u00bb]<\/p>\n<p>Los requisitos de acceso son:<\/p>\n<ul>\n<li>Acceso directo con el t\u00edtulo de Educaci\u00f3n Secundaria Obligatoria o equivalente.<\/li>\n<li>Mediante prueba de acceso: Se requiere tener como m\u00ednimo 17 a\u00f1os cumplidos en el a\u00f1o de realizaci\u00f3n de la prueba.<\/li>\n<li>Haber superado un curso de formaci\u00f3n espec\u00edfico preparatorio para el acceso a ciclos formativos de Grado Medio.<\/li>\n<li><span>Con el t\u00edtulo de t\u00e9cnico b\u00e1sico (Grado B\u00e1sico) o de t\u00e9cnico (Grado Medio).<\/span><\/li>\n<\/ul>\n<p>[\/et_pb_tab][et_pb_tab title=\u00bbOpciones al acabar\u00bb _builder_version=\u00bb4.16&#8243; global_colors_info=\u00bb{}\u00bb]<\/p>\n<ul>\n<li>Incorporarme al mundo laboral, en un puesto de trabajo por cuenta ajena, o bien ser emprendedor y crear mi propia empresa.<\/li>\n<li>Seguir estudiando: Con el t\u00edtulo de <strong>T\u00e9cnico<\/strong>, se puede acceder a ciclos formativos de Grado Superior, as\u00ed como a cualquier modalidad de Bachillerato.\u00a0<\/li>\n<li>Tambi\u00e9n puedes realizar otro ciclo de Grado medio.<\/li>\n<\/ul>\n<p>[\/et_pb_tab][et_pb_tab title=\u00bbFP dual (General y\/o Intensiva)\u00bb _builder_version=\u00bb4.27.4&#8243; body_font=\u00bb||||\u00bb tab_font=\u00bb||||\u00bb global_colors_info=\u00bb{}\u00bb]<\/p>\n<h2 style=\"text-align: justify\">\u00bfQu\u00e9 es la FP dual?<\/h2>\n<p style=\"text-align: justify\">La formaci\u00f3n profesional en modalidad DUAL permite aunar intereses. Por un lado formar alumnos que se desean incorporar al mundo laboral y por otro lado permite que las empresas que desean contratar trabajadores con experiencia, lo puedan hacer de forma simultanea.<br \/>Los alumnos que optan por este tipo de ense\u00f1anza, deben solicitarlo tras aprobar el primer curso del ciclo y las empresas que necesiten incorporar un trabajador deben solicitar entrar en el proyecto con el centro.\u00a0 \u00a0Tras una entrevista de los alumnos con las empresas, se firman los acuerdos y posteriormente se firman los contratos que ser\u00e1n de formaci\u00f3n y aprendizaje. El contrato es por un tiempo m\u00ednimo de 1 a\u00f1o y se alternaran formaci\u00f3n en el centro y trabajo en la empresa, de acuerdo a un horario establecido.<\/p>\n<div>\n<div>Al finalizar el programa el alumno termina su formaci\u00f3n en el centro de formaci\u00f3n obteniendo su titulaci\u00f3n y se puede incorporar a la empresa inmediatamente gracias a la experiencia acumulada durante ese a\u00f1o.<\/div>\n<\/div>\n<p>[\/et_pb_tab][et_pb_tab title=\u00bbPluriling\u00fcismo\u00bb _builder_version=\u00bb4.16&#8243; global_colors_info=\u00bb{}\u00bb]<\/p>\n<p><span>En el ciclo de Gesti\u00f3n Administrativa adem\u00e1s del m\u00f3dulo de ingl\u00e9s, est\u00e1 implementado el Programa de Ampliaci\u00f3n de Lenguas Extranjeras (PALE) en el que algunas unidades de algunos m\u00f3dulos se imparten en lengua inglesa.<\/span><\/p>\n<div>Posibilidad de las pr\u00e1cticas en el extranjero con el apoyo de fondos europeos.<\/div>\n<div><\/div>\n<div><span>Para m\u00e1s informaci\u00f3n puedes consultar la p\u00e1gina de\u00a0<\/span><a href=\"..\/plurilinguismo\">Pluriling\u00fcismo<\/a><span>\u00a0y de\u00a0<\/span><a href=\"..\/international-relations\/\">Relaciones Internacionales<\/a><\/div>\n<p>[\/et_pb_tab][\/et_pb_tabs][et_pb_text _builder_version=\u00bb4.16&#8243; custom_margin=\u00bb38px||30px|-128px||\u00bb locked=\u00bboff\u00bb global_colors_info=\u00bb{}\u00bb]<\/p>\n<h2>Oferta formativa<\/h2>\n<p>En nuestro centro puedes realizar las siguientes modalidades de Ciclos Formativos de <strong>Grado Medio<\/strong>:<\/p>\n<p>[\/et_pb_text][et_pb_blurb title=\u00bbGesti\u00f3n Administrativa\u00bb url=\u00bbhttps:\/\/monzon.salesianos.edu\/colegio\/gestion-administrativa\/\u00bb use_icon=\u00bbon\u00bb font_icon=\u00bb&#x69;||divi||400&#8243; icon_placement=\u00bbleft\u00bb _builder_version=\u00bb4.16&#8243; header_level=\u00bbh2&#8243; text_orientation=\u00bbcenter\u00bb custom_margin=\u00bb|||-127px||\u00bb locked=\u00bboff\u00bb global_colors_info=\u00bb{}\u00bb][\/et_pb_blurb][et_pb_blurb title=\u00bbInstalaciones El\u00e9ctricas y autom\u00e1ticas\u00bb url=\u00bbhttps:\/\/monzon.salesianos.edu\/colegio\/electricidad\/\u00bb use_icon=\u00bbon\u00bb font_icon=\u00bb&#xe007;||divi||400&#8243; icon_placement=\u00bbleft\u00bb _builder_version=\u00bb4.16&#8243; header_level=\u00bbh2&#8243; text_orientation=\u00bbcenter\u00bb custom_margin=\u00bb|||-130px||\u00bb locked=\u00bboff\u00bb global_colors_info=\u00bb{}\u00bb][\/et_pb_blurb][et_pb_blurb title=\u00bbMecanizado\u00bb url=\u00bbhttps:\/\/monzon.salesianos.edu\/colegio\/mecanizado-3\/\u00bb use_icon=\u00bbon\u00bb font_icon=\u00bb&#xe038;||divi||400&#8243; icon_placement=\u00bbleft\u00bb _builder_version=\u00bb4.20.0&#8243; header_level=\u00bbh2&#8243; text_orientation=\u00bbcenter\u00bb custom_margin=\u00bb|||-125px||\u00bb locked=\u00bboff\u00bb global_colors_info=\u00bb{}\u00bb][\/et_pb_blurb][et_pb_blurb title=\u00bbCuidados Auxiliares de Enfermeria\u00bb url=\u00bbhttps:\/\/monzon.salesianos.edu\/colegio\/?page_id=11503&#038;preview=true\u00bb use_icon=\u00bbon\u00bb font_icon=\u00bb&#xf21e;||fa||900&#8243; icon_placement=\u00bbleft\u00bb _builder_version=\u00bb4.23&#8243; header_level=\u00bbh2&#8243; text_orientation=\u00bbcenter\u00bb custom_margin=\u00bb|||-125px||\u00bb locked=\u00bboff\u00bb global_colors_info=\u00bb{}\u00bb][\/et_pb_blurb][et_pb_image src=\u00bbhttps:\/\/monzon.salesianos.edu\/colegio\/wp-content\/uploads\/sites\/2\/2020\/05\/ER4nw5PWkAUZ-f7.jpg\u00bb _builder_version=\u00bb4.16&#8243; custom_margin=\u00bb|||-128px||\u00bb global_colors_info=\u00bb{}\u00bb][\/et_pb_image][et_pb_text module_id=\u00bbGS\u00bb _builder_version=\u00bb4.20.0&#8243; min_height=\u00bb29px\u00bb custom_margin=\u00bb40px|||-124px||\u00bb border_style=\u00bbsolid\u00bb global_colors_info=\u00bb{}\u00bb]<\/p>\n<h1>Ciclos Formativos de Grado Superior<\/h1>\n<p>&nbsp;<\/p>\n<p style=\"text-align: justify\">Con los ciclos formativos de grado superior se adquieren las competencias que permiten adaptarse a las situaciones laborales presentes y futuras. Preparan para la realizaci\u00f3n de trabajos t\u00e9cnicos propios de la profesi\u00f3n, pero tambi\u00e9n para asumir responsabilidades de planificaci\u00f3n, organizaci\u00f3n y coordinaci\u00f3n.<\/p>\n<p style=\"text-align: justify\">[\/et_pb_text][et_pb_tabs _builder_version=\u00bb4.27.4&#8243; min_height=\u00bb135px\u00bb custom_margin=\u00bb|||-125px||\u00bb custom_padding=\u00bb||0px|||\u00bb locked=\u00bboff\u00bb global_colors_info=\u00bb{}\u00bb][et_pb_tab title=\u00bbAcceso\u00bb _builder_version=\u00bb4.16&#8243; global_colors_info=\u00bb{}\u00bb]<\/p>\n<ul>\n<li>Acceso directo con el t\u00edtulo de Bachiller o el t\u00edtulo de t\u00e9cnico de Grado Medio.<\/li>\n<li>Mediante prueba de acceso: Se requiere tener como m\u00ednimo 19 a\u00f1os, cumplidos en el a\u00f1o de realizaci\u00f3n de la prueba.<\/li>\n<li>Haber superado un curso de formaci\u00f3n espec\u00edfico preparatorio para el acceso a ciclos formativos de Grado Superior.<\/li>\n<li>Estar en posesi\u00f3n de un t\u00edtulo de t\u00e9cnico superior (Grado Superior) o Grado universitario.<\/li>\n<\/ul>\n<p>[\/et_pb_tab][et_pb_tab title=\u00bbFP dual (General y\/o Intensivo)\u00bb _builder_version=\u00bb4.27.4&#8243; global_colors_info=\u00bb{}\u00bb]<\/p>\n<h2>\u00bfQu\u00e9 es la FP dual?<\/h2>\n<p>La formacion profesional en modalidad DUAL permite aunar intereses. Por un lado formar alumnos que se desean incorporar al mundo laboral y por otro lado permite que las empresas que desean contratar trabajadores con experiencia, lo puedan hacer de forma simultanea.<br \/>Los alumnos que optan por este tipo de ense\u00f1anza, deben solicitarlo tras aprobar el primer curso del ciclo y las empresas que necesiten incorporar un trabajador deben solicitar entrar en el proyecto con el centro.\u00a0 \u00a0Tras una entrevista de los alumnos con las empresas, se firman los acuerdos y posteriormente se firman los contratos que ser\u00e1n de formaci\u00f3n y aprendizaje. El contrato es por un tiempo m\u00ednimo de 1 a\u00f1o y se alternaran formaci\u00f3n en el centro y trabajo en la empresa, de acuerdo a un horario establecido.<\/p>\n<div>\n<div>Al finalizar el programa el alumno termina su formaci\u00f3n en el centro de formaci\u00f3n obteniendo su titulaci\u00f3n y se puede incorporar a la empresa inmediatamente gracias a la experiencia acumulada durante ese a\u00f1o.<\/div>\n<\/div>\n<p>[\/et_pb_tab][et_pb_tab title=\u00bbOpciones al acabar\u00bb _builder_version=\u00bb4.16&#8243; global_colors_info=\u00bb{}\u00bb]<\/p>\n<ul>\n<li>Incorporarme al mundo laboral, en un puesto de trabajo por cuenta ajena, o bien ser emprendedor y crear mi propia empresa.<\/li>\n<li>Seguir estudiando: Con el t\u00edtulo de <strong>T\u00e9cnico Superior,<\/strong> se puede acceder\u00a0a cualquier Grado de la Universidad sin necesidad de superar la EVAU.<\/li>\n<li>Realizar un Curso\/Programa de Especializaci\u00f3n.<\/li>\n<li>Realizar otro ciclo de Grado Superior.<\/li>\n<\/ul>\n<p>[\/et_pb_tab][et_pb_tab title=\u00bbPluriling\u00fcismo\u00bb _builder_version=\u00bb4.16&#8243; global_colors_info=\u00bb{}\u00bb]<\/p>\n<ul>\n<li>Tanto el ciclo de Administraci\u00f3n y Finanzas como el de Automatizaci\u00f3n y Rob\u00f3tica Industrial tienen el m\u00f3dulo obligatorio de ingl\u00e9s.<\/li>\n<li>Dentro del Programa de Ampliaci\u00f3n de Lenguas Extranjeras (PALE) desarrollamos actividades en otros m\u00f3dulos impartidos en lengua inglesa.<\/li>\n<li>As\u00ed mismo promovemos la realizaci\u00f3n de las FCT en el extranjero con el apoyo de fondos europeos.<\/li>\n<\/ul>\n<p><span>Para m\u00e1s informaci\u00f3n puedes consultar la p\u00e1gina de\u00a0<\/span><a href=\"..\/plurilinguismo\">Pluriling\u00fcismo<\/a><span>\u00a0y de\u00a0<\/span><a href=\"..\/international-relations\/\">Relaciones Internacionales<\/a><\/p>\n<p>[\/et_pb_tab][\/et_pb_tabs][et_pb_text _builder_version=\u00bb4.16&#8243; custom_margin=\u00bb||-2px|-123px||\u00bb custom_padding=\u00bb||0px|||\u00bb locked=\u00bboff\u00bb global_colors_info=\u00bb{}\u00bb]<\/p>\n<h2><\/h2>\n<h2><\/h2>\n<h2>Oferta formativa<\/h2>\n<p>&nbsp;<\/p>\n<p>En nuestro centro puedes realizar las siguientes modalidades de Ciclos Formativos de <strong>Grado Superior<\/strong>:<\/p>\n<p>&nbsp;<\/p>\n<p>[\/et_pb_text][et_pb_blurb title=\u00bbAdministraci\u00f3n y Finanzas\u00bb url=\u00bbhttps:\/\/monzon.salesianos.edu\/colegio\/administracion-y-finanzas\/\u00bb use_icon=\u00bbon\u00bb font_icon=\u00bb&#xe0ed;||divi||400&#8243; icon_placement=\u00bbleft\u00bb _builder_version=\u00bb4.16&#8243; header_level=\u00bbh2&#8243; text_orientation=\u00bbcenter\u00bb custom_margin=\u00bb|||-131px||\u00bb locked=\u00bboff\u00bb global_colors_info=\u00bb{}\u00bb][\/et_pb_blurb][et_pb_blurb title=\u00bbAutomatizaci\u00f3n y Rob\u00f3tica  Industrial\u00bb url=\u00bbhttps:\/\/monzon.salesianos.edu\/colegio\/robotica\/\u00bb use_icon=\u00bbon\u00bb font_icon=\u00bb&#x67;||divi||400&#8243; image_icon_background_color=\u00bbrgba(220,0,27,0)\u00bb icon_placement=\u00bbleft\u00bb image_icon_width=\u00bb16px\u00bb _builder_version=\u00bb4.16&#8243; header_level=\u00bbh2&#8243; image_icon_custom_padding=\u00bb8px|8px|8px|8px|false|false\u00bb text_orientation=\u00bbcenter\u00bb custom_margin=\u00bb|||-132px||\u00bb border_radii_image=\u00bbon|100%|100%|100%|100%\u00bb border_width_all_image=\u00bb2px\u00bb border_color_all_image=\u00bb#dc001b\u00bb use_circle=\u00bbon\u00bb use_circle_border=\u00bbon\u00bb circle_color=\u00bbrgba(220,0,27,0)\u00bb locked=\u00bboff\u00bb global_colors_info=\u00bb{}\u00bb image_icon_background_color__sticky_enabled=\u00bb#dc001b\u00bb image_icon_background_color__sticky=\u00bb#dc001b\u00bb][\/et_pb_blurb][et_pb_blurb title=\u00bbConstrucciones Met\u00e1licas\u00bb url=\u00bbhttps:\/\/monzon.salesianos.edu\/colegio\/construccionesmetalicas\/\u00bb use_icon=\u00bbon\u00bb font_icon=\u00bb&#xe038;||divi||400&#8243; icon_placement=\u00bbleft\u00bb _builder_version=\u00bb4.20.0&#8243; header_level=\u00bbh2&#8243; text_orientation=\u00bbcenter\u00bb custom_margin=\u00bb|||-125px||\u00bb locked=\u00bboff\u00bb global_colors_info=\u00bb{}\u00bb][\/et_pb_blurb][et_pb_image src=\u00bbhttps:\/\/monzon.salesianos.edu\/colegio\/wp-content\/uploads\/sites\/2\/2019\/02\/DZYoU9QXkAAEudX-2.jpg\u00bb _builder_version=\u00bb4.16&#8243; custom_margin=\u00bb|||-120px||\u00bb global_colors_info=\u00bb{}\u00bb][\/et_pb_image][\/et_pb_column][et_pb_column type=\u00bb1_3&#8243; _builder_version=\u00bb4.16&#8243; custom_padding=\u00bb|||\u00bb global_colors_info=\u00bb{}\u00bb custom_padding__hover=\u00bb|||\u00bb][et_pb_text _builder_version=\u00bb4.16&#8243; text_font=\u00bbLato Light||||\u00bb text_text_color=\u00bb#e02b20&#8243; text_font_size=\u00bb28px\u00bb custom_margin=\u00bb|||-97px||\u00bb global_colors_info=\u00bb{}\u00bb]<\/p>\n<h1>Te ofrecemos<\/h1>\n<p>[\/et_pb_text][et_pb_button button_url=\u00bbhttps:\/\/monzon.salesianos.edu\/colegio\/orientacion\/\u00bb url_new_window=\u00bbon\u00bb button_text=\u00bbDepartamento de Orientaci\u00f3n\u00bb button_alignment=\u00bbleft\u00bb _builder_version=\u00bb4.16&#8243; custom_button=\u00bbon\u00bb button_text_size=\u00bb16px\u00bb button_text_color=\u00bb#ffffff\u00bb button_bg_color=\u00bb#e02b20&#8243; button_border_width=\u00bb0px\u00bb button_border_radius=\u00bb6px\u00bb button_font=\u00bb||||||||\u00bb custom_margin=\u00bb|||-100px||\u00bb global_colors_info=\u00bb{}\u00bb button_text_size__hover_enabled=\u00bboff\u00bb button_one_text_size__hover_enabled=\u00bboff\u00bb button_two_text_size__hover_enabled=\u00bboff\u00bb button_text_color__hover_enabled=\u00bboff\u00bb button_one_text_color__hover_enabled=\u00bboff\u00bb button_two_text_color__hover_enabled=\u00bboff\u00bb button_border_width__hover_enabled=\u00bboff\u00bb button_one_border_width__hover_enabled=\u00bboff\u00bb button_two_border_width__hover_enabled=\u00bboff\u00bb button_border_color__hover_enabled=\u00bboff\u00bb button_one_border_color__hover_enabled=\u00bboff\u00bb button_two_border_color__hover_enabled=\u00bboff\u00bb button_border_radius__hover_enabled=\u00bboff\u00bb button_one_border_radius__hover_enabled=\u00bboff\u00bb button_two_border_radius__hover_enabled=\u00bboff\u00bb button_letter_spacing__hover_enabled=\u00bboff\u00bb button_one_letter_spacing__hover_enabled=\u00bboff\u00bb button_two_letter_spacing__hover_enabled=\u00bboff\u00bb button_bg_color__hover_enabled=\u00bboff\u00bb button_one_bg_color__hover_enabled=\u00bboff\u00bb button_two_bg_color__hover_enabled=\u00bboff\u00bb][\/et_pb_button][et_pb_button url_new_window=\u00bbon\u00bb button_text=\u00bbLista de libros\u00bb disabled_on=\u00bbon|on|on\u00bb _builder_version=\u00bb4.16&#8243; custom_button=\u00bbon\u00bb button_text_size=\u00bb16px\u00bb button_text_color=\u00bb#ffffff\u00bb button_bg_color=\u00bb#e02b20&#8243; button_border_width=\u00bb0px\u00bb button_border_radius=\u00bb6px\u00bb button_font=\u00bb||||||||\u00bb custom_margin=\u00bb|||-100px||\u00bb disabled=\u00bbon\u00bb global_colors_info=\u00bb{}\u00bb button_text_size__hover_enabled=\u00bboff\u00bb button_one_text_size__hover_enabled=\u00bboff\u00bb button_two_text_size__hover_enabled=\u00bboff\u00bb button_text_color__hover_enabled=\u00bboff\u00bb button_one_text_color__hover_enabled=\u00bboff\u00bb button_two_text_color__hover_enabled=\u00bboff\u00bb button_border_width__hover_enabled=\u00bboff\u00bb button_one_border_width__hover_enabled=\u00bboff\u00bb button_two_border_width__hover_enabled=\u00bboff\u00bb button_border_color__hover_enabled=\u00bboff\u00bb button_one_border_color__hover_enabled=\u00bboff\u00bb button_two_border_color__hover_enabled=\u00bboff\u00bb button_border_radius__hover_enabled=\u00bboff\u00bb button_one_border_radius__hover_enabled=\u00bboff\u00bb button_two_border_radius__hover_enabled=\u00bboff\u00bb button_letter_spacing__hover_enabled=\u00bboff\u00bb button_one_letter_spacing__hover_enabled=\u00bboff\u00bb button_two_letter_spacing__hover_enabled=\u00bboff\u00bb button_bg_color__hover_enabled=\u00bboff\u00bb button_one_bg_color__hover_enabled=\u00bboff\u00bb button_two_bg_color__hover_enabled=\u00bboff\u00bb][\/et_pb_button][et_pb_button button_text=\u00bbBolsa de Trabajo\u00bb _builder_version=\u00bb4.23.1&#8243; custom_button=\u00bbon\u00bb button_text_size=\u00bb16px\u00bb button_text_color=\u00bb#ffffff\u00bb button_bg_color=\u00bb#e02b20&#8243; button_border_width=\u00bb0px\u00bb button_border_radius=\u00bb6px\u00bb button_font=\u00bb||||||||\u00bb custom_margin=\u00bb|||-102px||\u00bb global_colors_info=\u00bb{}\u00bb button_text_size__hover_enabled=\u00bboff\u00bb button_one_text_size__hover_enabled=\u00bboff\u00bb button_two_text_size__hover_enabled=\u00bboff\u00bb button_text_color__hover_enabled=\u00bboff\u00bb button_one_text_color__hover_enabled=\u00bboff\u00bb button_two_text_color__hover_enabled=\u00bboff\u00bb button_border_width__hover_enabled=\u00bboff\u00bb button_one_border_width__hover_enabled=\u00bboff\u00bb button_two_border_width__hover_enabled=\u00bboff\u00bb button_border_color__hover_enabled=\u00bboff\u00bb button_one_border_color__hover_enabled=\u00bboff\u00bb button_two_border_color__hover_enabled=\u00bboff\u00bb button_border_radius__hover_enabled=\u00bboff\u00bb button_one_border_radius__hover_enabled=\u00bboff\u00bb button_two_border_radius__hover_enabled=\u00bboff\u00bb button_letter_spacing__hover_enabled=\u00bboff\u00bb button_one_letter_spacing__hover_enabled=\u00bboff\u00bb button_two_letter_spacing__hover_enabled=\u00bboff\u00bb button_bg_color__hover_enabled=\u00bboff\u00bb button_one_bg_color__hover_enabled=\u00bboff\u00bb button_two_bg_color__hover_enabled=\u00bboff\u00bb][\/et_pb_button][et_pb_button button_url=\u00bbhttps:\/\/monzon.salesianos.edu\/colegio\/biblioteca\/\u00bb button_text=\u00bbBiblioteca\u00bb _builder_version=\u00bb4.16&#8243; custom_button=\u00bbon\u00bb button_text_size=\u00bb16px\u00bb button_text_color=\u00bb#ffffff\u00bb button_bg_color=\u00bb#e02b20&#8243; button_border_width=\u00bb0px\u00bb button_border_radius=\u00bb6px\u00bb button_font=\u00bb||||||||\u00bb custom_margin=\u00bb|||-102px||\u00bb global_colors_info=\u00bb{}\u00bb button_text_size__hover_enabled=\u00bboff\u00bb button_one_text_size__hover_enabled=\u00bboff\u00bb button_two_text_size__hover_enabled=\u00bboff\u00bb button_text_color__hover_enabled=\u00bboff\u00bb button_one_text_color__hover_enabled=\u00bboff\u00bb button_two_text_color__hover_enabled=\u00bboff\u00bb button_border_width__hover_enabled=\u00bboff\u00bb button_one_border_width__hover_enabled=\u00bboff\u00bb button_two_border_width__hover_enabled=\u00bboff\u00bb button_border_color__hover_enabled=\u00bboff\u00bb button_one_border_color__hover_enabled=\u00bboff\u00bb button_two_border_color__hover_enabled=\u00bboff\u00bb button_border_radius__hover_enabled=\u00bboff\u00bb button_one_border_radius__hover_enabled=\u00bboff\u00bb button_two_border_radius__hover_enabled=\u00bboff\u00bb button_letter_spacing__hover_enabled=\u00bboff\u00bb button_one_letter_spacing__hover_enabled=\u00bboff\u00bb button_two_letter_spacing__hover_enabled=\u00bboff\u00bb button_bg_color__hover_enabled=\u00bboff\u00bb button_one_bg_color__hover_enabled=\u00bboff\u00bb button_two_bg_color__hover_enabled=\u00bboff\u00bb][\/et_pb_button][et_pb_button button_url=\u00bbhttps:\/\/aplicaciones.aragon.es\/alq\/alq?dga_accion_app=buscar_tasas\u00bb url_new_window=\u00bbon\u00bb button_text=\u00bbSolicitud de t\u00edtulos\u00bb _builder_version=\u00bb4.23&#8243; custom_button=\u00bbon\u00bb button_text_size=\u00bb16px\u00bb button_text_color=\u00bb#ffffff\u00bb button_bg_color=\u00bb#e02b20&#8243; button_border_width=\u00bb0px\u00bb button_border_radius=\u00bb6px\u00bb button_font=\u00bb||||||||\u00bb custom_margin=\u00bb|||-101px||\u00bb global_colors_info=\u00bb{}\u00bb button_text_size__hover_enabled=\u00bboff\u00bb button_one_text_size__hover_enabled=\u00bboff\u00bb button_two_text_size__hover_enabled=\u00bboff\u00bb button_text_color__hover_enabled=\u00bboff\u00bb button_one_text_color__hover_enabled=\u00bboff\u00bb button_two_text_color__hover_enabled=\u00bboff\u00bb button_border_width__hover_enabled=\u00bboff\u00bb button_one_border_width__hover_enabled=\u00bboff\u00bb button_two_border_width__hover_enabled=\u00bboff\u00bb button_border_color__hover_enabled=\u00bboff\u00bb button_one_border_color__hover_enabled=\u00bboff\u00bb button_two_border_color__hover_enabled=\u00bboff\u00bb button_border_radius__hover_enabled=\u00bboff\u00bb button_one_border_radius__hover_enabled=\u00bboff\u00bb button_two_border_radius__hover_enabled=\u00bboff\u00bb button_letter_spacing__hover_enabled=\u00bboff\u00bb button_one_letter_spacing__hover_enabled=\u00bboff\u00bb button_two_letter_spacing__hover_enabled=\u00bboff\u00bb button_bg_color__hover_enabled=\u00bboff\u00bb button_one_bg_color__hover_enabled=\u00bboff\u00bb button_two_bg_color__hover_enabled=\u00bboff\u00bb][\/et_pb_button][et_pb_text _builder_version=\u00bb4.16&#8243; text_font=\u00bbLato Light||||\u00bb text_text_color=\u00bb#e02b20&#8243; text_font_size=\u00bb28px\u00bb custom_margin=\u00bb|||-99px||\u00bb global_colors_info=\u00bb{}\u00bb]<\/p>\n<h1>Te interesa<\/h1>\n<p>[\/et_pb_text][et_pb_button button_url=\u00bbhttps:\/\/educa.aragon.es\/formaci%C3%B3n-profesional\u00bb url_new_window=\u00bbon\u00bb button_text=\u00bbFP Arag\u00f3n\u00bb _builder_version=\u00bb4.23&#8243; custom_button=\u00bbon\u00bb button_text_size=\u00bb16px\u00bb button_text_color=\u00bb#ffffff\u00bb button_bg_color=\u00bb#e02b20&#8243; button_border_width=\u00bb0px\u00bb button_border_radius=\u00bb6px\u00bb button_font=\u00bb||||||||\u00bb custom_margin=\u00bb|||-102px||\u00bb global_colors_info=\u00bb{}\u00bb button_text_size__hover_enabled=\u00bboff\u00bb button_one_text_size__hover_enabled=\u00bboff\u00bb button_two_text_size__hover_enabled=\u00bboff\u00bb button_text_color__hover_enabled=\u00bboff\u00bb button_one_text_color__hover_enabled=\u00bboff\u00bb button_two_text_color__hover_enabled=\u00bboff\u00bb button_border_width__hover_enabled=\u00bboff\u00bb button_one_border_width__hover_enabled=\u00bboff\u00bb button_two_border_width__hover_enabled=\u00bboff\u00bb button_border_color__hover_enabled=\u00bboff\u00bb button_one_border_color__hover_enabled=\u00bboff\u00bb button_two_border_color__hover_enabled=\u00bboff\u00bb button_border_radius__hover_enabled=\u00bboff\u00bb button_one_border_radius__hover_enabled=\u00bboff\u00bb button_two_border_radius__hover_enabled=\u00bboff\u00bb button_letter_spacing__hover_enabled=\u00bboff\u00bb button_one_letter_spacing__hover_enabled=\u00bboff\u00bb button_two_letter_spacing__hover_enabled=\u00bboff\u00bb button_bg_color__hover_enabled=\u00bboff\u00bb button_one_bg_color__hover_enabled=\u00bboff\u00bb button_two_bg_color__hover_enabled=\u00bboff\u00bb][\/et_pb_button][et_pb_button button_url=\u00bbhttp:\/\/www.todofp.es\/inicio.html\u00bb url_new_window=\u00bbon\u00bb button_text=\u00bbTodo FP\u00bb _builder_version=\u00bb4.16&#8243; custom_button=\u00bbon\u00bb button_text_size=\u00bb16px\u00bb button_text_color=\u00bb#ffffff\u00bb button_bg_color=\u00bb#e02b20&#8243; button_border_width=\u00bb0px\u00bb button_border_radius=\u00bb6px\u00bb button_font=\u00bb||||||||\u00bb custom_margin=\u00bb|||-103px||\u00bb global_colors_info=\u00bb{}\u00bb button_text_size__hover_enabled=\u00bboff\u00bb button_one_text_size__hover_enabled=\u00bboff\u00bb button_two_text_size__hover_enabled=\u00bboff\u00bb button_text_color__hover_enabled=\u00bboff\u00bb button_one_text_color__hover_enabled=\u00bboff\u00bb button_two_text_color__hover_enabled=\u00bboff\u00bb button_border_width__hover_enabled=\u00bboff\u00bb button_one_border_width__hover_enabled=\u00bboff\u00bb button_two_border_width__hover_enabled=\u00bboff\u00bb button_border_color__hover_enabled=\u00bboff\u00bb button_one_border_color__hover_enabled=\u00bboff\u00bb button_two_border_color__hover_enabled=\u00bboff\u00bb button_border_radius__hover_enabled=\u00bboff\u00bb button_one_border_radius__hover_enabled=\u00bboff\u00bb button_two_border_radius__hover_enabled=\u00bboff\u00bb button_letter_spacing__hover_enabled=\u00bboff\u00bb button_one_letter_spacing__hover_enabled=\u00bboff\u00bb button_two_letter_spacing__hover_enabled=\u00bboff\u00bb button_bg_color__hover_enabled=\u00bboff\u00bb button_one_bg_color__hover_enabled=\u00bboff\u00bb button_two_bg_color__hover_enabled=\u00bboff\u00bb][\/et_pb_button][et_pb_text _builder_version=\u00bb4.16&#8243; text_font=\u00bbLato Light||||\u00bb text_text_color=\u00bb#e02b20&#8243; text_font_size=\u00bb28px\u00bb header_font=\u00bb||||||||\u00bb custom_margin=\u00bb40px|||-96px||\u00bb global_colors_info=\u00bb{}\u00bb]<\/p>\n<h1>Contacta<\/h1>\n<p>[\/et_pb_text][et_pb_text _builder_version=\u00bb4.16&#8243; custom_margin=\u00bb|||-96px||\u00bb global_colors_info=\u00bb{}\u00bb]<\/p>\n<h3>Jefa de Estudios<\/h3>\n<p>Silvia Marco<br \/><a href=\"mailto:rita.soriano@salesianos.org\">silvia.marco@salesianos.org<\/a><\/p>\n<p>[\/et_pb_text][et_pb_text _builder_version=\u00bb4.16&#8243; custom_margin=\u00bb|||-96px||\u00bb global_colors_info=\u00bb{}\u00bb]<\/p>\n<h3>Coordinador Grado Medio<\/h3>\n<p>Cristina Cuello<br \/><a href=\"mailto:rita.soriano@salesianos.org\">cristina.cuello@salesianos.org<\/a><\/p>\n<p>[\/et_pb_text][et_pb_text _builder_version=\u00bb4.16&#8243; custom_margin=\u00bb|||-99px||\u00bb global_colors_info=\u00bb{}\u00bb]<\/p>\n<h3>Orientadora<\/h3>\n<p>Rita Soriano<br \/>\n<a href=\"mailto:%20rita.soriano@salesianos.org\" target=\"_blank\" rel=\"noopener noreferrer\">rita.soriano@salesianos.org<\/a><br \/>\n[\/et_pb_text][\/et_pb_column][\/et_pb_row][\/et_pb_section]<\/p>\n","protected":false},"excerpt":{"rendered":"<p>\u00bfPor qu\u00e9 estudiar Formaci\u00f3n Profesional? &nbsp; La inserci\u00f3n laboral exitosa ya no depende s\u00f3lo del nivel de formaci\u00f3n sino tambi\u00e9n del grado de competencia profesional y personal. La FP son los estudios m\u00e1s cercanos a la realidad del mercado de trabajo y dan respuesta a la necesidad actual de demanda de empleo de personal cualificado [&hellip;]<\/p>\n","protected":false},"author":3,"featured_media":0,"parent":0,"menu_order":0,"comment_status":"closed","ping_status":"closed","template":"","meta":{"_et_pb_use_builder":"on","_et_pb_old_content":"","_et_gb_content_width":"","footnotes":""},"class_list":["post-8042","page","type-page","status-publish","hentry"],"yoast_head":"<!-- This site is optimized with the Yoast SEO plugin v28.3 - https:\/\/yoast.com\/product\/yoast-seo-wordpress\/ -->\n<title>Formaci\u00f3n Profesional - Colegio Santo Domingo Savio<\/title>\n<meta name=\"robots\" content=\"index, follow, max-snippet:-1, max-image-preview:large, max-video-preview:-1\" \/>\n<link rel=\"canonical\" href=\"https:\/\/monzon.salesianos.edu\/colegio\/fp\/\" \/>\n<meta property=\"og:locale\" content=\"es_ES\" \/>\n<meta property=\"og:type\" content=\"article\" \/>\n<meta property=\"og:title\" content=\"Formaci\u00f3n Profesional - Colegio Santo Domingo Savio\" \/>\n<meta property=\"og:description\" content=\"\u00bfPor qu\u00e9 estudiar Formaci\u00f3n Profesional? &nbsp; La inserci\u00f3n laboral exitosa ya no depende s\u00f3lo del nivel de formaci\u00f3n sino tambi\u00e9n del grado de competencia profesional y personal. La FP son los estudios m\u00e1s cercanos a la realidad del mercado de trabajo y dan respuesta a la necesidad actual de demanda de empleo de personal cualificado [&hellip;]\" \/>\n<meta property=\"og:url\" content=\"https:\/\/monzon.salesianos.edu\/colegio\/fp\/\" \/>\n<meta property=\"og:site_name\" content=\"Colegio Santo Domingo Savio\" \/>\n<meta property=\"article:modified_time\" content=\"2025-09-03T11:32:30+00:00\" \/>\n<meta name=\"twitter:card\" content=\"summary_large_image\" \/>\n<meta name=\"twitter:label1\" content=\"Tiempo de lectura\" \/>\n\t<meta name=\"twitter:data1\" content=\"20 minutos\" \/>\n<script type=\"application\/ld+json\" class=\"yoast-schema-graph\">{\"@context\":\"https:\\\/\\\/schema.org\",\"@graph\":[{\"@type\":\"WebPage\",\"@id\":\"https:\\\/\\\/monzon.salesianos.edu\\\/colegio\\\/fp\\\/\",\"url\":\"https:\\\/\\\/monzon.salesianos.edu\\\/colegio\\\/fp\\\/\",\"name\":\"Formaci\u00f3n Profesional - Colegio Santo Domingo Savio\",\"isPartOf\":{\"@id\":\"https:\\\/\\\/monzon.salesianos.edu\\\/colegio\\\/#website\"},\"datePublished\":\"2018-02-01T10:26:01+00:00\",\"dateModified\":\"2025-09-03T11:32:30+00:00\",\"breadcrumb\":{\"@id\":\"https:\\\/\\\/monzon.salesianos.edu\\\/colegio\\\/fp\\\/#breadcrumb\"},\"inLanguage\":\"es\",\"potentialAction\":[{\"@type\":\"ReadAction\",\"target\":[\"https:\\\/\\\/monzon.salesianos.edu\\\/colegio\\\/fp\\\/\"]}]},{\"@type\":\"BreadcrumbList\",\"@id\":\"https:\\\/\\\/monzon.salesianos.edu\\\/colegio\\\/fp\\\/#breadcrumb\",\"itemListElement\":[{\"@type\":\"ListItem\",\"position\":1,\"name\":\"Portada\",\"item\":\"https:\\\/\\\/monzon.salesianos.edu\\\/colegio\\\/\"},{\"@type\":\"ListItem\",\"position\":2,\"name\":\"Formaci\u00f3n Profesional\"}]},{\"@type\":\"WebSite\",\"@id\":\"https:\\\/\\\/monzon.salesianos.edu\\\/colegio\\\/#website\",\"url\":\"https:\\\/\\\/monzon.salesianos.edu\\\/colegio\\\/\",\"name\":\"Colegio Santo Domingo Savio\",\"description\":\"P\u00e1gina oficial Salesianos Monz\u00f3n\",\"potentialAction\":[{\"@type\":\"SearchAction\",\"target\":{\"@type\":\"EntryPoint\",\"urlTemplate\":\"https:\\\/\\\/monzon.salesianos.edu\\\/colegio\\\/?s={search_term_string}\"},\"query-input\":{\"@type\":\"PropertyValueSpecification\",\"valueRequired\":true,\"valueName\":\"search_term_string\"}}],\"inLanguage\":\"es\"}]}<\/script>\n<!-- \/ Yoast SEO plugin. -->","yoast_head_json":{"title":"Formaci\u00f3n Profesional - Colegio Santo Domingo Savio","robots":{"index":"index","follow":"follow","max-snippet":"max-snippet:-1","max-image-preview":"max-image-preview:large","max-video-preview":"max-video-preview:-1"},"canonical":"https:\/\/monzon.salesianos.edu\/colegio\/fp\/","og_locale":"es_ES","og_type":"article","og_title":"Formaci\u00f3n Profesional - Colegio Santo Domingo Savio","og_description":"\u00bfPor qu\u00e9 estudiar Formaci\u00f3n Profesional? &nbsp; La inserci\u00f3n laboral exitosa ya no depende s\u00f3lo del nivel de formaci\u00f3n sino tambi\u00e9n del grado de competencia profesional y personal. La FP son los estudios m\u00e1s cercanos a la realidad del mercado de trabajo y dan respuesta a la necesidad actual de demanda de empleo de personal cualificado [&hellip;]","og_url":"https:\/\/monzon.salesianos.edu\/colegio\/fp\/","og_site_name":"Colegio Santo Domingo Savio","article_modified_time":"2025-09-03T11:32:30+00:00","twitter_card":"summary_large_image","twitter_misc":{"Tiempo de lectura":"20 minutos"},"schema":{"@context":"https:\/\/schema.org","@graph":[{"@type":"WebPage","@id":"https:\/\/monzon.salesianos.edu\/colegio\/fp\/","url":"https:\/\/monzon.salesianos.edu\/colegio\/fp\/","name":"Formaci\u00f3n Profesional - Colegio Santo Domingo Savio","isPartOf":{"@id":"https:\/\/monzon.salesianos.edu\/colegio\/#website"},"datePublished":"2018-02-01T10:26:01+00:00","dateModified":"2025-09-03T11:32:30+00:00","breadcrumb":{"@id":"https:\/\/monzon.salesianos.edu\/colegio\/fp\/#breadcrumb"},"inLanguage":"es","potentialAction":[{"@type":"ReadAction","target":["https:\/\/monzon.salesianos.edu\/colegio\/fp\/"]}]},{"@type":"BreadcrumbList","@id":"https:\/\/monzon.salesianos.edu\/colegio\/fp\/#breadcrumb","itemListElement":[{"@type":"ListItem","position":1,"name":"Portada","item":"https:\/\/monzon.salesianos.edu\/colegio\/"},{"@type":"ListItem","position":2,"name":"Formaci\u00f3n Profesional"}]},{"@type":"WebSite","@id":"https:\/\/monzon.salesianos.edu\/colegio\/#website","url":"https:\/\/monzon.salesianos.edu\/colegio\/","name":"Colegio Santo Domingo Savio","description":"P\u00e1gina oficial Salesianos Monz\u00f3n","potentialAction":[{"@type":"SearchAction","target":{"@type":"EntryPoint","urlTemplate":"https:\/\/monzon.salesianos.edu\/colegio\/?s={search_term_string}"},"query-input":{"@type":"PropertyValueSpecification","valueRequired":true,"valueName":"search_term_string"}}],"inLanguage":"es"}]}},"_links":{"self":[{"href":"https:\/\/monzon.salesianos.edu\/colegio\/wp-json\/wp\/v2\/pages\/8042","targetHints":{"allow":["GET"]}}],"collection":[{"href":"https:\/\/monzon.salesianos.edu\/colegio\/wp-json\/wp\/v2\/pages"}],"about":[{"href":"https:\/\/monzon.salesianos.edu\/colegio\/wp-json\/wp\/v2\/types\/page"}],"author":[{"embeddable":true,"href":"https:\/\/monzon.salesianos.edu\/colegio\/wp-json\/wp\/v2\/users\/3"}],"replies":[{"embeddable":true,"href":"https:\/\/monzon.salesianos.edu\/colegio\/wp-json\/wp\/v2\/comments?post=8042"}],"version-history":[{"count":62,"href":"https:\/\/monzon.salesianos.edu\/colegio\/wp-json\/wp\/v2\/pages\/8042\/revisions"}],"predecessor-version":[{"id":12851,"href":"https:\/\/monzon.salesianos.edu\/colegio\/wp-json\/wp\/v2\/pages\/8042\/revisions\/12851"}],"wp:attachment":[{"href":"https:\/\/monzon.salesianos.edu\/colegio\/wp-json\/wp\/v2\/media?parent=8042"}],"curies":[{"name":"wp","href":"https:\/\/api.w.org\/{rel}","templated":true}]}}