{"id":8012,"date":"2018-01-31T00:15:33","date_gmt":"2018-01-30T23:15:33","guid":{"rendered":"https:\/\/monzon.salesianos.edu\/colegio\/?page_id=8012"},"modified":"2025-09-04T22:46:15","modified_gmt":"2025-09-04T21:46:15","slug":"relations-internationales","status":"publish","type":"page","link":"https:\/\/monzon.salesianos.edu\/colegio\/relations-internationales\/","title":{"rendered":"Relations Internationales"},"content":{"rendered":"<p>[et_pb_section fb_built=\u00bb1&#8243; fullwidth=\u00bbon\u00bb _builder_version=\u00bb4.16&#8243; global_colors_info=\u00bb{}\u00bb][et_pb_fullwidth_header title=\u00bbRelations Internationales\u00bb image_orientation=\u00bbbottom\u00bb module_class=\u00bbpagina-imagen-cabecera\u00bb _builder_version=\u00bb4.25.1&#8243; title_text_color=\u00bb#ffffff\u00bb title_font_size=\u00bb40px\u00bb background_color=\u00bbrgba(255, 255, 255, 0)\u00bb use_background_color_gradient=\u00bbon\u00bb background_image=\u00bbhttps:\/\/monzon.salesianos.edu\/colegio\/wp-content\/uploads\/sites\/2\/2024\/06\/BANNER-4.jpg\u00bb max_width_tablet=\u00bb50px\u00bb global_colors_info=\u00bb{}\u00bb button_one_text_size__hover_enabled=\u00bboff\u00bb button_two_text_size__hover_enabled=\u00bboff\u00bb button_one_text_color__hover_enabled=\u00bboff\u00bb button_two_text_color__hover_enabled=\u00bboff\u00bb button_one_border_width__hover_enabled=\u00bboff\u00bb button_two_border_width__hover_enabled=\u00bboff\u00bb button_one_border_color__hover_enabled=\u00bboff\u00bb button_two_border_color__hover_enabled=\u00bboff\u00bb button_one_border_radius__hover_enabled=\u00bboff\u00bb button_two_border_radius__hover_enabled=\u00bboff\u00bb button_one_letter_spacing__hover_enabled=\u00bboff\u00bb button_two_letter_spacing__hover_enabled=\u00bboff\u00bb button_one_bg_color__hover_enabled=\u00bboff\u00bb button_two_bg_color__hover_enabled=\u00bboff\u00bb][\/et_pb_fullwidth_header][\/et_pb_section][et_pb_section fb_built=\u00bb1&#8243; module_class=\u00bbpagina-seccion-contenido\u00bb _builder_version=\u00bb4.16&#8243; custom_padding=\u00bb-4%|||\u00bb transparent_background=\u00bboff\u00bb global_colors_info=\u00bb{}\u00bb][et_pb_row column_structure=\u00bb2_3,1_3&#8243; module_class=\u00bbpagina-texto\u00bb _builder_version=\u00bb4.16&#8243; background_size=\u00bbinitial\u00bb background_position=\u00bbtop_left\u00bb background_repeat=\u00bbrepeat\u00bb width=\u00bb83.7%\u00bb custom_margin=\u00bb|297px||auto||\u00bb global_colors_info=\u00bb{}\u00bb][et_pb_column type=\u00bb2_3&#8243; _builder_version=\u00bb4.16&#8243; custom_padding=\u00bb|||\u00bb global_colors_info=\u00bb{}\u00bb custom_padding__hover=\u00bb|||\u00bb][et_pb_text _builder_version=\u00bb4.24.3&#8243; custom_margin=\u00bb|||50px|false|false\u00bb use_border_color=\u00bboff\u00bb border_color=\u00bb#ffffff\u00bb border_style=\u00bbsolid\u00bb global_colors_info=\u00bb{}\u00bb]<\/p>\n<div class=\"article-header\">\n<h3 class=\"clear\"><span style=\"font-size: 16px;\">VIAJE a PAR\u00cdS<\/span><\/h3>\n<\/div>\n<p style=\"text-align: justify;\">Todos los cursos el departamento de Franc\u00e9s organiza una salida para visitar <strong>Par\u00eds<\/strong> con los alumnos de <strong>Bachillerato<\/strong> que cursan esta materia optativa. El viaje se realiza en el mes de diciembre y durante los cinco d\u00edas que dura el viaje se visitan los monumentos, museos y lugares m\u00e1s importantes de la capital francesa. Sin duda, \u00e9ste es uno de los viajes m\u00e1s deseados y esperados por nuestros alumnos.\u00a0 \u00a0 \u00a0 \u00a0 \u00a0<a href=\"https:\/\/monzon.salesianos.edu\/colegio\/viaje-a-paris-de-los-alumnos-de-bachillerato\/\"><span style=\"color: #e02b20;\"><em>\u00a0 \u00a0 \u00a0 \u00a0 \u00a0 \u00a0 \u00a0 \u00a0 \u00a0 \u00a0 \u00a0 \u00a0 \u00a0 \u00a0 \u00a0 \u00a0 \u00a0 \u00a0 \u00a0 \u00a0 \u00a0 \u00a0 \u00a0 \u00a0 \u00a0 \u00a0 \u00a0 \u00a0 \u00a0 \u00a0 \u00a0 \u00a0 \u00a0 \u00a0 \u00a0 \u00a0 \u00a0 \u00a0 \u00a0 \u00a0 \u00a0 \u00a0 \u00a0 \u00a0 \u00a0 \u00a0 \u00a0 \u00a0 \u00a0 \u00a0 \u00a0 \u00a0 \u00a0 \u00a0 \u00a0 \u00a0 \u00a0 \u00a0 \u00a0 \u00a0 \u00a0 \u00a0 \u00a0 \u00a0 \u00a0 \u00a0 \u00a0 \u00a0 \u00a0 \u00a0 \u00a0 \u00a0 \u00a0 Noticia relacionada<\/em><\/span><\/a><\/p>\n<div>\n<p>.<\/p>\n<h3 class=\"clear\">Programa CRUZANDO FRONTERAS<\/h3>\n<\/div>\n<div><\/div>\n<p style=\"text-align: justify;\"><span style=\"font-size: 14px; text-align: left;\">El Programa <strong>Cruzando Fronteras<\/strong> es un programa franco-aragon\u00e9s de intercambio de estudiantes que est\u00e1n cursando <strong>4\u00ba de ESO<\/strong> de una duraci\u00f3n de entre 12 \u00f3 10 semanas, seg\u00fan la regi\u00f3n con la que se realice, Toulouse (6+6) o Bordeaux y Poitiers (5+5).\u00a0 \u00a0 \u00a0 \u00a0 \u00a0 \u00a0 \u00a0 \u00a0 \u00a0 \u00a0 \u00a0 \u00a0 \u00a0 \u00a0 \u00a0 \u00a0 \u00a0 \u00a0 \u00a0 \u00a0 \u00a0 \u00a0 \u00a0 \u00a0 \u00a0 \u00a0 \u00a0 \u00a0 \u00a0 \u00a0 \u00a0 \u00a0 \u00a0 \u00a0 \u00a0 \u00a0 \u00a0 \u00a0 \u00a0 \u00a0 \u00a0 \u00a0 \u00a0 \u00a0 \u00a0 \u00a0 \u00a0 \u00a0 \u00a0 \u00a0 \u00a0 \u00a0 \u00a0 \u00a0 \u00a0 \u00a0 \u00a0 \u00a0 \u00a0 \u00a0 \u00a0 \u00a0 \u00a0 \u00a0 \u00a0 \u00a0 \u00a0 \u00a0 \u00a0 \u00a0 \u00a0 \u00a0 \u00a0 \u00a0 \u00a0 \u00a0 \u00a0 \u00a0 \u00a0 \u00a0 \u00a0 \u00a0 \u00a0 \u00a0 \u00a0 \u00a0 \u00a0 \u00a0 \u00a0 \u00a0 \u00a0 \u00a0 \u00a0 \u00a0 \u00a0 \u00a0 \u00a0 \u00a0 \u00a0 \u00a0 \u00a0 \u00a0 \u00a0 \u00a0 \u00a0 \u00a0 \u00a0 \u00a0 \u00a0 \u00a0 \u00a0 \u00a0 \u00a0<span style=\"color: #e02b20;\"><em>\u00a0<a href=\"https:\/\/monzon.salesianos.edu\/colegio\/abriendo-caminos-2\/\">Noticia relacionada<\/a><\/em><\/span><\/span><\/p>\n<h3><\/h3>\n<h3 class=\"clear\">PR\u00c1CTICAS de FP en EUROPA<\/h3>\n<p>Todos los cursos nuestros estudiantes de <strong>Grado Medio <\/strong>y <strong>Grado Superior<\/strong> tienen la oportunidad de hacer sus pr\u00e1cticas en empresas de diferentes pa\u00edses europeos. Hemos tenido alumnos en <strong>Reino Unido, Irlanda, Italia, Francia y Suiza.<\/strong><\/p>\n<h3><\/h3>\n<h3><\/h3>\n<h3><\/h3>\n<h3>MOVILIDADES de PROFESORES<\/h3>\n<p>Gracias a diferentes programas como <strong>\u00abProfesores visitantes\u00bb<\/strong> del Ministerio de Educaci\u00f3n y Ciencia, o Erasmus+, recibimos la visita de diferentes profesores durante el curso escolar. El objetivo es conocer nuestro sistema escolar y las pr\u00e1cticas educativas que llevamos a cabo en la escuela.<\/p>\n<div><\/div>\n<div><\/div>\n<div><\/div>\n<div><\/div>\n<div><\/div>\n<div><\/div>\n<div><\/div>\n<div><\/div>\n<div><\/div>\n<div><\/div>\n<div><\/div>\n<div><\/div>\n<div><\/div>\n<div><\/div>\n<div><\/div>\n<h3><span style=\"font-size: 14px; background-color: #ffffff;\"><\/span><\/h3>\n<h3><span style=\"font-size: 14px; background-color: #ffffff; color: #000000;\">Si eres una escuela interesada en visitarnos o realizar alg\u00fan proyecto con nosotros puedes contactar a trav\u00e9s de la siguiente direcci\u00f3n: <\/span><a href=\"mailto:colegio.monzon@salesianos.org\" style=\"font-size: 14px; background-color: #ffffff;\">relaciones.internacionales@monzon.salesianos.org<\/a><\/h3>\n<p>[\/et_pb_text][et_pb_image src=\u00bbhttps:\/\/monzon.salesianos.edu\/colegio\/wp-content\/uploads\/sites\/2\/2024\/02\/IMG-20221219-WA0088-2.jpg\u00bb title_text=\u00bbIMG-20221219-WA0088 2&#8243; show_in_lightbox=\u00bbon\u00bb align_tablet=\u00bbcenter\u00bb align_phone=\u00bb\u00bb align_last_edited=\u00bbon|desktop\u00bb _builder_version=\u00bb4.24.3&#8243; custom_margin=\u00bb|||50px|false|false\u00bb global_colors_info=\u00bb{}\u00bb][\/et_pb_image][\/et_pb_column][et_pb_column type=\u00bb1_3&#8243; _builder_version=\u00bb4.16&#8243; custom_padding=\u00bb|||\u00bb global_colors_info=\u00bb{}\u00bb custom_padding__hover=\u00bb|||\u00bb][et_pb_text _builder_version=\u00bb4.17.4&#8243; background_image=\u00bbhttps:\/\/monzon.salesianos.edu\/colegio\/wp-content\/uploads\/sites\/2\/2022\/06\/PARIS.png\u00bb border_width_all=\u00bb4px\u00bb border_color_all=\u00bb#E02B20&#8243; box_shadow_style=\u00bbpreset2&#8243; global_colors_info=\u00bb{}\u00bb]<\/p>\n<h1 style=\"text-align: center\"><\/h1>\n<h1 style=\"text-align: center\">Erasmus+<\/h1>\n<ul>\n<li style=\"list-style-type: none\">\n<ul>\n<li style=\"list-style-type: none\">\n<ul>\n<li>\n<h4><strong><a href=\"https:\/\/drive.google.com\/file\/d\/1OmDn6uWm0OMGTEG-HgocESoYl8Av9gSG\/view?usp=sharing\" target=\"_blank\" rel=\"noopener\"><span style=\"color: #000000\">Acreditaci\u00f3n Erasmus+ en Educaci\u00f3n Escolar<\/span><\/a><\/strong><\/h4>\n<\/li>\n<li>\n<h4><span style=\"color: #000000\"><strong><a href=\"https:\/\/drive.google.com\/file\/d\/1k_K1s7pc-o0YPVOBeSucqTzMS1tWRsjE\/view?usp=sharing\" target=\"_blank\" rel=\"noopener\" style=\"color: #000000\">Acreditaci\u00f3n Erasmus+ en Formaci\u00f3n Profesional<\/a><\/strong><\/span><\/h4>\n<\/li>\n<li>\n<h4><span style=\"color: #000000\"><strong><a href=\"https:\/\/drive.google.com\/file\/d\/17NsGtivFfHOfREY0r6lyvXxQXsVCXVWB\/view?usp=sharing\" target=\"_blank\" rel=\"noopener noreferrer\" style=\"color: #000000\">Erasmus Charter<\/a><\/strong><\/span><\/h4>\n<\/li>\n<li>\n<h4><span style=\"color: #000000\"><strong><a href=\"https:\/\/drive.google.com\/file\/d\/1jtdn-Isw3GWnfvJL0JaPb8vTsCgOAJwd\/view?usp=sharing\" style=\"color: #000000\">Carta Erasmus Educaci\u00f3n Superior<\/a><\/strong><\/span><\/h4>\n<\/li>\n<li>\n<h4><span style=\"color: #000000\"><strong><a href=\"https:\/\/drive.google.com\/file\/d\/1jtdn-Isw3GWnfvJL0JaPb8vTsCgOAJwd\/view?usp=sharing\" style=\"color: #000000\"><\/a><\/strong><\/span><strong style=\"color: #000000;font-size: 18px\"><a href=\"http:\/\/www.sepie.es\/\" style=\"color: #000000\">SEPIE<\/a><\/strong><\/h4>\n<\/li>\n<\/ul>\n<\/li>\n<\/ul>\n<\/li>\n<\/ul>\n<ul><\/ul>\n<p>[\/et_pb_text][et_pb_blurb title=\u00bbVisit the English webpage\u00bb url=\u00bbhttps:\/\/monzon.salesianos.edu\/colegio\/international-relations\/\u00bb image=\u00bbhttps:\/\/monzon.salesianos.edu\/colegio\/wp-content\/uploads\/sites\/2\/2018\/03\/english.png\u00bb icon_placement=\u00bbleft\u00bb _builder_version=\u00bb4.16&#8243; header_level=\u00bbh3&#8243; header_font=\u00bb||||||||\u00bb header_text_align=\u00bbcenter\u00bb box_shadow_style_image=\u00bbpreset2&#8243; global_colors_info=\u00bb{}\u00bb][\/et_pb_blurb][et_pb_button _builder_version=\u00bb4.16&#8243; global_colors_info=\u00bb{}\u00bb button_text_size__hover_enabled=\u00bboff\u00bb button_one_text_size__hover_enabled=\u00bboff\u00bb button_two_text_size__hover_enabled=\u00bboff\u00bb button_text_color__hover_enabled=\u00bboff\u00bb button_one_text_color__hover_enabled=\u00bboff\u00bb button_two_text_color__hover_enabled=\u00bboff\u00bb button_border_width__hover_enabled=\u00bboff\u00bb button_one_border_width__hover_enabled=\u00bboff\u00bb button_two_border_width__hover_enabled=\u00bboff\u00bb button_border_color__hover_enabled=\u00bboff\u00bb button_one_border_color__hover_enabled=\u00bboff\u00bb button_two_border_color__hover_enabled=\u00bboff\u00bb button_border_radius__hover_enabled=\u00bboff\u00bb button_one_border_radius__hover_enabled=\u00bboff\u00bb button_two_border_radius__hover_enabled=\u00bboff\u00bb button_letter_spacing__hover_enabled=\u00bboff\u00bb button_one_letter_spacing__hover_enabled=\u00bboff\u00bb button_two_letter_spacing__hover_enabled=\u00bboff\u00bb button_bg_color__hover_enabled=\u00bboff\u00bb button_one_bg_color__hover_enabled=\u00bboff\u00bb button_two_bg_color__hover_enabled=\u00bboff\u00bb][\/et_pb_button][et_pb_text _builder_version=\u00bb4.17.4&#8243; hover_enabled=\u00bb0&#8243; global_colors_info=\u00bb{}\u00bb sticky_enabled=\u00bb0&#8243;]<\/p>\n<h1>Biling\u00fcismo<\/h1>\n<p style=\"text-align: justify;\">Centro autorizado para impartir la modalidad de Biling\u00fcismo por la Consejer\u00eda de Educaci\u00f3n de Arag\u00f3n.<\/p>\n<p style=\"text-align: justify;\">Programa de Apoyo a la Ense\u00f1anza y Aprendizaje de Lenguas Extranjeras (<a href=\"..\/plurilinguismo\/\">PALE<\/a>)\u00a0en Ingl\u00e9s para Postobligatoria<\/p>\n<p>Centro preparador para los ex\u00e1menes oficiales (PET y FCE) de Oxford.<\/p>\n<p>&nbsp;<\/p>\n<p>[\/et_pb_text][et_pb_image src=\u00bbhttp:\/\/www.injuve.es\/sites\/default\/files\/cifras_erasmus.jpg\u00bb show_in_lightbox=\u00bbon\u00bb align_tablet=\u00bbcenter\u00bb align_phone=\u00bb\u00bb align_last_edited=\u00bbon|desktop\u00bb _builder_version=\u00bb4.16&#8243; global_colors_info=\u00bb{}\u00bb][\/et_pb_image][et_pb_text _builder_version=\u00bb4.16&#8243; width=\u00bb98.8%\u00bb custom_margin=\u00bb|-42px||||\u00bb custom_padding=\u00bb|0px||||\u00bb global_colors_info=\u00bb{}\u00bb]<\/p>\n<h1><\/h1>\n<h1><\/h1>\n<h1>Galer\u00eda de im\u00e1genes<\/h1>\n<ul><\/ul>\n<h3><\/h3>\n<h3><\/h3>\n<h3>Par\u00eds<\/h3>\n<ul>\n<li><a href=\"https:\/\/photos.app.goo.gl\/7NqhVbKacgQgiYGa7\"><span style=\"color: #e02b20\">Diciembre 2023<\/span><\/a><span style=\"color: #e02b20\"><\/span><\/li>\n<li><span style=\"color: #e02b20\">Diciembre 2022<\/span><\/li>\n<\/ul>\n<p>&nbsp;<\/p>\n<p>&nbsp;<\/p>\n<h3><a href=\"http:\/\/www.saint-louis29.net\/index.php\">Pr\u00e1cticas FP (France)<\/a><\/h3>\n<ul>\n<li><a href=\"https:\/\/photos.app.goo.gl\/poMma7g2L3wES9qR8\">Institution St. Joseph LaNavarre (La Crau)\u00a0 \u00a02023<\/a><\/li>\n<\/ul>\n<p><span style=\"color: #e02b20\"><\/span><\/p>\n<p><span style=\"color: #e02b20\"><\/span><\/p>\n<p>[\/et_pb_text][\/et_pb_column][\/et_pb_row][\/et_pb_section]<\/p>\n","protected":false},"excerpt":{"rendered":"<p>VIAJE a PAR\u00cdS Todos los cursos el departamento de Franc\u00e9s organiza una salida para visitar Par\u00eds con los alumnos de Bachillerato que cursan esta materia optativa. El viaje se realiza en el mes de diciembre y durante los cinco d\u00edas que dura el viaje se visitan los monumentos, museos y lugares m\u00e1s importantes de la [&hellip;]<\/p>\n","protected":false},"author":3,"featured_media":0,"parent":0,"menu_order":0,"comment_status":"closed","ping_status":"closed","template":"","meta":{"_et_pb_use_builder":"on","_et_pb_old_content":"","_et_gb_content_width":"","footnotes":""},"class_list":["post-8012","page","type-page","status-publish","hentry"],"yoast_head":"<!-- This site is optimized with the Yoast SEO plugin v28.4 - https:\/\/yoast.com\/product\/yoast-seo-wordpress\/ -->\n<title>Relations Internationales - Colegio Santo Domingo Savio<\/title>\n<meta name=\"robots\" content=\"index, follow, max-snippet:-1, max-image-preview:large, max-video-preview:-1\" \/>\n<link rel=\"canonical\" href=\"https:\/\/monzon.salesianos.edu\/colegio\/relations-internationales\/\" \/>\n<meta property=\"og:locale\" content=\"es_ES\" \/>\n<meta property=\"og:type\" content=\"article\" \/>\n<meta property=\"og:title\" content=\"Relations Internationales - Colegio Santo Domingo Savio\" \/>\n<meta property=\"og:description\" content=\"VIAJE a PAR\u00cdS Todos los cursos el departamento de Franc\u00e9s organiza una salida para visitar Par\u00eds con los alumnos de Bachillerato que cursan esta materia optativa. El viaje se realiza en el mes de diciembre y durante los cinco d\u00edas que dura el viaje se visitan los monumentos, museos y lugares m\u00e1s importantes de la [&hellip;]\" \/>\n<meta property=\"og:url\" content=\"https:\/\/monzon.salesianos.edu\/colegio\/relations-internationales\/\" \/>\n<meta property=\"og:site_name\" content=\"Colegio Santo Domingo Savio\" \/>\n<meta property=\"article:modified_time\" content=\"2025-09-04T21:46:15+00:00\" \/>\n<meta name=\"twitter:card\" content=\"summary_large_image\" \/>\n<meta name=\"twitter:label1\" content=\"Tiempo de lectura\" \/>\n\t<meta name=\"twitter:data1\" content=\"5 minutos\" \/>\n<script type=\"application\/ld+json\" class=\"yoast-schema-graph\">{\"@context\":\"https:\\\/\\\/schema.org\",\"@graph\":[{\"@type\":\"WebPage\",\"@id\":\"https:\\\/\\\/monzon.salesianos.edu\\\/colegio\\\/relations-internationales\\\/\",\"url\":\"https:\\\/\\\/monzon.salesianos.edu\\\/colegio\\\/relations-internationales\\\/\",\"name\":\"Relations Internationales - Colegio Santo Domingo Savio\",\"isPartOf\":{\"@id\":\"https:\\\/\\\/monzon.salesianos.edu\\\/colegio\\\/#website\"},\"datePublished\":\"2018-01-30T23:15:33+00:00\",\"dateModified\":\"2025-09-04T21:46:15+00:00\",\"breadcrumb\":{\"@id\":\"https:\\\/\\\/monzon.salesianos.edu\\\/colegio\\\/relations-internationales\\\/#breadcrumb\"},\"inLanguage\":\"es\",\"potentialAction\":[{\"@type\":\"ReadAction\",\"target\":[\"https:\\\/\\\/monzon.salesianos.edu\\\/colegio\\\/relations-internationales\\\/\"]}]},{\"@type\":\"BreadcrumbList\",\"@id\":\"https:\\\/\\\/monzon.salesianos.edu\\\/colegio\\\/relations-internationales\\\/#breadcrumb\",\"itemListElement\":[{\"@type\":\"ListItem\",\"position\":1,\"name\":\"Portada\",\"item\":\"https:\\\/\\\/monzon.salesianos.edu\\\/colegio\\\/\"},{\"@type\":\"ListItem\",\"position\":2,\"name\":\"Relations Internationales\"}]},{\"@type\":\"WebSite\",\"@id\":\"https:\\\/\\\/monzon.salesianos.edu\\\/colegio\\\/#website\",\"url\":\"https:\\\/\\\/monzon.salesianos.edu\\\/colegio\\\/\",\"name\":\"Colegio Santo Domingo Savio\",\"description\":\"P\u00e1gina oficial Salesianos Monz\u00f3n\",\"potentialAction\":[{\"@type\":\"SearchAction\",\"target\":{\"@type\":\"EntryPoint\",\"urlTemplate\":\"https:\\\/\\\/monzon.salesianos.edu\\\/colegio\\\/?s={search_term_string}\"},\"query-input\":{\"@type\":\"PropertyValueSpecification\",\"valueRequired\":true,\"valueName\":\"search_term_string\"}}],\"inLanguage\":\"es\"}]}<\/script>\n<!-- \/ Yoast SEO plugin. -->","yoast_head_json":{"title":"Relations Internationales - Colegio Santo Domingo Savio","robots":{"index":"index","follow":"follow","max-snippet":"max-snippet:-1","max-image-preview":"max-image-preview:large","max-video-preview":"max-video-preview:-1"},"canonical":"https:\/\/monzon.salesianos.edu\/colegio\/relations-internationales\/","og_locale":"es_ES","og_type":"article","og_title":"Relations Internationales - Colegio Santo Domingo Savio","og_description":"VIAJE a PAR\u00cdS Todos los cursos el departamento de Franc\u00e9s organiza una salida para visitar Par\u00eds con los alumnos de Bachillerato que cursan esta materia optativa. El viaje se realiza en el mes de diciembre y durante los cinco d\u00edas que dura el viaje se visitan los monumentos, museos y lugares m\u00e1s importantes de la [&hellip;]","og_url":"https:\/\/monzon.salesianos.edu\/colegio\/relations-internationales\/","og_site_name":"Colegio Santo Domingo Savio","article_modified_time":"2025-09-04T21:46:15+00:00","twitter_card":"summary_large_image","twitter_misc":{"Tiempo de lectura":"5 minutos"},"schema":{"@context":"https:\/\/schema.org","@graph":[{"@type":"WebPage","@id":"https:\/\/monzon.salesianos.edu\/colegio\/relations-internationales\/","url":"https:\/\/monzon.salesianos.edu\/colegio\/relations-internationales\/","name":"Relations Internationales - Colegio Santo Domingo Savio","isPartOf":{"@id":"https:\/\/monzon.salesianos.edu\/colegio\/#website"},"datePublished":"2018-01-30T23:15:33+00:00","dateModified":"2025-09-04T21:46:15+00:00","breadcrumb":{"@id":"https:\/\/monzon.salesianos.edu\/colegio\/relations-internationales\/#breadcrumb"},"inLanguage":"es","potentialAction":[{"@type":"ReadAction","target":["https:\/\/monzon.salesianos.edu\/colegio\/relations-internationales\/"]}]},{"@type":"BreadcrumbList","@id":"https:\/\/monzon.salesianos.edu\/colegio\/relations-internationales\/#breadcrumb","itemListElement":[{"@type":"ListItem","position":1,"name":"Portada","item":"https:\/\/monzon.salesianos.edu\/colegio\/"},{"@type":"ListItem","position":2,"name":"Relations Internationales"}]},{"@type":"WebSite","@id":"https:\/\/monzon.salesianos.edu\/colegio\/#website","url":"https:\/\/monzon.salesianos.edu\/colegio\/","name":"Colegio Santo Domingo Savio","description":"P\u00e1gina oficial Salesianos Monz\u00f3n","potentialAction":[{"@type":"SearchAction","target":{"@type":"EntryPoint","urlTemplate":"https:\/\/monzon.salesianos.edu\/colegio\/?s={search_term_string}"},"query-input":{"@type":"PropertyValueSpecification","valueRequired":true,"valueName":"search_term_string"}}],"inLanguage":"es"}]}},"_links":{"self":[{"href":"https:\/\/monzon.salesianos.edu\/colegio\/wp-json\/wp\/v2\/pages\/8012","targetHints":{"allow":["GET"]}}],"collection":[{"href":"https:\/\/monzon.salesianos.edu\/colegio\/wp-json\/wp\/v2\/pages"}],"about":[{"href":"https:\/\/monzon.salesianos.edu\/colegio\/wp-json\/wp\/v2\/types\/page"}],"author":[{"embeddable":true,"href":"https:\/\/monzon.salesianos.edu\/colegio\/wp-json\/wp\/v2\/users\/3"}],"replies":[{"embeddable":true,"href":"https:\/\/monzon.salesianos.edu\/colegio\/wp-json\/wp\/v2\/comments?post=8012"}],"version-history":[{"count":47,"href":"https:\/\/monzon.salesianos.edu\/colegio\/wp-json\/wp\/v2\/pages\/8012\/revisions"}],"predecessor-version":[{"id":12860,"href":"https:\/\/monzon.salesianos.edu\/colegio\/wp-json\/wp\/v2\/pages\/8012\/revisions\/12860"}],"wp:attachment":[{"href":"https:\/\/monzon.salesianos.edu\/colegio\/wp-json\/wp\/v2\/media?parent=8012"}],"curies":[{"name":"wp","href":"https:\/\/api.w.org\/{rel}","templated":true}]}}