{"id":7990,"date":"2018-01-30T22:43:06","date_gmt":"2018-01-30T21:43:06","guid":{"rendered":"https:\/\/monzon.salesianos.edu\/colegio\/?page_id=7990"},"modified":"2025-09-04T22:44:04","modified_gmt":"2025-09-04T21:44:04","slug":"international-relations","status":"publish","type":"page","link":"https:\/\/monzon.salesianos.edu\/colegio\/international-relations\/","title":{"rendered":"International Relations"},"content":{"rendered":"<p>[et_pb_section fb_built=\u00bb1&#8243; fullwidth=\u00bbon\u00bb _builder_version=\u00bb4.16&#8243; global_colors_info=\u00bb{}\u00bb][et_pb_fullwidth_header title=\u00bbRelaciones Internacionales\u00bb module_class=\u00bbpagina-imagen-cabecera\u00bb _builder_version=\u00bb4.25.1&#8243; title_text_color=\u00bb#ffffff\u00bb title_font_size=\u00bb40px\u00bb background_color=\u00bbrgba(255, 255, 255, 0)\u00bb background_image=\u00bbhttps:\/\/monzon.salesianos.edu\/colegio\/wp-content\/uploads\/sites\/2\/2024\/06\/BANNER-4.jpg\u00bb max_width_tablet=\u00bb50px\u00bb global_colors_info=\u00bb{}\u00bb button_one_text_size__hover_enabled=\u00bboff\u00bb button_two_text_size__hover_enabled=\u00bboff\u00bb button_one_text_color__hover_enabled=\u00bboff\u00bb button_two_text_color__hover_enabled=\u00bboff\u00bb button_one_border_width__hover_enabled=\u00bboff\u00bb button_two_border_width__hover_enabled=\u00bboff\u00bb button_one_border_color__hover_enabled=\u00bboff\u00bb button_two_border_color__hover_enabled=\u00bboff\u00bb button_one_border_radius__hover_enabled=\u00bboff\u00bb button_two_border_radius__hover_enabled=\u00bboff\u00bb button_one_letter_spacing__hover_enabled=\u00bboff\u00bb button_two_letter_spacing__hover_enabled=\u00bboff\u00bb button_one_bg_color__hover_enabled=\u00bboff\u00bb button_two_bg_color__hover_enabled=\u00bboff\u00bb][\/et_pb_fullwidth_header][\/et_pb_section][et_pb_section fb_built=\u00bb1&#8243; module_class=\u00bbpagina-seccion-contenido\u00bb _builder_version=\u00bb4.16&#8243; custom_padding=\u00bb-4%|||\u00bb transparent_background=\u00bboff\u00bb global_colors_info=\u00bb{}\u00bb][et_pb_row column_structure=\u00bb2_3,1_3&#8243; module_class=\u00bbpagina-texto\u00bb _builder_version=\u00bb4.16&#8243; background_size=\u00bbinitial\u00bb background_position=\u00bbtop_left\u00bb background_repeat=\u00bbrepeat\u00bb custom_padding=\u00bb|||36px||\u00bb global_colors_info=\u00bb{}\u00bb][et_pb_column type=\u00bb2_3&#8243; _builder_version=\u00bb4.16&#8243; custom_padding=\u00bb|||\u00bb global_colors_info=\u00bb{}\u00bb custom_padding__hover=\u00bb|||\u00bb][et_pb_text _builder_version=\u00bb4.27.4&#8243; use_border_color=\u00bboff\u00bb border_color=\u00bb#ffffff\u00bb border_style=\u00bbsolid\u00bb global_colors_info=\u00bb{}\u00bb]<\/p>\n<h3 style=\"text-align: justify;\"><span style=\"font-size: 16px;\">MOVILIDADES en ESO\u00a0 (Erasmus+ KA1)<\/span><\/h3>\n<p style=\"text-align: justify;\">Durante el curso acad\u00e9mico, se realizan distintas movilidades:<\/p>\n<p style=\"text-align: justify;\">Los estudiantes biling\u00fces de <strong>2\u00baESO<\/strong> viajan a la parte central de <strong>Francia<\/strong> para estudiar los volcanes de la zona junto con los estudiantes de <span><a href=\"https:\/\/institutionsaintjosephlanavarre.fr\/\">Institution Saint Joseph<\/a> <strong>La Navarre<\/strong>. Este viaje tiene lugar en el mes de octubre. La segunda parte de esta movilidad tiene lugar en marzo. Los alumnos franceses vienen a Espa\u00f1a y, junto con nuestros alumnos, van a ver la zona de volcanes de La Garrotxa (Gerona).\u00a0 \u00a0 \u00a0 \u00a0 \u00a0 \u00a0 \u00a0 \u00a0 \u00a0 <a href=\"https:\/\/monzon.salesianos.edu\/blog\/salesianos-monzon-continua-su-apertura-a-europa\/\"><em>Noticia relacionada<\/em><\/a><\/span><span><\/span><\/p>\n<p style=\"text-align: justify;\"><span><\/span><\/p>\n<p style=\"text-align: justify;\">En <strong>4\u00baESO<\/strong>, hay un programa de intercambio con estudiantes de la ciudad de <strong>Wels (Austria)<\/strong>. Los estudiantes de\u00a0<span><\/span><span><a href=\"https:\/\/www.brgwels.at\/\">BRG Wels Wallererstra\u00dfe<\/a> vienen a Monz\u00f3n en el mes de octubre todos los a\u00f1os y nuestros alumnos les visitan en marzo. Los estudiantes visitan las escuelas y distintos puntos de inter\u00e9s de la zona. Se alojan con las familias y conviven durante una semana en la que pueden practicar ingl\u00e9s.\u00a0 \u00a0 \u00a0 \u00a0 \u00a0 \u00a0 \u00a0 \u00a0 \u00a0 \u00a0 <a href=\"https:\/\/monzon.salesianos.edu\/blog\/de-intercambio-con-wels-austria\/\"><em>Noticia relacionada<\/em><\/a><\/span><\/p>\n<p style=\"text-align: justify;\"><span><\/span><\/p>\n<p style=\"text-align: justify;\"><span><span style=\"font-size: large;\"><strong>Diversity Project<\/strong><\/span> es un proyecto KA1 Erasmus+ en el cual colaboramos con otros colegios de <strong>Austria, Alemania<\/strong>\u00a0y <strong>Rep\u00fablica Checa<\/strong>. Este proyecto tiene una duraci\u00f3n de 2 cursos (25\/26 y 26\/27) y los estudiantes hacen diferentes trabajos sobre la diversidad en los diferentes pa\u00edses.\u00a0<\/span><\/p>\n<p style=\"text-align: justify;\"><span><\/span><\/p>\n<p style=\"text-align: right;\">\n<p style=\"text-align: right;\"><em><\/em><\/p>\n<h3 style=\"text-align: justify;\">PR\u00c1CTICAS de FP en EUROPA (Erasmus+ KA1)<span><\/span><\/h3>\n<p>Todos los cursos nuestros estudiantes de <strong>Grado Medio <\/strong>y <strong>Grado Superior<\/strong> tienen la oportunidad de hacer sus pr\u00e1cticas en empresas de diferentes pa\u00edses europeos. Hemos tenido alumnos en <strong>Reino Unido, Irlanda, Italia, Francia y Suiza<\/strong><\/p>\n<p>&nbsp;<\/p>\n<p>&nbsp;<\/p>\n<h3 style=\"text-align: justify;\">MOVILIDADES en GRADO MEDIO <a href=\"https:\/\/www.salesianos.edu\/escuelas\/prep4pro\/\">(Erasmus+ KA2)<\/a><\/h3>\n<p style=\"text-align: justify;\">Estamos involucrados en el proyecto KA2 Erasmus+ <span style=\"font-size: large;\"><strong>\u00abPrep4Pro\u00bb<\/strong><\/span> en el cual participamos junto con otros colegios de <strong>Grado Medio<\/strong> en <strong>Francia, B\u00e9lgica, Finlandia y Eslovenia<\/strong>. Este proyecto tiene como objetivo motivar e involucrar estudiantes en largas movilidades.<\/p>\n<h3 style=\"text-align: justify;\"><\/h3>\n<p>&nbsp;<\/p>\n<p>&nbsp;<\/p>\n<h3 style=\"text-align: justify;\">ALUMNOS EXTRANJEROS en EMPRESAS de MONZ\u00d3N<\/h3>\n<div style=\"text-align: justify;\"><\/div>\n<div style=\"text-align: justify;\"><\/div>\n<p style=\"text-align: justify;\">Gracias al programa Erasmus+, acogemos <strong>alumnos extranjeros<\/strong> que desean visitar Monz\u00f3n para trabajar en empresas y aprender de nuestra modo de hacer. Hemos recibido a una estudiante de Grado Medio de Gesti\u00f3n Administrativa de <strong>B\u00e9lgica<\/strong> que estar\u00e1 durante todo el curso y tambi\u00e9n a siete estudiantes de escuelas, del mismo Grado Medio, de <strong>Eslovenia<\/strong> durante el mes de noviembre. Estos alumnos han estado en distintas empresas: <strong>Metaga, HidroNitro, Metosa, HidraCinca, Intramesa ITM, Radio Cinca Monz\u00f3n, Hotel Mas Monz\u00f3n <\/strong>y<strong> Grupo Cabrero.\u00a0 \u00a0 \u00a0 \u00a0 \u00a0 \u00a0 \u00a0 \u00a0 \u00a0 \u00a0 \u00a0 \u00a0 \u00a0 \u00a0 \u00a0 \u00a0 \u00a0 \u00a0 \u00a0 \u00a0 \u00a0 \u00a0 \u00a0 \u00a0 \u00a0 \u00a0 \u00a0 \u00a0 \u00a0 \u00a0 \u00a0 \u00a0 \u00a0 \u00a0 \u00a0 \u00a0 \u00a0 \u00a0 \u00a0 \u00a0 \u00a0 \u00a0 \u00a0 \u00a0 \u00a0 \u00a0 \u00a0<\/strong><a href=\"https:\/\/monzon.salesianos.edu\/blog\/salesianos-monzon-sigue-apostando-por-la-fp-2\/\"><em>Noticia relacionada<\/em><\/a><\/p>\n<p>&nbsp;<\/p>\n<p>&nbsp;<\/p>\n<h3 style=\"text-align: justify;\">CAMPAMENTO de VERANO en INGL\u00c9S<\/h3>\n<div style=\"text-align: justify;\"><\/div>\n<p style=\"text-align: justify;\">Desde hace 15 a\u00f1os se organiza una estancia de dos semanas en un pa\u00eds de habla inglesa. Los alumnos tienen clases de ingl\u00e9s, excursiones y distintas actividades junto con alumnos de distintas nacionalidades. Los \u00faltimos a\u00f1os se ha realizado a trav\u00e9s de una colaboraci\u00f3n con la empresa <strong>British Summer<\/strong>, las fechas var\u00edan entre la \u00faltima semana de junio y el mes de julio. Pr\u00f3ximamente tendremos la propuesta para este curso.<\/p>\n<p style=\"text-align: justify;\">\n<p style=\"text-align: justify;\">\n<p style=\"text-align: justify;\">\n<p style=\"text-align: justify;\">\n<p>Si eres una escuela interesada en visitarnos o realizar alg\u00fan proyecto con nosotros puedes contactar a trav\u00e9s de la siguiente direcci\u00f3n de correo: <a href=\"mailto:colegio.monzon@salesianos.org\">relaciones.internacionales@salesianos.org<\/a><\/p>\n<p>[\/et_pb_text][et_pb_image src=\u00bbhttps:\/\/monzon.salesianos.edu\/colegio\/wp-content\/uploads\/sites\/2\/2023\/12\/IMG20231009150539-01x-scaled.jpeg\u00bb title_text=\u00bbIMG20231009150539-01x\u00bb align_tablet=\u00bbcenter\u00bb align_phone=\u00bb\u00bb align_last_edited=\u00bbon|desktop\u00bb _builder_version=\u00bb4.23.1&#8243; global_colors_info=\u00bb{}\u00bb][\/et_pb_image][\/et_pb_column][et_pb_column type=\u00bb1_3&#8243; _builder_version=\u00bb4.16&#8243; custom_padding=\u00bb|||\u00bb global_colors_info=\u00bb{}\u00bb custom_padding__hover=\u00bb|||\u00bb][et_pb_text _builder_version=\u00bb4.17.4&#8243; background_image=\u00bbhttps:\/\/monzon.salesianos.edu\/colegio\/wp-content\/uploads\/sites\/2\/2022\/06\/LONDRES-1.png\u00bb border_width_all=\u00bb4px\u00bb border_color_all=\u00bb#E02B20&#8243; box_shadow_style=\u00bbpreset2&#8243; global_colors_info=\u00bb{}\u00bb]<\/p>\n<h1 style=\"text-align: center\"><\/h1>\n<h1 style=\"text-align: center\">Erasmus+<\/h1>\n<ul>\n<li style=\"list-style-type: none\">\n<ul>\n<li>\n<h4><span style=\"color: #000000\"><strong><a href=\"https:\/\/drive.google.com\/file\/d\/1OmDn6uWm0OMGTEG-HgocESoYl8Av9gSG\/view?usp=sharing\" target=\"_blank\" rel=\"noopener\" style=\"color: #000000\">Acreditaci\u00f3n Erasmus+ en Educaci\u00f3n Escolar<\/a><\/strong><\/span><\/h4>\n<\/li>\n<li>\n<h4><span style=\"color: #000000\"><strong><a href=\"https:\/\/drive.google.com\/file\/d\/1k_K1s7pc-o0YPVOBeSucqTzMS1tWRsjE\/view?usp=sharing\" target=\"_blank\" rel=\"noopener\" style=\"color: #000000\">Acreditaci\u00f3n Erasmus+ en Formaci\u00f3n Profesional<\/a><\/strong><\/span><\/h4>\n<\/li>\n<li>\n<h4><span style=\"color: #000000\"><strong><a href=\"https:\/\/drive.google.com\/file\/d\/17NsGtivFfHOfREY0r6lyvXxQXsVCXVWB\/view?usp=sharing\" target=\"_blank\" rel=\"noopener noreferrer\" style=\"color: #000000\">Erasmus Charter<\/a><\/strong><\/span><\/h4>\n<\/li>\n<li>\n<h4><span style=\"color: #000000\"><strong><a href=\"https:\/\/drive.google.com\/file\/d\/1jtdn-Isw3GWnfvJL0JaPb8vTsCgOAJwd\/view?usp=sharing\" style=\"color: #000000\">Carta Erasmus Educaci\u00f3n Superior<\/a><\/strong><\/span><\/h4>\n<\/li>\n<li>\n<h4><span style=\"color: #000000\"><strong><a href=\"https:\/\/drive.google.com\/open?id=0BwQQ3cKfe4atWXRyZXRDTk4zQWs\" target=\"_blank\" rel=\"noopener noreferrer\" style=\"color: #000000\">Erasmus Policy Statement<\/a><\/strong><\/span><\/h4>\n<\/li>\n<li>\n<h4><span style=\"color: #000000\"><strong><a href=\"http:\/\/www.sepie.es\/\" style=\"color: #000000\">SEPIE<\/a><\/strong><\/span><\/h4>\n<\/li>\n<\/ul>\n<\/li>\n<\/ul>\n<p>[\/et_pb_text][et_pb_blurb title=\u00bbVisitez la page en Fran\u00e7ais\u00bb url=\u00bbhttps:\/\/monzon.salesianos.edu\/colegio\/relations-internationales\/\u00bb image=\u00bbhttps:\/\/monzon.salesianos.edu\/colegio\/wp-content\/uploads\/sites\/2\/2018\/03\/francais.png\u00bb icon_placement=\u00bbleft\u00bb _builder_version=\u00bb4.16&#8243; header_level=\u00bbh3&#8243; header_font=\u00bb||||||||\u00bb box_shadow_style_image=\u00bbpreset2&#8243; global_colors_info=\u00bb{}\u00bb][\/et_pb_blurb][et_pb_text _builder_version=\u00bb4.20.0&#8243; text_orientation=\u00bbjustified\u00bb global_colors_info=\u00bb{}\u00bb]<\/p>\n<h1>Bilingualism<\/h1>\n<p>Authorised centre to teach bilingualism CILE 1 (Integrated Curriculum in Foreign Languages &#8211; English) by the Department of Education of Aragon.<\/p>\n<p>Programme to extend foreign language learning (PALE) in English for Post-compulsory education.<\/p>\n<p>Preparation centre for Oxford official exams.<\/p>\n<p>&nbsp;<\/p>\n<p>[\/et_pb_text][et_pb_image src=\u00bbhttp:\/\/www.injuve.es\/sites\/default\/files\/cifras_erasmus.jpg\u00bb show_in_lightbox=\u00bbon\u00bb align_tablet=\u00bbcenter\u00bb align_phone=\u00bb\u00bb align_last_edited=\u00bbon|desktop\u00bb _builder_version=\u00bb4.16&#8243; global_colors_info=\u00bb{}\u00bb][\/et_pb_image][et_pb_text _builder_version=\u00bb4.16&#8243; global_colors_info=\u00bb{}\u00bb]<\/p>\n<h1><span style=\"font-size: 26px\"><\/span><\/h1>\n<h1><span style=\"font-size: 26px\">Galer\u00eda de fotos<\/span><\/h1>\n<h3><a style=\"font-size: 16px\" href=\"http:\/\/www.brgwels.at\/\">Wels (Austria)<\/a><\/h3>\n<ul>\n<li><a href=\"https:\/\/photos.app.goo.gl\/Qo7Qzu44Gqs5HzcG7\" style=\"font-size: 14px\">Octubre 2023\u00a0 Monz\u00f3n<\/a><\/li>\n<li><span style=\"color: #e02b20\"><a href=\"https:\/\/photos.app.goo.gl\/Zyn6MZ1jGB6mq91s9\" style=\"color: #e02b20\">Marzo 2024\u00a0 Wells<\/a><\/span><\/li>\n<\/ul>\n<h3><a style=\"font-size: 16px\" href=\"http:\/\/www.brgwels.at\/\">La Navarre (Francia)<\/a><\/h3>\n<ul>\n<li><a href=\"https:\/\/photos.app.goo.gl\/V98fvA8oaHYczUsb6\">Octubre 2023\u00a0 La Navarre<\/a><\/li>\n<li>Olot-Monz\u00f3n<\/li>\n<\/ul>\n<h3><a style=\"font-size: 16px\" href=\"http:\/\/www.brgwels.at\/\">Pe<em>a<\/em>ce Proyect<\/a><\/h3>\n<ul>\n<li><a href=\"https:\/\/photos.app.goo.gl\/H7VGS9y5AR2su2Y97\">Octubre 2023 (Austria)<\/a><\/li>\n<li><a href=\"https:\/\/photos.app.goo.gl\/VoSiMiu563dY6Lhq8\"><span style=\"color: #e02b20\">Marzo 2024\u00a0 (Alemania)<\/span><\/a><\/li>\n<\/ul>\n<h3><a style=\"font-size: 16px\" href=\"http:\/\/www.brgwels.at\/\">Prep4Pro<\/a><\/h3>\n<ul>\n<li><a href=\"https:\/\/photos.app.goo.gl\/9P9kevcsmmA38oTN7\">Enero 2023 (B\u00e9lgica)<\/a><\/li>\n<li><a href=\"https:\/\/photos.app.goo.gl\/EsyRdqgyPranpmQB8\">Abril 2023 (Eslovenia)<\/a><\/li>\n<li><a href=\"https:\/\/photos.app.goo.gl\/w4no5NSCBkGMeACE7\">Noviembre 2023 (Finlandia)<\/a><\/li>\n<li><a href=\"https:\/\/photos.app.goo.gl\/tJipQC9p1kEVqiRS9\"><span style=\"color: #e02b20\">Febrero 2024 (Monz\u00f3n)<\/span><\/a><\/li>\n<\/ul>\n<h3><a style=\"font-size: 16px\" href=\"http:\/\/www.brgwels.at\/\">Malta<\/a><\/h3>\n<ul>\n<li><a href=\"https:\/\/photos.app.goo.gl\/QNhjpRy68dHRaepQ8\">Junio-Julio 2023<\/a><\/li>\n<\/ul>\n<h3><a style=\"font-size: 16px\" href=\"http:\/\/www.brgwels.at\/\">Alumnos Extranjeros en Empresas<\/a><\/h3>\n<h3><\/h3>\n<ul>\n<li><a href=\"https:\/\/photos.app.goo.gl\/LM6ooxtxoWTaNixD9\">Noviembre 2023<\/a>\u00a0<\/li>\n<\/ul>\n<p>&nbsp;<\/p>\n<p>&nbsp;<\/p>\n<p>&nbsp;<\/p>\n<p>[\/et_pb_text][\/et_pb_column][\/et_pb_row][\/et_pb_section]<\/p>\n","protected":false},"excerpt":{"rendered":"<p>MOVILIDADES en ESO\u00a0 (Erasmus+ KA1) Durante el curso acad\u00e9mico, se realizan distintas movilidades: Los estudiantes biling\u00fces de 2\u00baESO viajan a la parte central de Francia para estudiar los volcanes de la zona junto con los estudiantes de Institution Saint Joseph La Navarre. Este viaje tiene lugar en el mes de octubre. La segunda parte de [&hellip;]<\/p>\n","protected":false},"author":3,"featured_media":0,"parent":0,"menu_order":0,"comment_status":"closed","ping_status":"closed","template":"","meta":{"_et_pb_use_builder":"on","_et_pb_old_content":"","_et_gb_content_width":"","footnotes":""},"class_list":["post-7990","page","type-page","status-publish","hentry"],"yoast_head":"<!-- This site is optimized with the Yoast SEO plugin v28.4 - https:\/\/yoast.com\/product\/yoast-seo-wordpress\/ -->\n<title>International Relations - Colegio Santo Domingo Savio<\/title>\n<meta name=\"robots\" content=\"index, follow, max-snippet:-1, max-image-preview:large, max-video-preview:-1\" \/>\n<link rel=\"canonical\" href=\"https:\/\/monzon.salesianos.edu\/colegio\/international-relations\/\" \/>\n<meta property=\"og:locale\" content=\"es_ES\" \/>\n<meta property=\"og:type\" content=\"article\" \/>\n<meta property=\"og:title\" content=\"International Relations - Colegio Santo Domingo Savio\" \/>\n<meta property=\"og:description\" content=\"MOVILIDADES en ESO\u00a0 (Erasmus+ KA1) Durante el curso acad\u00e9mico, se realizan distintas movilidades: Los estudiantes biling\u00fces de 2\u00baESO viajan a la parte central de Francia para estudiar los volcanes de la zona junto con los estudiantes de Institution Saint Joseph La Navarre. Este viaje tiene lugar en el mes de octubre. La segunda parte de [&hellip;]\" \/>\n<meta property=\"og:url\" content=\"https:\/\/monzon.salesianos.edu\/colegio\/international-relations\/\" \/>\n<meta property=\"og:site_name\" content=\"Colegio Santo Domingo Savio\" \/>\n<meta property=\"article:modified_time\" content=\"2025-09-04T21:44:04+00:00\" \/>\n<meta name=\"twitter:card\" content=\"summary_large_image\" \/>\n<meta name=\"twitter:label1\" content=\"Tiempo de lectura\" \/>\n\t<meta name=\"twitter:data1\" content=\"5 minutos\" \/>\n<script type=\"application\/ld+json\" class=\"yoast-schema-graph\">{\"@context\":\"https:\\\/\\\/schema.org\",\"@graph\":[{\"@type\":\"WebPage\",\"@id\":\"https:\\\/\\\/monzon.salesianos.edu\\\/colegio\\\/international-relations\\\/\",\"url\":\"https:\\\/\\\/monzon.salesianos.edu\\\/colegio\\\/international-relations\\\/\",\"name\":\"International Relations - Colegio Santo Domingo Savio\",\"isPartOf\":{\"@id\":\"https:\\\/\\\/monzon.salesianos.edu\\\/colegio\\\/#website\"},\"datePublished\":\"2018-01-30T21:43:06+00:00\",\"dateModified\":\"2025-09-04T21:44:04+00:00\",\"breadcrumb\":{\"@id\":\"https:\\\/\\\/monzon.salesianos.edu\\\/colegio\\\/international-relations\\\/#breadcrumb\"},\"inLanguage\":\"es\",\"potentialAction\":[{\"@type\":\"ReadAction\",\"target\":[\"https:\\\/\\\/monzon.salesianos.edu\\\/colegio\\\/international-relations\\\/\"]}]},{\"@type\":\"BreadcrumbList\",\"@id\":\"https:\\\/\\\/monzon.salesianos.edu\\\/colegio\\\/international-relations\\\/#breadcrumb\",\"itemListElement\":[{\"@type\":\"ListItem\",\"position\":1,\"name\":\"Portada\",\"item\":\"https:\\\/\\\/monzon.salesianos.edu\\\/colegio\\\/\"},{\"@type\":\"ListItem\",\"position\":2,\"name\":\"International Relations\"}]},{\"@type\":\"WebSite\",\"@id\":\"https:\\\/\\\/monzon.salesianos.edu\\\/colegio\\\/#website\",\"url\":\"https:\\\/\\\/monzon.salesianos.edu\\\/colegio\\\/\",\"name\":\"Colegio Santo Domingo Savio\",\"description\":\"P\u00e1gina oficial Salesianos Monz\u00f3n\",\"potentialAction\":[{\"@type\":\"SearchAction\",\"target\":{\"@type\":\"EntryPoint\",\"urlTemplate\":\"https:\\\/\\\/monzon.salesianos.edu\\\/colegio\\\/?s={search_term_string}\"},\"query-input\":{\"@type\":\"PropertyValueSpecification\",\"valueRequired\":true,\"valueName\":\"search_term_string\"}}],\"inLanguage\":\"es\"}]}<\/script>\n<!-- \/ Yoast SEO plugin. -->","yoast_head_json":{"title":"International Relations - Colegio Santo Domingo Savio","robots":{"index":"index","follow":"follow","max-snippet":"max-snippet:-1","max-image-preview":"max-image-preview:large","max-video-preview":"max-video-preview:-1"},"canonical":"https:\/\/monzon.salesianos.edu\/colegio\/international-relations\/","og_locale":"es_ES","og_type":"article","og_title":"International Relations - Colegio Santo Domingo Savio","og_description":"MOVILIDADES en ESO\u00a0 (Erasmus+ KA1) Durante el curso acad\u00e9mico, se realizan distintas movilidades: Los estudiantes biling\u00fces de 2\u00baESO viajan a la parte central de Francia para estudiar los volcanes de la zona junto con los estudiantes de Institution Saint Joseph La Navarre. Este viaje tiene lugar en el mes de octubre. La segunda parte de [&hellip;]","og_url":"https:\/\/monzon.salesianos.edu\/colegio\/international-relations\/","og_site_name":"Colegio Santo Domingo Savio","article_modified_time":"2025-09-04T21:44:04+00:00","twitter_card":"summary_large_image","twitter_misc":{"Tiempo de lectura":"5 minutos"},"schema":{"@context":"https:\/\/schema.org","@graph":[{"@type":"WebPage","@id":"https:\/\/monzon.salesianos.edu\/colegio\/international-relations\/","url":"https:\/\/monzon.salesianos.edu\/colegio\/international-relations\/","name":"International Relations - Colegio Santo Domingo Savio","isPartOf":{"@id":"https:\/\/monzon.salesianos.edu\/colegio\/#website"},"datePublished":"2018-01-30T21:43:06+00:00","dateModified":"2025-09-04T21:44:04+00:00","breadcrumb":{"@id":"https:\/\/monzon.salesianos.edu\/colegio\/international-relations\/#breadcrumb"},"inLanguage":"es","potentialAction":[{"@type":"ReadAction","target":["https:\/\/monzon.salesianos.edu\/colegio\/international-relations\/"]}]},{"@type":"BreadcrumbList","@id":"https:\/\/monzon.salesianos.edu\/colegio\/international-relations\/#breadcrumb","itemListElement":[{"@type":"ListItem","position":1,"name":"Portada","item":"https:\/\/monzon.salesianos.edu\/colegio\/"},{"@type":"ListItem","position":2,"name":"International Relations"}]},{"@type":"WebSite","@id":"https:\/\/monzon.salesianos.edu\/colegio\/#website","url":"https:\/\/monzon.salesianos.edu\/colegio\/","name":"Colegio Santo Domingo Savio","description":"P\u00e1gina oficial Salesianos Monz\u00f3n","potentialAction":[{"@type":"SearchAction","target":{"@type":"EntryPoint","urlTemplate":"https:\/\/monzon.salesianos.edu\/colegio\/?s={search_term_string}"},"query-input":{"@type":"PropertyValueSpecification","valueRequired":true,"valueName":"search_term_string"}}],"inLanguage":"es"}]}},"_links":{"self":[{"href":"https:\/\/monzon.salesianos.edu\/colegio\/wp-json\/wp\/v2\/pages\/7990","targetHints":{"allow":["GET"]}}],"collection":[{"href":"https:\/\/monzon.salesianos.edu\/colegio\/wp-json\/wp\/v2\/pages"}],"about":[{"href":"https:\/\/monzon.salesianos.edu\/colegio\/wp-json\/wp\/v2\/types\/page"}],"author":[{"embeddable":true,"href":"https:\/\/monzon.salesianos.edu\/colegio\/wp-json\/wp\/v2\/users\/3"}],"replies":[{"embeddable":true,"href":"https:\/\/monzon.salesianos.edu\/colegio\/wp-json\/wp\/v2\/comments?post=7990"}],"version-history":[{"count":64,"href":"https:\/\/monzon.salesianos.edu\/colegio\/wp-json\/wp\/v2\/pages\/7990\/revisions"}],"predecessor-version":[{"id":12858,"href":"https:\/\/monzon.salesianos.edu\/colegio\/wp-json\/wp\/v2\/pages\/7990\/revisions\/12858"}],"wp:attachment":[{"href":"https:\/\/monzon.salesianos.edu\/colegio\/wp-json\/wp\/v2\/media?parent=7990"}],"curies":[{"name":"wp","href":"https:\/\/api.w.org\/{rel}","templated":true}]}}