{"id":7782,"date":"2017-12-29T14:21:47","date_gmt":"2017-12-29T13:21:47","guid":{"rendered":"https:\/\/monzon.salesianos.edu\/colegio\/?page_id=7782"},"modified":"2026-06-25T11:43:31","modified_gmt":"2026-06-25T10:43:31","slug":"ampa","status":"publish","type":"page","link":"https:\/\/monzon.salesianos.edu\/colegio\/ampa\/","title":{"rendered":"Ampa"},"content":{"rendered":"<p>[et_pb_section fb_built=\u00bb1&#8243; fullwidth=\u00bbon\u00bb _builder_version=\u00bb4.20.0&#8243; _module_preset=\u00bbdefault\u00bb global_colors_info=\u00bb{}\u00bb][et_pb_fullwidth_header title=\u00bbAMPA\u00bb _builder_version=\u00bb4.25.1&#8243; _module_preset=\u00bbdefault\u00bb title_font_size=\u00bb45px\u00bb use_background_color_gradient=\u00bbon\u00bb background_color_gradient_stops=\u00bb#e02b20 0%|#ffffff 100%\u00bb background_image=\u00bbhttps:\/\/monzon.salesianos.edu\/colegio\/wp-content\/uploads\/sites\/2\/2024\/06\/BANNER-4.jpg\u00bb background_enable_video_mp4=\u00bboff\u00bb text_shadow_style=\u00bbpreset1&#8243; global_colors_info=\u00bb{}\u00bb][\/et_pb_fullwidth_header][\/et_pb_section][et_pb_section fb_built=\u00bb1&#8243; module_class=\u00bbpagina-seccion-contenido\u00bb _builder_version=\u00bb4.16&#8243; custom_padding=\u00bb-4%|||\u00bb transparent_background=\u00bboff\u00bb global_colors_info=\u00bb{}\u00bb][et_pb_row column_structure=\u00bb2_3,1_3&#8243; module_class=\u00bbpagina-texto\u00bb _builder_version=\u00bb4.16&#8243; background_size=\u00bbinitial\u00bb background_position=\u00bbtop_left\u00bb background_repeat=\u00bbrepeat\u00bb global_colors_info=\u00bb{}\u00bb][et_pb_column type=\u00bb2_3&#8243; _builder_version=\u00bb4.16&#8243; custom_padding=\u00bb|||\u00bb global_colors_info=\u00bb{}\u00bb custom_padding__hover=\u00bb|||\u00bb][et_pb_text _builder_version=\u00bb4.16&#8243; background_size=\u00bbinitial\u00bb background_position=\u00bbtop_left\u00bb background_repeat=\u00bbrepeat\u00bb use_border_color=\u00bboff\u00bb border_color=\u00bb#ffffff\u00bb border_style=\u00bbsolid\u00bb global_colors_info=\u00bb{}\u00bb]<\/p>\n<h1>Asociaci\u00f3n de Madres y Padres de Alumnos<\/h1>\n<p style=\"text-align: justify\"><span>El objetivo de la Asociaci\u00f3n es colaborar junto al resto de la Comunidad Educativa, y como parte fundamental de ella, en el objetivo de la educaci\u00f3n de nuestros hijos. Para ello, realizamos a lo largo del curso escolar actividades de diversa \u00edndole y dirigidas a toda la familia.\u00a0<\/span><span>Ademas participamos con el colegio de todas las formas que consideramos interesantes y necesarias y en las que por supuesto , ellos cuentan con nosotros.\u00a0Estamos implicados en los equipamientos, las fiestas, concurso, despedidas, etc&#8230;<\/span><\/p>\n<p style=\"text-align: justify\"><span><\/span><\/p>\n<p style=\"text-align: justify\"><span><\/span><\/p>\n<h2>Actividades principales<\/h2>\n<ul>\n<li>Casta\u00f1ada oto\u00f1al para todo el colegio<\/li>\n<li>Compra de material deportivo para el colegio<\/li>\n<li>Talleres y charlas para familias<\/li>\n<li>Concurso Postal Navide\u00f1a para felicitaci\u00f3n del colegio.<\/li>\n<li>Colaboraci\u00f3n en charlas para alumnos.<\/li>\n<li>Concurso de redaccion de la Paz.<\/li>\n<li>Teatro en ingles para alumnos<\/li>\n<li>Colaboraci\u00f3n y aportaci\u00f3n a la Semana de Don Bosco.<\/li>\n<li>Talleres Literarios para alumnos<\/li>\n<li>Conferencias educativas en coordinaci\u00f3n con otras AMPAs<\/li>\n<li>Presencia del\u00a0Ampa\u00a0en la fiesta de la Comunidad Educativa<\/li>\n<li>Colaboraci\u00f3n, junto con el colegio, en la despedida de curso<\/li>\n<li>Aportaci\u00f3n para digitalizaci\u00f3n de clases<\/li>\n<li>Organizaci\u00f3n del intercambio de libros usados<\/li>\n<li>Fiestas y obsequios despedidas de bachilleratos y ciclos formativos<\/li>\n<\/ul>\n<p>[\/et_pb_text][et_pb_text _builder_version=\u00bb4.16&#8243; global_colors_info=\u00bb{}\u00bb]<\/p>\n<h2>Asociarse al AMPA<\/h2>\n<p>CUOTA ANUAL POR FAMILIA: 20 \u20ac<\/p>\n<p>Dar vuestra domicializaci\u00f3n en secretaria o dejarlo en efectivo con vuestros datos en un sobre cerrado.<\/p>\n<p>Contamos con vosotros, porque todos nos beneficiamos.<\/p>\n<p>[\/et_pb_text][\/et_pb_column][et_pb_column type=\u00bb1_3&#8243; _builder_version=\u00bb4.16&#8243; custom_padding=\u00bb|||\u00bb global_colors_info=\u00bb{}\u00bb custom_padding__hover=\u00bb|||\u00bb][et_pb_text _builder_version=\u00bb4.16&#8243; global_colors_info=\u00bb{}\u00bb]<\/p>\n<h2>Contactar<\/h2>\n<p><a href=\"mailto:ampa.monzon@salesianos.org\" target=\"_blank\" rel=\"noopener noreferrer\">ampa.monzon@salesianos.org<\/a><\/p>\n<p>[\/et_pb_text][et_pb_text _builder_version=\u00bb4.16&#8243; global_colors_info=\u00bb{}\u00bb]<\/p>\n<h2>Junta Directiva<\/h2>\n<p><strong>P<span>residente<br \/><\/span><\/strong><span>Javier Las\u00fas Pividal<\/span><\/p>\n<p><strong style=\"font-size: 14px;\"><span><strong>Vicepresidente<\/strong><\/span><\/strong><\/p>\n<p>Jorge Espa\u00f1ol Esp\u00edas<strong style=\"font-size: 14px;\"><span><strong><\/strong><\/span><\/strong><\/p>\n<p><span><strong>Secretaria<br \/><\/strong>Yolanda Sin Casasnovas<\/span><span><\/span><\/p>\n<p><span><strong>Tesorero<br \/><\/strong>Rosendo De Valois Oliva<\/span><\/p>\n<p><span><strong>Representante Consejo Escolar Municipal<br \/><\/strong>Jorge Espa\u00f1ol Esp\u00edas<\/span><\/p>\n<p><span><strong>Representante Consejo Escolar Salesianos<br \/><\/strong>Javier Las\u00fas Pividal<\/span><\/p>\n<p><span><strong>Vocales<\/strong><br \/><\/span><span>Sergio Garc\u00eda Raluy<\/span><\/p>\n<p>Susana Cabrero<span><\/span><\/p>\n<p>\u00d3scar Pascual Moncl\u00fas<\/p>\n<p><span><\/span><\/p>\n<p>[\/et_pb_text][et_pb_text _builder_version=\u00bb4.16&#8243; global_colors_info=\u00bb{}\u00bb][\/et_pb_text][\/et_pb_column][\/et_pb_row][et_pb_row column_structure=\u00bb1_2,1_2&#8243; _builder_version=\u00bb4.16&#8243; global_colors_info=\u00bb{}\u00bb][et_pb_column type=\u00bb1_2&#8243; _builder_version=\u00bb4.16&#8243; custom_padding=\u00bb|||\u00bb global_colors_info=\u00bb{}\u00bb custom_padding__hover=\u00bb|||\u00bb][et_pb_image src=\u00bbhttps:\/\/monzon.salesianos.edu\/colegio\/wp-content\/uploads\/sites\/2\/2023\/06\/ampa1.jpg\u00bb title_text=\u00bbampa1&#8243; align_tablet=\u00bbcenter\u00bb align_phone=\u00bb\u00bb align_last_edited=\u00bbon|desktop\u00bb _builder_version=\u00bb4.21.0&#8243; max_width=\u00bb89%\u00bb box_shadow_style=\u00bbpreset2&#8243; global_colors_info=\u00bb{}\u00bb][\/et_pb_image][\/et_pb_column][et_pb_column type=\u00bb1_2&#8243; _builder_version=\u00bb4.16&#8243; custom_padding=\u00bb|||\u00bb global_colors_info=\u00bb{}\u00bb custom_padding__hover=\u00bb|||\u00bb][et_pb_image src=\u00bbhttps:\/\/monzon.salesianos.edu\/colegio\/wp-content\/uploads\/sites\/2\/2023\/06\/AMPA2-2.jpg\u00bb title_text=\u00bbAMPA2 (2)\u00bb align_tablet=\u00bbcenter\u00bb align_phone=\u00bb\u00bb align_last_edited=\u00bbon|desktop\u00bb _builder_version=\u00bb4.21.0&#8243; box_shadow_style=\u00bbpreset2&#8243; global_colors_info=\u00bb{}\u00bb][\/et_pb_image][\/et_pb_column][\/et_pb_row][\/et_pb_section]<\/p>\n","protected":false},"excerpt":{"rendered":"<p>Asociaci\u00f3n de Madres y Padres de Alumnos El objetivo de la Asociaci\u00f3n es colaborar junto al resto de la Comunidad Educativa, y como parte fundamental de ella, en el objetivo de la educaci\u00f3n de nuestros hijos. Para ello, realizamos a lo largo del curso escolar actividades de diversa \u00edndole y dirigidas a toda la familia.\u00a0Ademas [&hellip;]<\/p>\n","protected":false},"author":2,"featured_media":0,"parent":0,"menu_order":0,"comment_status":"closed","ping_status":"closed","template":"","meta":{"_et_pb_use_builder":"on","_et_pb_old_content":"","_et_gb_content_width":"","footnotes":""},"class_list":["post-7782","page","type-page","status-publish","hentry"],"yoast_head":"<!-- This site is optimized with the Yoast SEO plugin v28.4 - https:\/\/yoast.com\/product\/yoast-seo-wordpress\/ -->\n<title>Ampa - Colegio Santo Domingo Savio<\/title>\n<meta name=\"robots\" content=\"index, follow, max-snippet:-1, max-image-preview:large, max-video-preview:-1\" \/>\n<link rel=\"canonical\" href=\"https:\/\/monzon.salesianos.edu\/colegio\/ampa\/\" \/>\n<meta property=\"og:locale\" content=\"es_ES\" \/>\n<meta property=\"og:type\" content=\"article\" \/>\n<meta property=\"og:title\" content=\"Ampa - Colegio Santo Domingo Savio\" \/>\n<meta property=\"og:description\" content=\"Asociaci\u00f3n de Madres y Padres de Alumnos El objetivo de la Asociaci\u00f3n es colaborar junto al resto de la Comunidad Educativa, y como parte fundamental de ella, en el objetivo de la educaci\u00f3n de nuestros hijos. Para ello, realizamos a lo largo del curso escolar actividades de diversa \u00edndole y dirigidas a toda la familia.\u00a0Ademas [&hellip;]\" \/>\n<meta property=\"og:url\" content=\"https:\/\/monzon.salesianos.edu\/colegio\/ampa\/\" \/>\n<meta property=\"og:site_name\" content=\"Colegio Santo Domingo Savio\" \/>\n<meta property=\"article:modified_time\" content=\"2026-06-25T10:43:31+00:00\" \/>\n<meta name=\"twitter:card\" content=\"summary_large_image\" \/>\n<meta name=\"twitter:label1\" content=\"Tiempo de lectura\" \/>\n\t<meta name=\"twitter:data1\" content=\"3 minutos\" \/>\n<script type=\"application\/ld+json\" class=\"yoast-schema-graph\">{\"@context\":\"https:\\\/\\\/schema.org\",\"@graph\":[{\"@type\":\"WebPage\",\"@id\":\"https:\\\/\\\/monzon.salesianos.edu\\\/colegio\\\/ampa\\\/\",\"url\":\"https:\\\/\\\/monzon.salesianos.edu\\\/colegio\\\/ampa\\\/\",\"name\":\"Ampa - Colegio Santo Domingo Savio\",\"isPartOf\":{\"@id\":\"https:\\\/\\\/monzon.salesianos.edu\\\/colegio\\\/#website\"},\"datePublished\":\"2017-12-29T13:21:47+00:00\",\"dateModified\":\"2026-06-25T10:43:31+00:00\",\"breadcrumb\":{\"@id\":\"https:\\\/\\\/monzon.salesianos.edu\\\/colegio\\\/ampa\\\/#breadcrumb\"},\"inLanguage\":\"es\",\"potentialAction\":[{\"@type\":\"ReadAction\",\"target\":[\"https:\\\/\\\/monzon.salesianos.edu\\\/colegio\\\/ampa\\\/\"]}]},{\"@type\":\"BreadcrumbList\",\"@id\":\"https:\\\/\\\/monzon.salesianos.edu\\\/colegio\\\/ampa\\\/#breadcrumb\",\"itemListElement\":[{\"@type\":\"ListItem\",\"position\":1,\"name\":\"Portada\",\"item\":\"https:\\\/\\\/monzon.salesianos.edu\\\/colegio\\\/\"},{\"@type\":\"ListItem\",\"position\":2,\"name\":\"Ampa\"}]},{\"@type\":\"WebSite\",\"@id\":\"https:\\\/\\\/monzon.salesianos.edu\\\/colegio\\\/#website\",\"url\":\"https:\\\/\\\/monzon.salesianos.edu\\\/colegio\\\/\",\"name\":\"Colegio Santo Domingo Savio\",\"description\":\"P\u00e1gina oficial Salesianos Monz\u00f3n\",\"potentialAction\":[{\"@type\":\"SearchAction\",\"target\":{\"@type\":\"EntryPoint\",\"urlTemplate\":\"https:\\\/\\\/monzon.salesianos.edu\\\/colegio\\\/?s={search_term_string}\"},\"query-input\":{\"@type\":\"PropertyValueSpecification\",\"valueRequired\":true,\"valueName\":\"search_term_string\"}}],\"inLanguage\":\"es\"}]}<\/script>\n<!-- \/ Yoast SEO plugin. -->","yoast_head_json":{"title":"Ampa - Colegio Santo Domingo Savio","robots":{"index":"index","follow":"follow","max-snippet":"max-snippet:-1","max-image-preview":"max-image-preview:large","max-video-preview":"max-video-preview:-1"},"canonical":"https:\/\/monzon.salesianos.edu\/colegio\/ampa\/","og_locale":"es_ES","og_type":"article","og_title":"Ampa - Colegio Santo Domingo Savio","og_description":"Asociaci\u00f3n de Madres y Padres de Alumnos El objetivo de la Asociaci\u00f3n es colaborar junto al resto de la Comunidad Educativa, y como parte fundamental de ella, en el objetivo de la educaci\u00f3n de nuestros hijos. Para ello, realizamos a lo largo del curso escolar actividades de diversa \u00edndole y dirigidas a toda la familia.\u00a0Ademas [&hellip;]","og_url":"https:\/\/monzon.salesianos.edu\/colegio\/ampa\/","og_site_name":"Colegio Santo Domingo Savio","article_modified_time":"2026-06-25T10:43:31+00:00","twitter_card":"summary_large_image","twitter_misc":{"Tiempo de lectura":"3 minutos"},"schema":{"@context":"https:\/\/schema.org","@graph":[{"@type":"WebPage","@id":"https:\/\/monzon.salesianos.edu\/colegio\/ampa\/","url":"https:\/\/monzon.salesianos.edu\/colegio\/ampa\/","name":"Ampa - Colegio Santo Domingo Savio","isPartOf":{"@id":"https:\/\/monzon.salesianos.edu\/colegio\/#website"},"datePublished":"2017-12-29T13:21:47+00:00","dateModified":"2026-06-25T10:43:31+00:00","breadcrumb":{"@id":"https:\/\/monzon.salesianos.edu\/colegio\/ampa\/#breadcrumb"},"inLanguage":"es","potentialAction":[{"@type":"ReadAction","target":["https:\/\/monzon.salesianos.edu\/colegio\/ampa\/"]}]},{"@type":"BreadcrumbList","@id":"https:\/\/monzon.salesianos.edu\/colegio\/ampa\/#breadcrumb","itemListElement":[{"@type":"ListItem","position":1,"name":"Portada","item":"https:\/\/monzon.salesianos.edu\/colegio\/"},{"@type":"ListItem","position":2,"name":"Ampa"}]},{"@type":"WebSite","@id":"https:\/\/monzon.salesianos.edu\/colegio\/#website","url":"https:\/\/monzon.salesianos.edu\/colegio\/","name":"Colegio Santo Domingo Savio","description":"P\u00e1gina oficial Salesianos Monz\u00f3n","potentialAction":[{"@type":"SearchAction","target":{"@type":"EntryPoint","urlTemplate":"https:\/\/monzon.salesianos.edu\/colegio\/?s={search_term_string}"},"query-input":{"@type":"PropertyValueSpecification","valueRequired":true,"valueName":"search_term_string"}}],"inLanguage":"es"}]}},"_links":{"self":[{"href":"https:\/\/monzon.salesianos.edu\/colegio\/wp-json\/wp\/v2\/pages\/7782","targetHints":{"allow":["GET"]}}],"collection":[{"href":"https:\/\/monzon.salesianos.edu\/colegio\/wp-json\/wp\/v2\/pages"}],"about":[{"href":"https:\/\/monzon.salesianos.edu\/colegio\/wp-json\/wp\/v2\/types\/page"}],"author":[{"embeddable":true,"href":"https:\/\/monzon.salesianos.edu\/colegio\/wp-json\/wp\/v2\/users\/2"}],"replies":[{"embeddable":true,"href":"https:\/\/monzon.salesianos.edu\/colegio\/wp-json\/wp\/v2\/comments?post=7782"}],"version-history":[{"count":16,"href":"https:\/\/monzon.salesianos.edu\/colegio\/wp-json\/wp\/v2\/pages\/7782\/revisions"}],"predecessor-version":[{"id":13016,"href":"https:\/\/monzon.salesianos.edu\/colegio\/wp-json\/wp\/v2\/pages\/7782\/revisions\/13016"}],"wp:attachment":[{"href":"https:\/\/monzon.salesianos.edu\/colegio\/wp-json\/wp\/v2\/media?parent=7782"}],"curies":[{"name":"wp","href":"https:\/\/api.w.org\/{rel}","templated":true}]}}