{"id":10719,"date":"2022-02-08T12:04:58","date_gmt":"2022-02-08T11:04:58","guid":{"rendered":"https:\/\/monzon.salesianos.edu\/colegio\/?page_id=10719"},"modified":"2024-06-27T09:07:50","modified_gmt":"2024-06-27T08:07:50","slug":"saludo-del-director","status":"publish","type":"page","link":"https:\/\/monzon.salesianos.edu\/colegio\/saludo-del-director\/","title":{"rendered":"Saludo del director"},"content":{"rendered":"<p>[et_pb_section fb_built=\u00bb1&#8243; fullwidth=\u00bbon\u00bb _builder_version=\u00bb4.16&#8243; background_color=\u00bb#6aceb6&#8243; global_colors_info=\u00bb{}\u00bb][et_pb_fullwidth_header title=\u00bbSaludo del director\u00bb module_class=\u00bbpagina-imagen-cabecera\u00bb _builder_version=\u00bb4.25.1&#8243; title_text_color=\u00bb#ffffff\u00bb title_font_size=\u00bb40px\u00bb background_enable_color=\u00bboff\u00bb background_image=\u00bbhttps:\/\/monzon.salesianos.edu\/colegio\/wp-content\/uploads\/sites\/2\/2024\/06\/BANNER-4.jpg\u00bb background_enable_video_mp4=\u00bboff\u00bb max_width_tablet=\u00bb50px\u00bb hover_enabled=\u00bb0&#8243; global_colors_info=\u00bb{}\u00bb button_one_text_size__hover_enabled=\u00bboff\u00bb button_two_text_size__hover_enabled=\u00bboff\u00bb button_one_text_color__hover_enabled=\u00bboff\u00bb button_two_text_color__hover_enabled=\u00bboff\u00bb button_one_border_width__hover_enabled=\u00bboff\u00bb button_two_border_width__hover_enabled=\u00bboff\u00bb button_one_border_color__hover_enabled=\u00bboff\u00bb button_two_border_color__hover_enabled=\u00bboff\u00bb button_one_border_radius__hover_enabled=\u00bboff\u00bb button_two_border_radius__hover_enabled=\u00bboff\u00bb button_one_letter_spacing__hover_enabled=\u00bboff\u00bb button_two_letter_spacing__hover_enabled=\u00bboff\u00bb button_one_bg_color__hover_enabled=\u00bboff\u00bb button_two_bg_color__hover_enabled=\u00bboff\u00bb title_text=\u00bbBANNER 4&#8243; sticky_enabled=\u00bb0&#8243;][\/et_pb_fullwidth_header][\/et_pb_section][et_pb_section fb_built=\u00bb1&#8243; module_class=\u00bbpagina-seccion-contenido\u00bb _builder_version=\u00bb4.16&#8243; custom_padding=\u00bb-4%|||\u00bb global_colors_info=\u00bb{}\u00bb][et_pb_row column_structure=\u00bb1_4,3_4&#8243; _builder_version=\u00bb4.16&#8243; _module_preset=\u00bbdefault\u00bb custom_padding=\u00bb||38px|||\u00bb global_colors_info=\u00bb{}\u00bb][et_pb_column type=\u00bb1_4&#8243; _builder_version=\u00bb4.16&#8243; _module_preset=\u00bbdefault\u00bb global_colors_info=\u00bb{}\u00bb][et_pb_image src=\u00bbhttps:\/\/monzon.salesianos.edu\/colegio\/wp-content\/uploads\/sites\/2\/2022\/02\/Antonio-Campo.png\u00bb title_text=\u00bbAntonio Campo\u00bb _builder_version=\u00bb4.16&#8243; _module_preset=\u00bbdefault\u00bb width=\u00bb100%\u00bb custom_margin=\u00bb|165px|14px|||\u00bb custom_padding=\u00bb|0px|254px|||\u00bb animation_style=\u00bbslide\u00bb animation_direction=\u00bbleft\u00bb hover_transition_duration=\u00bb750ms\u00bb hover_transition_delay=\u00bb1000ms\u00bb hover_transition_speed_curve=\u00bblinear\u00bb global_colors_info=\u00bb{}\u00bb][\/et_pb_image][\/et_pb_column][et_pb_column type=\u00bb3_4&#8243; _builder_version=\u00bb4.16&#8243; _module_preset=\u00bbdefault\u00bb global_colors_info=\u00bb{}\u00bb][et_pb_text _builder_version=\u00bb4.21.2&#8243; _module_preset=\u00bbdefault\u00bb min_height=\u00bb517px\u00bb global_colors_info=\u00bb{}\u00bb]<\/p>\n<h2 style=\"text-align: center\"><span style=\"color: #ff0000\"><strong><em><\/em><\/strong><\/span><\/h2>\n<h2 style=\"text-align: center\"><span style=\"color: #ff0000\"><strong><em>Seguimos manteniendo vivo el estilo Salesiano de Don Bosco<\/em><\/strong><\/span><\/h2>\n<blockquote>\n<p>Queridas familias:<\/p>\n<p>&nbsp;<\/p>\n<p style=\"text-align: justify\">En Salesianos Monz\u00f3n seguimos haciendo realidad el sue\u00f1o de Don Bosco que celebramos este a\u00f1o. Desde 1952, hace ya 72 a\u00f1os, somos mucho m\u00e1s que una escuela, somos una casa que acoge y una familia salesiana que acompa\u00f1a, educa y forma profesionalmente a los j\u00f3venes de Monz\u00f3n y muchos otros pueblos del Cinca Medio y las comarcas vecinas.<\/p>\n<p style=\"text-align: justify\">Nos mueve el carisma de Don Bosco y la vocaci\u00f3n personal de tantos educadores salesianos y seglares que han dedicado y dedican los mejores a\u00f1os de su vida a la misi\u00f3n apasionante de la educaci\u00f3n de vuestros hijos, los ciudadanos que construir\u00e1n el mundo del ma\u00f1ana.<\/p>\n<p style=\"text-align: justify\">\n<p style=\"text-align: justify\">\n<p style=\"text-align: justify\"><span style=\"font-size: 14px\"><\/span><\/p>\n<p style=\"text-align: justify\"><span style=\"font-size: 14px\"><\/span><\/p>\n<p style=\"text-align: justify\"><span style=\"font-size: 14px\"><\/span><\/p>\n<p style=\"text-align: justify\"><span style=\"font-size: 14px\">Somos una obra salesiana gestionada por seglares acompa\u00f1ada por la Inspector\u00eda a trav\u00e9s de nuestro querido salesiano, Josan Montull y el delegado y vicario inspectorial, Jos\u00e9 Luis Navarro. El profesorado y el personal de administraci\u00f3n y servicios nos sentimos cada vez m\u00e1s corresponsables de la misi\u00f3n encomendada y nos esforzamos en poner lo mejor de cada uno al servicio de los alumnos y sus familias.<\/span><\/p>\n<p style=\"text-align: justify\"><span style=\"font-size: 14px\"><\/span><\/p>\n<p style=\"text-align: justify\"><span style=\"font-size: 14px\"><\/span><\/p>\n<p style=\"text-align: justify\"><span style=\"font-size: 14px\"><\/span><\/p>\n<p style=\"text-align: justify\"><span style=\"font-size: 14px\"><\/span><\/p>\n<p style=\"text-align: justify\"><span style=\"font-size: 14px\"><\/span><\/p>\n<p style=\"text-align: justify\"><span style=\"font-size: 14px\"><\/span><\/p>\n<p style=\"text-align: justify\"><span style=\"font-size: 14px\"><\/span><\/p>\n<p style=\"text-align: justify\"><span style=\"font-size: 14px\"><\/span><\/p>\n<p style=\"text-align: justify\"><span style=\"font-size: 14px\"><\/span><\/p>\n<p style=\"text-align: justify\"><span style=\"font-size: 14px\"><\/span><\/p>\n<p style=\"text-align: justify\"><span style=\"font-size: 14px\"><\/span><\/p>\n<p style=\"text-align: justify\"><span style=\"font-size: 14px\"><\/span><\/p>\n<p style=\"text-align: justify\"><span style=\"font-size: 14px\"><\/span><\/p>\n<p style=\"text-align: justify\"><span style=\"font-size: 14px\"><\/span><\/p>\n<p style=\"text-align: justify\"><span style=\"font-size: 14px\"><\/span><\/p>\n<p style=\"text-align: justify\"><span style=\"font-size: 14px\"><\/span><\/p>\n<p style=\"text-align: justify\"><span style=\"font-size: 14px\"><\/span><\/p>\n<p style=\"text-align: justify\">Como colegio seguimos creciendo en la Formaci\u00f3n Profesional. Este curso ha comenzado el nuevo Grado Medio concertado de Cuidados Auxiliares de Enfermer\u00eda. Se trata de un Ciclo Formativo que viene a ocupar un vac\u00edo en la formaci\u00f3n sanitaria de toda la mitad oriental de la provincia de Huesca y que ha sido muy demandado. Lo han solicitado 86 personas. Para su puesta en marcha hemos tenido que hacer una importante inversi\u00f3n en el nuevo taller de enfermer\u00eda. Se trata de un ciclo que impartimos en horario vespertino.<\/p>\n<p style=\"text-align: justify\">\n<p style=\"text-align: justify\">Tambi\u00e9n, ha comenzado el 2\u00ba curso del CFGS de Construcciones Met\u00e1licas. Esperamos que este ciclo se vaya consolidando en los pr\u00f3ximos a\u00f1os y aumente la cualificaci\u00f3n de los trabajadores de la familia profesional de fabricaci\u00f3n mec\u00e1nica en la provincia.<\/p>\n<p style=\"text-align: justify\">Este curso hemos crecido. Somos ya 718 alumnos, 60 profesores y 6 profesionales en administraci\u00f3n y servicios. Los alumnos han aumentado en todas las secciones, ESO, Bachillerato y Formaci\u00f3n Profesional. Cada vez m\u00e1s, las familias del Cinca Medio y de las comarcas vecinas conf\u00edan en nuestro proyecto y solicitan plaza para escolarizar a sus hijos en el colegio.<\/p>\n<p style=\"text-align: justify\">\n<p style=\"text-align: justify\">\n<p style=\"text-align: justify\">\n<p style=\"text-align: justify\">En Salesianos Monz\u00f3n formamos una gran familia, en crecimiento y renovaci\u00f3n constante. Este nuevo curso 23-24, continuamos so\u00f1ando, trabajando con ilusi\u00f3n, esfuerzo y constancia para seguir ofreciendo una calurosa acogida a todos, un acompa\u00f1amiento m\u00e1s cercano, con la dedicaci\u00f3n necesaria a los m\u00e1s necesitados y una educaci\u00f3n integral que de mayor calidad a la formaci\u00f3n de vuestros hijos.<\/p>\n<p style=\"text-align: justify\">\n<p style=\"text-align: justify\">\n<p style=\"text-align: justify\">\n<p style=\"text-align: justify\">As\u00ed, toda la Comunidad Educativa (alumnos, profesorado, personal de administraci\u00f3n y servicios, Asociaci\u00f3n de Madres y Padres de Alumnos), la Asociaci\u00f3n Juvenil Barasona, los Grupos de Fe, la Escuela de Teatro Salesiano Rebulizio, la Asociaci\u00f3n de Antiguos Alumnos, la Asociaci\u00f3n de Mar\u00eda Auxiliadora, la Asociaci\u00f3n de Cooperadores Salesianos, los Amigos de la Zapatilla y el Santuario de Mar\u00eda Auxiliadora, se ponen a vuestra disposici\u00f3n y os invitan y animan a participar en este proyecto educativo pastoral que es la educaci\u00f3n de vuestros hijos y de nuestros j\u00f3venes con el estilo salesiano de Don Bosco.<\/p>\n<p>&nbsp;<\/p>\n<p>Saludos cordiales y muchas gracias por vuestra confianza y colaboraci\u00f3n.<\/p>\n<\/blockquote>\n<p style=\"text-align: right\">Antonio Campo Buetas.<\/p>\n<p style=\"text-align: right\"><span style=\"color: #ff0000\">Director Titular<\/span><\/p>\n<p>[\/et_pb_text][\/et_pb_column][\/et_pb_row][\/et_pb_section]<\/p>\n","protected":false},"excerpt":{"rendered":"<p>Seguimos manteniendo vivo el estilo Salesiano de Don Bosco Queridas familias: &nbsp; En Salesianos Monz\u00f3n seguimos haciendo realidad el sue\u00f1o de Don Bosco que celebramos este a\u00f1o. Desde 1952, hace ya 72 a\u00f1os, somos mucho m\u00e1s que una escuela, somos una casa que acoge y una familia salesiana que acompa\u00f1a, educa y forma profesionalmente a [&hellip;]<\/p>\n","protected":false},"author":3,"featured_media":0,"parent":0,"menu_order":0,"comment_status":"closed","ping_status":"closed","template":"","meta":{"_et_pb_use_builder":"on","_et_pb_old_content":"","_et_gb_content_width":"","footnotes":""},"class_list":["post-10719","page","type-page","status-publish","hentry"],"yoast_head":"<!-- This site is optimized with the Yoast SEO plugin v28.4 - https:\/\/yoast.com\/product\/yoast-seo-wordpress\/ -->\n<title>Saludo del director - Colegio Santo Domingo Savio<\/title>\n<meta name=\"robots\" content=\"index, follow, max-snippet:-1, max-image-preview:large, max-video-preview:-1\" \/>\n<link rel=\"canonical\" href=\"https:\/\/monzon.salesianos.edu\/colegio\/saludo-del-director\/\" \/>\n<meta property=\"og:locale\" content=\"es_ES\" \/>\n<meta property=\"og:type\" content=\"article\" \/>\n<meta property=\"og:title\" content=\"Saludo del director - Colegio Santo Domingo Savio\" \/>\n<meta property=\"og:description\" content=\"Seguimos manteniendo vivo el estilo Salesiano de Don Bosco Queridas familias: &nbsp; En Salesianos Monz\u00f3n seguimos haciendo realidad el sue\u00f1o de Don Bosco que celebramos este a\u00f1o. Desde 1952, hace ya 72 a\u00f1os, somos mucho m\u00e1s que una escuela, somos una casa que acoge y una familia salesiana que acompa\u00f1a, educa y forma profesionalmente a [&hellip;]\" \/>\n<meta property=\"og:url\" content=\"https:\/\/monzon.salesianos.edu\/colegio\/saludo-del-director\/\" \/>\n<meta property=\"og:site_name\" content=\"Colegio Santo Domingo Savio\" \/>\n<meta property=\"article:modified_time\" content=\"2024-06-27T08:07:50+00:00\" \/>\n<meta name=\"twitter:card\" content=\"summary_large_image\" \/>\n<meta name=\"twitter:label1\" content=\"Tiempo de lectura\" \/>\n\t<meta name=\"twitter:data1\" content=\"5 minutos\" \/>\n<script type=\"application\/ld+json\" class=\"yoast-schema-graph\">{\"@context\":\"https:\\\/\\\/schema.org\",\"@graph\":[{\"@type\":\"WebPage\",\"@id\":\"https:\\\/\\\/monzon.salesianos.edu\\\/colegio\\\/saludo-del-director\\\/\",\"url\":\"https:\\\/\\\/monzon.salesianos.edu\\\/colegio\\\/saludo-del-director\\\/\",\"name\":\"Saludo del director - Colegio Santo Domingo Savio\",\"isPartOf\":{\"@id\":\"https:\\\/\\\/monzon.salesianos.edu\\\/colegio\\\/#website\"},\"datePublished\":\"2022-02-08T11:04:58+00:00\",\"dateModified\":\"2024-06-27T08:07:50+00:00\",\"breadcrumb\":{\"@id\":\"https:\\\/\\\/monzon.salesianos.edu\\\/colegio\\\/saludo-del-director\\\/#breadcrumb\"},\"inLanguage\":\"es\",\"potentialAction\":[{\"@type\":\"ReadAction\",\"target\":[\"https:\\\/\\\/monzon.salesianos.edu\\\/colegio\\\/saludo-del-director\\\/\"]}]},{\"@type\":\"BreadcrumbList\",\"@id\":\"https:\\\/\\\/monzon.salesianos.edu\\\/colegio\\\/saludo-del-director\\\/#breadcrumb\",\"itemListElement\":[{\"@type\":\"ListItem\",\"position\":1,\"name\":\"Portada\",\"item\":\"https:\\\/\\\/monzon.salesianos.edu\\\/colegio\\\/\"},{\"@type\":\"ListItem\",\"position\":2,\"name\":\"Saludo del director\"}]},{\"@type\":\"WebSite\",\"@id\":\"https:\\\/\\\/monzon.salesianos.edu\\\/colegio\\\/#website\",\"url\":\"https:\\\/\\\/monzon.salesianos.edu\\\/colegio\\\/\",\"name\":\"Colegio Santo Domingo Savio\",\"description\":\"P\u00e1gina oficial Salesianos Monz\u00f3n\",\"potentialAction\":[{\"@type\":\"SearchAction\",\"target\":{\"@type\":\"EntryPoint\",\"urlTemplate\":\"https:\\\/\\\/monzon.salesianos.edu\\\/colegio\\\/?s={search_term_string}\"},\"query-input\":{\"@type\":\"PropertyValueSpecification\",\"valueRequired\":true,\"valueName\":\"search_term_string\"}}],\"inLanguage\":\"es\"}]}<\/script>\n<!-- \/ Yoast SEO plugin. -->","yoast_head_json":{"title":"Saludo del director - Colegio Santo Domingo Savio","robots":{"index":"index","follow":"follow","max-snippet":"max-snippet:-1","max-image-preview":"max-image-preview:large","max-video-preview":"max-video-preview:-1"},"canonical":"https:\/\/monzon.salesianos.edu\/colegio\/saludo-del-director\/","og_locale":"es_ES","og_type":"article","og_title":"Saludo del director - Colegio Santo Domingo Savio","og_description":"Seguimos manteniendo vivo el estilo Salesiano de Don Bosco Queridas familias: &nbsp; En Salesianos Monz\u00f3n seguimos haciendo realidad el sue\u00f1o de Don Bosco que celebramos este a\u00f1o. Desde 1952, hace ya 72 a\u00f1os, somos mucho m\u00e1s que una escuela, somos una casa que acoge y una familia salesiana que acompa\u00f1a, educa y forma profesionalmente a [&hellip;]","og_url":"https:\/\/monzon.salesianos.edu\/colegio\/saludo-del-director\/","og_site_name":"Colegio Santo Domingo Savio","article_modified_time":"2024-06-27T08:07:50+00:00","twitter_card":"summary_large_image","twitter_misc":{"Tiempo de lectura":"5 minutos"},"schema":{"@context":"https:\/\/schema.org","@graph":[{"@type":"WebPage","@id":"https:\/\/monzon.salesianos.edu\/colegio\/saludo-del-director\/","url":"https:\/\/monzon.salesianos.edu\/colegio\/saludo-del-director\/","name":"Saludo del director - Colegio Santo Domingo Savio","isPartOf":{"@id":"https:\/\/monzon.salesianos.edu\/colegio\/#website"},"datePublished":"2022-02-08T11:04:58+00:00","dateModified":"2024-06-27T08:07:50+00:00","breadcrumb":{"@id":"https:\/\/monzon.salesianos.edu\/colegio\/saludo-del-director\/#breadcrumb"},"inLanguage":"es","potentialAction":[{"@type":"ReadAction","target":["https:\/\/monzon.salesianos.edu\/colegio\/saludo-del-director\/"]}]},{"@type":"BreadcrumbList","@id":"https:\/\/monzon.salesianos.edu\/colegio\/saludo-del-director\/#breadcrumb","itemListElement":[{"@type":"ListItem","position":1,"name":"Portada","item":"https:\/\/monzon.salesianos.edu\/colegio\/"},{"@type":"ListItem","position":2,"name":"Saludo del director"}]},{"@type":"WebSite","@id":"https:\/\/monzon.salesianos.edu\/colegio\/#website","url":"https:\/\/monzon.salesianos.edu\/colegio\/","name":"Colegio Santo Domingo Savio","description":"P\u00e1gina oficial Salesianos Monz\u00f3n","potentialAction":[{"@type":"SearchAction","target":{"@type":"EntryPoint","urlTemplate":"https:\/\/monzon.salesianos.edu\/colegio\/?s={search_term_string}"},"query-input":{"@type":"PropertyValueSpecification","valueRequired":true,"valueName":"search_term_string"}}],"inLanguage":"es"}]}},"_links":{"self":[{"href":"https:\/\/monzon.salesianos.edu\/colegio\/wp-json\/wp\/v2\/pages\/10719","targetHints":{"allow":["GET"]}}],"collection":[{"href":"https:\/\/monzon.salesianos.edu\/colegio\/wp-json\/wp\/v2\/pages"}],"about":[{"href":"https:\/\/monzon.salesianos.edu\/colegio\/wp-json\/wp\/v2\/types\/page"}],"author":[{"embeddable":true,"href":"https:\/\/monzon.salesianos.edu\/colegio\/wp-json\/wp\/v2\/users\/3"}],"replies":[{"embeddable":true,"href":"https:\/\/monzon.salesianos.edu\/colegio\/wp-json\/wp\/v2\/comments?post=10719"}],"version-history":[{"count":14,"href":"https:\/\/monzon.salesianos.edu\/colegio\/wp-json\/wp\/v2\/pages\/10719\/revisions"}],"predecessor-version":[{"id":12333,"href":"https:\/\/monzon.salesianos.edu\/colegio\/wp-json\/wp\/v2\/pages\/10719\/revisions\/12333"}],"wp:attachment":[{"href":"https:\/\/monzon.salesianos.edu\/colegio\/wp-json\/wp\/v2\/media?parent=10719"}],"curies":[{"name":"wp","href":"https:\/\/api.w.org\/{rel}","templated":true}]}}